{"id":1123,"date":"2021-01-01T23:53:36","date_gmt":"2021-01-01T22:53:36","guid":{"rendered":"http:\/\/cftc-sicsti.fr\/sgs\/?page_id=1123"},"modified":"2022-03-31T09:00:23","modified_gmt":"2022-03-31T07:00:23","slug":"_actualites","status":"publish","type":"page","link":"https:\/\/cftc-sicsti.fr\/sgs\/","title":{"rendered":"_Actualit\u00e9s"},"content":{"rendered":"\t\t<div data-elementor-type=\"wp-page\" data-elementor-id=\"1123\" class=\"elementor elementor-1123\" data-elementor-post-type=\"page\">\n\t\t\t\t\t\t<section class=\"elementor-section elementor-top-section elementor-element elementor-element-6ba2a6d0 elementor-section-boxed elementor-section-height-default elementor-section-height-default\" data-id=\"6ba2a6d0\" data-element_type=\"section\" data-e-type=\"section\" data-settings=\"{&quot;background_background&quot;:&quot;classic&quot;}\">\n\t\t\t\t\t\t\t<div class=\"elementor-background-overlay\"><\/div>\n\t\t\t\t\t\t\t<div class=\"elementor-container elementor-column-gap-default\">\n\t\t\t\t\t<div class=\"elementor-column elementor-col-100 elementor-top-column elementor-element elementor-element-70bebc1e\" data-id=\"70bebc1e\" data-element_type=\"column\" data-e-type=\"column\">\n\t\t\t<div class=\"elementor-widget-wrap elementor-element-populated\">\n\t\t\t\t\t\t<div class=\"elementor-element elementor-element-3f5a1e9a elementor-grid-4 elementor-grid-tablet-2 elementor-grid-mobile-1 elementor-posts--thumbnail-top elementor-card-shadow-yes elementor-posts__hover-gradient elementor-widget elementor-widget-posts\" data-id=\"3f5a1e9a\" data-element_type=\"widget\" data-e-type=\"widget\" data-settings=\"{&quot;pagination_type&quot;:&quot;numbers_and_prev_next&quot;,&quot;cards_masonry&quot;:&quot;yes&quot;,&quot;cards_row_gap&quot;:{&quot;unit&quot;:&quot;px&quot;,&quot;size&quot;:10,&quot;sizes&quot;:[]},&quot;cards_columns&quot;:&quot;4&quot;,&quot;cards_columns_tablet&quot;:&quot;2&quot;,&quot;cards_columns_mobile&quot;:&quot;1&quot;,&quot;cards_row_gap_tablet&quot;:{&quot;unit&quot;:&quot;px&quot;,&quot;size&quot;:&quot;&quot;,&quot;sizes&quot;:[]},&quot;cards_row_gap_mobile&quot;:{&quot;unit&quot;:&quot;px&quot;,&quot;size&quot;:&quot;&quot;,&quot;sizes&quot;:[]}}\" data-widget_type=\"posts.cards\">\n\t\t\t\t<div class=\"elementor-widget-container\">\n\t\t\t\t\t\t\t<div class=\"elementor-posts-container elementor-posts elementor-posts--skin-cards elementor-grid\">\n\t\t\t\t<article class=\"elementor-post elementor-grid-item post-5427 post type-post status-publish format-standard has-post-thumbnail hentry category-non-classe\">\n\t\t\t<div class=\"elementor-post__card\">\n\t\t\t\t<a class=\"elementor-post__thumbnail__link\" href=\"https:\/\/cftc-sicsti.fr\/sgs\/pouvoir-dachat-des-salaries-la-parade-de-la-direction\/\" tabindex=\"-1\" ><div class=\"elementor-post__thumbnail\"><img fetchpriority=\"high\" decoding=\"async\" width=\"1920\" height=\"1701\" src=\"https:\/\/cftc-sicsti.fr\/sgs\/wp-content\/uploads\/sites\/140\/2022\/12\/cent-g333ee7a1a_1920.jpg\" class=\"attachment-full size-full wp-image-5428\" alt=\"\" srcset=\"https:\/\/cftc-sicsti.fr\/sgs\/wp-content\/uploads\/sites\/140\/2022\/12\/cent-g333ee7a1a_1920.jpg 1920w, https:\/\/cftc-sicsti.fr\/sgs\/wp-content\/uploads\/sites\/140\/2022\/12\/cent-g333ee7a1a_1920-300x266.jpg 300w, https:\/\/cftc-sicsti.fr\/sgs\/wp-content\/uploads\/sites\/140\/2022\/12\/cent-g333ee7a1a_1920-1024x907.jpg 1024w, https:\/\/cftc-sicsti.fr\/sgs\/wp-content\/uploads\/sites\/140\/2022\/12\/cent-g333ee7a1a_1920-768x680.jpg 768w, https:\/\/cftc-sicsti.fr\/sgs\/wp-content\/uploads\/sites\/140\/2022\/12\/cent-g333ee7a1a_1920-600x532.jpg 600w, https:\/\/cftc-sicsti.fr\/sgs\/wp-content\/uploads\/sites\/140\/2022\/12\/cent-g333ee7a1a_1920-1536x1361.jpg 1536w\" sizes=\"(max-width: 1920px) 100vw, 1920px\" \/><\/div><\/a>\n\t\t\t\t<div class=\"elementor-post__text\">\n\t\t\t\t<h3 class=\"elementor-post__title\">\n\t\t\t<a href=\"https:\/\/cftc-sicsti.fr\/sgs\/pouvoir-dachat-des-salaries-la-parade-de-la-direction\/\" >\n\t\t\t\tPouvoir d&rsquo;achat des salari\u00e9s chez SGS : la parade de la Direction !\t\t\t<\/a>\n\t\t<\/h3>\n\t\t\t\t<div class=\"elementor-post__excerpt\">\n\t\t\t<p>Les ultimes discussions avec la direction sur le th\u00e8me de la perte de pouvoir d\u2019achat se sont termin\u00e9es le 24 novembre dernier. Apr\u00e8s plusieurs sollicitations et alertes de notre part, la direction a propos\u00e9\u2026 \u00e7a (pour janvier 2023)\u00a0: Premier point, dans le contexte actuel, nous ne pouvons plus entendre parler de prime. Surtout pour des montants<\/p>\n\t\t<\/div>\n\t\t\t\t<\/div>\n\t\t\t\t<div class=\"elementor-post__meta-data\">\n\t\t\t\t\t<span class=\"elementor-post-date\">\n\t\t\t12 d\u00e9cembre 2022\t\t<\/span>\n\t\t\t\t<\/div>\n\t\t\t\t\t<\/div>\n\t\t<\/article>\n\t\t\t\t<article class=\"elementor-post elementor-grid-item post-5407 post type-post status-publish format-standard has-post-thumbnail hentry category-greve\">\n\t\t\t<div class=\"elementor-post__card\">\n\t\t\t\t<a class=\"elementor-post__thumbnail__link\" href=\"https:\/\/cftc-sicsti.fr\/sgs\/la-cftc-de-socotec-en-greve\/\" tabindex=\"-1\" ><div class=\"elementor-post__thumbnail\"><img decoding=\"async\" width=\"2560\" height=\"1870\" src=\"https:\/\/cftc-sicsti.fr\/sgs\/wp-content\/uploads\/sites\/140\/2022\/11\/socotec1-scaled-1.jpg\" class=\"attachment-full size-full wp-image-5408\" alt=\"\" srcset=\"https:\/\/cftc-sicsti.fr\/sgs\/wp-content\/uploads\/sites\/140\/2022\/11\/socotec1-scaled-1.jpg 2560w, https:\/\/cftc-sicsti.fr\/sgs\/wp-content\/uploads\/sites\/140\/2022\/11\/socotec1-scaled-1-300x219.jpg 300w, https:\/\/cftc-sicsti.fr\/sgs\/wp-content\/uploads\/sites\/140\/2022\/11\/socotec1-scaled-1-1024x748.jpg 1024w, https:\/\/cftc-sicsti.fr\/sgs\/wp-content\/uploads\/sites\/140\/2022\/11\/socotec1-scaled-1-768x561.jpg 768w, https:\/\/cftc-sicsti.fr\/sgs\/wp-content\/uploads\/sites\/140\/2022\/11\/socotec1-scaled-1-600x438.jpg 600w, https:\/\/cftc-sicsti.fr\/sgs\/wp-content\/uploads\/sites\/140\/2022\/11\/socotec1-scaled-1-1536x1122.jpg 1536w, https:\/\/cftc-sicsti.fr\/sgs\/wp-content\/uploads\/sites\/140\/2022\/11\/socotec1-scaled-1-2048x1496.jpg 2048w\" sizes=\"(max-width: 2560px) 100vw, 2560px\" \/><\/div><\/a>\n\t\t\t\t<div class=\"elementor-post__text\">\n\t\t\t\t<h3 class=\"elementor-post__title\">\n\t\t\t<a href=\"https:\/\/cftc-sicsti.fr\/sgs\/la-cftc-de-socotec-en-greve\/\" >\n\t\t\t\tLa CFTC de Socotec en gr\u00e8ve !\t\t\t<\/a>\n\t\t<\/h3>\n\t\t\t\t<div class=\"elementor-post__excerpt\">\n\t\t\t<p>Ronald OSTROWSKI, \u00e9lu CFTC au CSE SOCOTEC EQUIPEMENTS et d\u00e9l\u00e9gu\u00e9 syndical groupe pour la CFTC &#8230; &#8230;nous informe indique qu&rsquo;une manifestation a eu lieu hier et aujourd&rsquo;hui chez SOCOTEC. Ce mouvement, initi\u00e9 par une intersyndicale au tout d\u00e9but s&rsquo;est transform\u00e9 en une gr\u00e8ve soutenue par la CFTC, seul syndicat non signataire d&rsquo;un (pseudo) accord sur le<\/p>\n\t\t<\/div>\n\t\t\t\t<\/div>\n\t\t\t\t<div class=\"elementor-post__meta-data\">\n\t\t\t\t\t<span class=\"elementor-post-date\">\n\t\t\t30 novembre 2022\t\t<\/span>\n\t\t\t\t<\/div>\n\t\t\t\t\t<\/div>\n\t\t<\/article>\n\t\t\t\t<article class=\"elementor-post elementor-grid-item post-5412 post type-post status-publish format-standard has-post-thumbnail hentry category-salaires\">\n\t\t\t<div class=\"elementor-post__card\">\n\t\t\t\t<a class=\"elementor-post__thumbnail__link\" href=\"https:\/\/cftc-sicsti.fr\/sgs\/apec-etude-sur-les-salaires-des-cadres\/\" tabindex=\"-1\" ><div class=\"elementor-post__thumbnail\"><img decoding=\"async\" width=\"1694\" height=\"1128\" src=\"https:\/\/cftc-sicsti.fr\/sgs\/wp-content\/uploads\/sites\/140\/2020\/09\/apec.png\" class=\"attachment-full size-full wp-image-476\" alt=\"\" \/><\/div><\/a>\n\t\t\t\t<div class=\"elementor-post__text\">\n\t\t\t\t<h3 class=\"elementor-post__title\">\n\t\t\t<a href=\"https:\/\/cftc-sicsti.fr\/sgs\/apec-etude-sur-les-salaires-des-cadres\/\" >\n\t\t\t\tAPEC : \u00e9tude sur les salaires des cadres\t\t\t<\/a>\n\t\t<\/h3>\n\t\t\t\t<div class=\"elementor-post__excerpt\">\n\t\t\t<p>L&rsquo;APEC vient de produire une \u00e9tude sur les salaires des cadres dans 111 familles de me\u0301tiers. Salaire m\u00e9dian : 51k\u20ac ! Dans cette \u00e9tude de l&rsquo;APEC, le salaire m\u00e9dian des cadres en poste (salaire fixe + part variable) s\u2019\u00e9tablit \u00e0 51 k\u20ac (la moiti\u00e9 des cadres per\u00e7oit un salaire annuel brut inf\u00e9rieur \u00e0 ce montant et<\/p>\n\t\t<\/div>\n\t\t\t\t<\/div>\n\t\t\t\t<div class=\"elementor-post__meta-data\">\n\t\t\t\t\t<span class=\"elementor-post-date\">\n\t\t\t29 novembre 2022\t\t<\/span>\n\t\t\t\t<\/div>\n\t\t\t\t\t<\/div>\n\t\t<\/article>\n\t\t\t\t<article class=\"elementor-post elementor-grid-item post-5413 post type-post status-publish format-standard has-post-thumbnail hentry category-branche\">\n\t\t\t<div class=\"elementor-post__card\">\n\t\t\t\t<a class=\"elementor-post__thumbnail__link\" href=\"https:\/\/cftc-sicsti.fr\/sgs\/opiiec-etude-de-branche-sur-le-coaching\/\" tabindex=\"-1\" ><div class=\"elementor-post__thumbnail\"><img loading=\"lazy\" decoding=\"async\" width=\"2634\" height=\"2173\" src=\"https:\/\/cftc-sicsti.fr\/sgs\/wp-content\/uploads\/sites\/140\/2022\/01\/CFTC-Logo.png\" class=\"attachment-full size-full wp-image-4857\" alt=\"\" srcset=\"https:\/\/cftc-sicsti.fr\/sgs\/wp-content\/uploads\/sites\/140\/2022\/01\/CFTC-Logo.png 2634w, https:\/\/cftc-sicsti.fr\/sgs\/wp-content\/uploads\/sites\/140\/2022\/01\/CFTC-Logo-300x247.png 300w, https:\/\/cftc-sicsti.fr\/sgs\/wp-content\/uploads\/sites\/140\/2022\/01\/CFTC-Logo-1024x845.png 1024w, https:\/\/cftc-sicsti.fr\/sgs\/wp-content\/uploads\/sites\/140\/2022\/01\/CFTC-Logo-768x634.png 768w, https:\/\/cftc-sicsti.fr\/sgs\/wp-content\/uploads\/sites\/140\/2022\/01\/CFTC-Logo-1536x1267.png 1536w, https:\/\/cftc-sicsti.fr\/sgs\/wp-content\/uploads\/sites\/140\/2022\/01\/CFTC-Logo-2048x1690.png 2048w\" sizes=\"(max-width: 2634px) 100vw, 2634px\" \/><\/div><\/a>\n\t\t\t\t<div class=\"elementor-post__text\">\n\t\t\t\t<h3 class=\"elementor-post__title\">\n\t\t\t<a href=\"https:\/\/cftc-sicsti.fr\/sgs\/opiiec-etude-de-branche-sur-le-coaching\/\" >\n\t\t\t\tOPIIEC : \u00e9tude de branche sur le coaching\t\t\t<\/a>\n\t\t<\/h3>\n\t\t\t\t<div class=\"elementor-post__excerpt\">\n\t\t\t<p>L&rsquo;OPIIEC (Observatoire des M\u00e9tiers de la branche des Bureaux d&rsquo;\u00e9tudes) a men\u00e9 une \u00e9tude publi\u00e9e r\u00e9cemment sur les m\u00e9tiers du coaching et de la supervision Retrouver l&rsquo;\u00e9tude (rapport complet, infographie et essentiels) ici :\u00a0https:\/\/opiiec.fr\/etudes\/137317 Le coaching n&rsquo;est ni de la formation ni du mentorat ! Le coaching, ou\u00a0accompagnement, est une m\u00e9thode d&rsquo;accompagnement personnalis\u00e9 destin\u00e9e \u00e0 am\u00e9liorer<\/p>\n\t\t<\/div>\n\t\t\t\t<\/div>\n\t\t\t\t<div class=\"elementor-post__meta-data\">\n\t\t\t\t\t<span class=\"elementor-post-date\">\n\t\t\t28 novembre 2022\t\t<\/span>\n\t\t\t\t<\/div>\n\t\t\t\t\t<\/div>\n\t\t<\/article>\n\t\t\t\t<article class=\"elementor-post elementor-grid-item post-5415 post type-post status-publish format-standard has-post-thumbnail hentry category-branche\">\n\t\t\t<div class=\"elementor-post__card\">\n\t\t\t\t<a class=\"elementor-post__thumbnail__link\" href=\"https:\/\/cftc-sicsti.fr\/sgs\/open-badges-opco-atlas\/\" tabindex=\"-1\" ><div class=\"elementor-post__thumbnail\"><img loading=\"lazy\" decoding=\"async\" width=\"1132\" height=\"636\" src=\"https:\/\/cftc-sicsti.fr\/sgs\/wp-content\/uploads\/sites\/140\/2022\/11\/openbadges.jpg\" class=\"attachment-full size-full wp-image-5417\" alt=\"\" srcset=\"https:\/\/cftc-sicsti.fr\/sgs\/wp-content\/uploads\/sites\/140\/2022\/11\/openbadges.jpg 1132w, https:\/\/cftc-sicsti.fr\/sgs\/wp-content\/uploads\/sites\/140\/2022\/11\/openbadges-300x169.jpg 300w, https:\/\/cftc-sicsti.fr\/sgs\/wp-content\/uploads\/sites\/140\/2022\/11\/openbadges-1024x575.jpg 1024w, https:\/\/cftc-sicsti.fr\/sgs\/wp-content\/uploads\/sites\/140\/2022\/11\/openbadges-768x431.jpg 768w, https:\/\/cftc-sicsti.fr\/sgs\/wp-content\/uploads\/sites\/140\/2022\/11\/openbadges-600x337.jpg 600w\" sizes=\"(max-width: 1132px) 100vw, 1132px\" \/><\/div><\/a>\n\t\t\t\t<div class=\"elementor-post__text\">\n\t\t\t\t<h3 class=\"elementor-post__title\">\n\t\t\t<a href=\"https:\/\/cftc-sicsti.fr\/sgs\/open-badges-opco-atlas\/\" >\n\t\t\t\tOpen Badges : OPCO ATLAS\t\t\t<\/a>\n\t\t<\/h3>\n\t\t\t\t<div class=\"elementor-post__excerpt\">\n\t\t\t<p>L&rsquo;OPCO ATLAS, l&rsquo;op\u00e9rateur de comp\u00e9tences de notre branche, a d\u00e9cid\u00e9 de r\u00e9aliser une \u00e9tude sur les &lsquo;open-badges&rsquo;, un syst\u00e8me ouvert de reconnaissance des comp\u00e9tences des salari\u00e9s. Ci-dessous une vid\u00e9o qui explique le fonctionnement des open badges ainsi qu&rsquo;une une infographie qui explique ce que cette illustration num\u00e9rique peut apporter \u00e0 la branche dans la compr\u00e9hension de<\/p>\n\t\t<\/div>\n\t\t\t\t<\/div>\n\t\t\t\t<div class=\"elementor-post__meta-data\">\n\t\t\t\t\t<span class=\"elementor-post-date\">\n\t\t\t25 novembre 2022\t\t<\/span>\n\t\t\t\t<\/div>\n\t\t\t\t\t<\/div>\n\t\t<\/article>\n\t\t\t\t<article class=\"elementor-post elementor-grid-item post-5420 post type-post status-publish format-standard has-post-thumbnail hentry category-syndicats\">\n\t\t\t<div class=\"elementor-post__card\">\n\t\t\t\t<a class=\"elementor-post__thumbnail__link\" href=\"https:\/\/cftc-sicsti.fr\/sgs\/sicsti-nouveau-bureau-pour-notre-syndicat\/\" tabindex=\"-1\" ><div class=\"elementor-post__thumbnail\"><img loading=\"lazy\" decoding=\"async\" width=\"1047\" height=\"589\" src=\"https:\/\/cftc-sicsti.fr\/sgs\/wp-content\/uploads\/sites\/140\/2022\/11\/conseil.jpg\" class=\"attachment-full size-full wp-image-5421\" alt=\"\" srcset=\"https:\/\/cftc-sicsti.fr\/sgs\/wp-content\/uploads\/sites\/140\/2022\/11\/conseil.jpg 1047w, https:\/\/cftc-sicsti.fr\/sgs\/wp-content\/uploads\/sites\/140\/2022\/11\/conseil-300x169.jpg 300w, https:\/\/cftc-sicsti.fr\/sgs\/wp-content\/uploads\/sites\/140\/2022\/11\/conseil-1024x576.jpg 1024w, https:\/\/cftc-sicsti.fr\/sgs\/wp-content\/uploads\/sites\/140\/2022\/11\/conseil-768x432.jpg 768w, https:\/\/cftc-sicsti.fr\/sgs\/wp-content\/uploads\/sites\/140\/2022\/11\/conseil-600x338.jpg 600w\" sizes=\"(max-width: 1047px) 100vw, 1047px\" \/><\/div><\/a>\n\t\t\t\t<div class=\"elementor-post__text\">\n\t\t\t\t<h3 class=\"elementor-post__title\">\n\t\t\t<a href=\"https:\/\/cftc-sicsti.fr\/sgs\/sicsti-nouveau-bureau-pour-notre-syndicat\/\" >\n\t\t\t\tSICSTI : nouveau bureau pour notre syndicat !\t\t\t<\/a>\n\t\t<\/h3>\n\t\t\t\t<div class=\"elementor-post__excerpt\">\n\t\t\t<p>Lors du congr\u00e8s de notre syndicat SICSTI, syndicat CFTC pour notre branche des bureaux d&rsquo;\u00e9tude, a \u00e9t\u00e9 \u00e9lu un nouveau bureau constitu\u00e9 des personnes suivantes : Louis Duvaux, Pr\u00e9sident Christophe Ecollan, Rodolphe Baele et Fadila Goudjil, Vice-pr\u00e9sidents Agn\u00e8s Hauenstein, Secr\u00e9taire G\u00e9n\u00e9rale Jean-Guy Duba, Tr\u00e9sorier Fran\u00e7ois Hervieu, Tr\u00e9sorier adjoint Voici ci-dessous les secr\u00e9taires g\u00e9n\u00e9raux adjoints, copilotes et<\/p>\n\t\t<\/div>\n\t\t\t\t<\/div>\n\t\t\t\t<div class=\"elementor-post__meta-data\">\n\t\t\t\t\t<span class=\"elementor-post-date\">\n\t\t\t24 novembre 2022\t\t<\/span>\n\t\t\t\t<\/div>\n\t\t\t\t\t<\/div>\n\t\t<\/article>\n\t\t\t\t<article class=\"elementor-post elementor-grid-item post-5402 post type-post status-publish format-standard has-post-thumbnail hentry category-elections\">\n\t\t\t<div class=\"elementor-post__card\">\n\t\t\t\t<a class=\"elementor-post__thumbnail__link\" href=\"https:\/\/cftc-sicsti.fr\/sgs\/listes-cftc-chez-sgs\/\" tabindex=\"-1\" ><div class=\"elementor-post__thumbnail\"><img loading=\"lazy\" decoding=\"async\" width=\"1080\" height=\"427\" src=\"https:\/\/cftc-sicsti.fr\/sgs\/wp-content\/uploads\/sites\/140\/2022\/11\/Votez-CFTC.jpg\" class=\"attachment-full size-full wp-image-5406\" alt=\"\" srcset=\"https:\/\/cftc-sicsti.fr\/sgs\/wp-content\/uploads\/sites\/140\/2022\/11\/Votez-CFTC.jpg 1080w, https:\/\/cftc-sicsti.fr\/sgs\/wp-content\/uploads\/sites\/140\/2022\/11\/Votez-CFTC-300x119.jpg 300w, https:\/\/cftc-sicsti.fr\/sgs\/wp-content\/uploads\/sites\/140\/2022\/11\/Votez-CFTC-1024x405.jpg 1024w, https:\/\/cftc-sicsti.fr\/sgs\/wp-content\/uploads\/sites\/140\/2022\/11\/Votez-CFTC-768x304.jpg 768w, https:\/\/cftc-sicsti.fr\/sgs\/wp-content\/uploads\/sites\/140\/2022\/11\/Votez-CFTC-600x237.jpg 600w\" sizes=\"(max-width: 1080px) 100vw, 1080px\" \/><\/div><\/a>\n\t\t\t\t<div class=\"elementor-post__text\">\n\t\t\t\t<h3 class=\"elementor-post__title\">\n\t\t\t<a href=\"https:\/\/cftc-sicsti.fr\/sgs\/listes-cftc-chez-sgs\/\" >\n\t\t\t\tListes CFTC chez SGS\t\t\t<\/a>\n\t\t<\/h3>\n\t\t\t\t<div class=\"elementor-post__excerpt\">\n\t\t\t<p>Liste candidats Globale<\/p>\n\t\t<\/div>\n\t\t\t\t<\/div>\n\t\t\t\t<div class=\"elementor-post__meta-data\">\n\t\t\t\t\t<span class=\"elementor-post-date\">\n\t\t\t13 novembre 2022\t\t<\/span>\n\t\t\t\t<\/div>\n\t\t\t\t\t<\/div>\n\t\t<\/article>\n\t\t\t\t<article class=\"elementor-post elementor-grid-item post-5398 post type-post status-publish format-standard has-post-thumbnail hentry category-inflation\">\n\t\t\t<div class=\"elementor-post__card\">\n\t\t\t\t<a class=\"elementor-post__thumbnail__link\" href=\"https:\/\/cftc-sicsti.fr\/sgs\/frankie-ng-son-pouvoir-dachat-epargne-par-linflation\/\" tabindex=\"-1\" ><div class=\"elementor-post__thumbnail\"><img loading=\"lazy\" decoding=\"async\" width=\"1780\" height=\"1920\" src=\"https:\/\/cftc-sicsti.fr\/sgs\/wp-content\/uploads\/sites\/140\/2022\/11\/man-5551453.png\" class=\"attachment-full size-full wp-image-5399\" alt=\"\" srcset=\"https:\/\/cftc-sicsti.fr\/sgs\/wp-content\/uploads\/sites\/140\/2022\/11\/man-5551453.png 1780w, https:\/\/cftc-sicsti.fr\/sgs\/wp-content\/uploads\/sites\/140\/2022\/11\/man-5551453-278x300.png 278w, https:\/\/cftc-sicsti.fr\/sgs\/wp-content\/uploads\/sites\/140\/2022\/11\/man-5551453-949x1024.png 949w, https:\/\/cftc-sicsti.fr\/sgs\/wp-content\/uploads\/sites\/140\/2022\/11\/man-5551453-768x828.png 768w, https:\/\/cftc-sicsti.fr\/sgs\/wp-content\/uploads\/sites\/140\/2022\/11\/man-5551453-600x647.png 600w, https:\/\/cftc-sicsti.fr\/sgs\/wp-content\/uploads\/sites\/140\/2022\/11\/man-5551453-1424x1536.png 1424w\" sizes=\"(max-width: 1780px) 100vw, 1780px\" \/><\/div><\/a>\n\t\t\t\t<div class=\"elementor-post__text\">\n\t\t\t\t<h3 class=\"elementor-post__title\">\n\t\t\t<a href=\"https:\/\/cftc-sicsti.fr\/sgs\/frankie-ng-son-pouvoir-dachat-epargne-par-linflation\/\" >\n\t\t\t\tFrankie NG : son pouvoir d&rsquo;achat \u00e9pargn\u00e9 par l&rsquo;inflation\t\t\t<\/a>\n\t\t<\/h3>\n\t\t\t\t<div class=\"elementor-post__excerpt\">\n\t\t\t<p>https:\/\/www.rts.ch\/info\/economie\/12963835-les-patrons-des-grandes-societes-suisses-cotees-ont-gagne-plus-en-2021.html<\/p>\n\t\t<\/div>\n\t\t\t\t<\/div>\n\t\t\t\t<div class=\"elementor-post__meta-data\">\n\t\t\t\t\t<span class=\"elementor-post-date\">\n\t\t\t13 novembre 2022\t\t<\/span>\n\t\t\t\t<\/div>\n\t\t\t\t\t<\/div>\n\t\t<\/article>\n\t\t\t\t<article class=\"elementor-post elementor-grid-item post-5394 post type-post status-publish format-standard has-post-thumbnail hentry category-elections\">\n\t\t\t<div class=\"elementor-post__card\">\n\t\t\t\t<a class=\"elementor-post__thumbnail__link\" href=\"https:\/\/cftc-sicsti.fr\/sgs\/sgs-france-profession-de-foi-de-la-cftc\/\" tabindex=\"-1\" ><div class=\"elementor-post__thumbnail\"><img loading=\"lazy\" decoding=\"async\" width=\"1825\" height=\"866\" src=\"https:\/\/cftc-sicsti.fr\/sgs\/wp-content\/uploads\/sites\/140\/2022\/11\/CFTC-coeur.jpg\" class=\"attachment-full size-full wp-image-5396\" alt=\"\" srcset=\"https:\/\/cftc-sicsti.fr\/sgs\/wp-content\/uploads\/sites\/140\/2022\/11\/CFTC-coeur.jpg 1825w, https:\/\/cftc-sicsti.fr\/sgs\/wp-content\/uploads\/sites\/140\/2022\/11\/CFTC-coeur-300x142.jpg 300w, https:\/\/cftc-sicsti.fr\/sgs\/wp-content\/uploads\/sites\/140\/2022\/11\/CFTC-coeur-1024x486.jpg 1024w, https:\/\/cftc-sicsti.fr\/sgs\/wp-content\/uploads\/sites\/140\/2022\/11\/CFTC-coeur-768x364.jpg 768w, https:\/\/cftc-sicsti.fr\/sgs\/wp-content\/uploads\/sites\/140\/2022\/11\/CFTC-coeur-600x285.jpg 600w, https:\/\/cftc-sicsti.fr\/sgs\/wp-content\/uploads\/sites\/140\/2022\/11\/CFTC-coeur-1536x729.jpg 1536w\" sizes=\"(max-width: 1825px) 100vw, 1825px\" \/><\/div><\/a>\n\t\t\t\t<div class=\"elementor-post__text\">\n\t\t\t\t<h3 class=\"elementor-post__title\">\n\t\t\t<a href=\"https:\/\/cftc-sicsti.fr\/sgs\/sgs-france-profession-de-foi-de-la-cftc\/\" >\n\t\t\t\tSGS FRANCE : Profession de foi de la CFTC\t\t\t<\/a>\n\t\t<\/h3>\n\t\t\t\t<div class=\"elementor-post__excerpt\">\n\t\t\t<p>SICSTI-CFTC-Profession de foi-SGS 2022<\/p>\n\t\t<\/div>\n\t\t\t\t<\/div>\n\t\t\t\t<div class=\"elementor-post__meta-data\">\n\t\t\t\t\t<span class=\"elementor-post-date\">\n\t\t\t9 novembre 2022\t\t<\/span>\n\t\t\t\t<\/div>\n\t\t\t\t\t<\/div>\n\t\t<\/article>\n\t\t\t\t<article class=\"elementor-post elementor-grid-item post-5389 post type-post status-publish format-standard has-post-thumbnail hentry category-inflation\">\n\t\t\t<div class=\"elementor-post__card\">\n\t\t\t\t<a class=\"elementor-post__thumbnail__link\" href=\"https:\/\/cftc-sicsti.fr\/sgs\/pouvoir-dachat-des-salaries-rien-repond-la-direction\/\" tabindex=\"-1\" ><div class=\"elementor-post__thumbnail\"><img loading=\"lazy\" decoding=\"async\" width=\"1920\" height=\"1600\" src=\"https:\/\/cftc-sicsti.fr\/sgs\/wp-content\/uploads\/sites\/140\/2022\/10\/anger-g54eb9a977_1920.png\" class=\"attachment-full size-full wp-image-5390\" alt=\"\" srcset=\"https:\/\/cftc-sicsti.fr\/sgs\/wp-content\/uploads\/sites\/140\/2022\/10\/anger-g54eb9a977_1920.png 1920w, https:\/\/cftc-sicsti.fr\/sgs\/wp-content\/uploads\/sites\/140\/2022\/10\/anger-g54eb9a977_1920-300x250.png 300w, https:\/\/cftc-sicsti.fr\/sgs\/wp-content\/uploads\/sites\/140\/2022\/10\/anger-g54eb9a977_1920-1024x853.png 1024w, https:\/\/cftc-sicsti.fr\/sgs\/wp-content\/uploads\/sites\/140\/2022\/10\/anger-g54eb9a977_1920-768x640.png 768w, https:\/\/cftc-sicsti.fr\/sgs\/wp-content\/uploads\/sites\/140\/2022\/10\/anger-g54eb9a977_1920-600x500.png 600w, https:\/\/cftc-sicsti.fr\/sgs\/wp-content\/uploads\/sites\/140\/2022\/10\/anger-g54eb9a977_1920-1536x1280.png 1536w\" sizes=\"(max-width: 1920px) 100vw, 1920px\" \/><\/div><\/a>\n\t\t\t\t<div class=\"elementor-post__text\">\n\t\t\t\t<h3 class=\"elementor-post__title\">\n\t\t\t<a href=\"https:\/\/cftc-sicsti.fr\/sgs\/pouvoir-dachat-des-salaries-rien-repond-la-direction\/\" >\n\t\t\t\tPouvoir d&rsquo;achat des salari\u00e9s SGS : RIEN r\u00e9pond la Direction !\t\t\t<\/a>\n\t\t<\/h3>\n\t\t\t\t<div class=\"elementor-post__excerpt\">\n\t\t\t<p>Au regard du choc d\u2019inflation et de la forte perte de pouvoir d\u2019achat constat\u00e9e pour les salari\u00e9s du groupe depuis plusieurs ann\u00e9es, les organisations syndicales repr\u00e9sentatives du Groupe SGS France ont demand\u00e9 express\u00e9ment \u00e0 \u00eatre re\u00e7ues par la Direction pour conna\u00eetre les mesures qu\u2019elle souhaitait mettre en place imm\u00e9diatement. Cette r\u00e9union s\u2019est d\u00e9roul\u00e9e ce vendredi 21<\/p>\n\t\t<\/div>\n\t\t\t\t<\/div>\n\t\t\t\t<div class=\"elementor-post__meta-data\">\n\t\t\t\t\t<span class=\"elementor-post-date\">\n\t\t\t24 octobre 2022\t\t<\/span>\n\t\t\t\t<\/div>\n\t\t\t\t\t<\/div>\n\t\t<\/article>\n\t\t\t\t<article class=\"elementor-post elementor-grid-item post-5374 post type-post status-publish format-standard has-post-thumbnail hentry category-ia\">\n\t\t\t<div class=\"elementor-post__card\">\n\t\t\t\t<a class=\"elementor-post__thumbnail__link\" href=\"https:\/\/cftc-sicsti.fr\/sgs\/serment-dhippocrate-pour-les-informaticiens\/\" tabindex=\"-1\" ><div class=\"elementor-post__thumbnail\"><img loading=\"lazy\" decoding=\"async\" width=\"2634\" height=\"2173\" src=\"https:\/\/cftc-sicsti.fr\/sgs\/wp-content\/uploads\/sites\/140\/2022\/01\/CFTC-Logo.png\" class=\"attachment-full size-full wp-image-4857\" alt=\"\" srcset=\"https:\/\/cftc-sicsti.fr\/sgs\/wp-content\/uploads\/sites\/140\/2022\/01\/CFTC-Logo.png 2634w, https:\/\/cftc-sicsti.fr\/sgs\/wp-content\/uploads\/sites\/140\/2022\/01\/CFTC-Logo-300x247.png 300w, https:\/\/cftc-sicsti.fr\/sgs\/wp-content\/uploads\/sites\/140\/2022\/01\/CFTC-Logo-1024x845.png 1024w, https:\/\/cftc-sicsti.fr\/sgs\/wp-content\/uploads\/sites\/140\/2022\/01\/CFTC-Logo-768x634.png 768w, https:\/\/cftc-sicsti.fr\/sgs\/wp-content\/uploads\/sites\/140\/2022\/01\/CFTC-Logo-1536x1267.png 1536w, https:\/\/cftc-sicsti.fr\/sgs\/wp-content\/uploads\/sites\/140\/2022\/01\/CFTC-Logo-2048x1690.png 2048w\" sizes=\"(max-width: 2634px) 100vw, 2634px\" \/><\/div><\/a>\n\t\t\t\t<div class=\"elementor-post__text\">\n\t\t\t\t<h3 class=\"elementor-post__title\">\n\t\t\t<a href=\"https:\/\/cftc-sicsti.fr\/sgs\/serment-dhippocrate-pour-les-informaticiens\/\" >\n\t\t\t\tSerment d&rsquo;Hippocrate pour les informaticiens ?\t\t\t<\/a>\n\t\t<\/h3>\n\t\t\t\t<div class=\"elementor-post__excerpt\">\n\t\t\t<p>M\u00eame si l&rsquo;intelligence artificielle ne constitue plus vraiment un risque de concurrence de l&rsquo;\u00eatre humain (\u00ab\u00a0l&rsquo;IA n&rsquo;existe pas\u00a0\u00bb comme dit Luc Julia), il n&rsquo;en reste pas moins que de nombreux responsables (Brad Smith de Microsoft entre autres) ont jug\u00e9 n\u00e9cessaire, d\u00e8s 2018, de formaliser un \u00ab serment d\u2019Hippocrate \u00bb pour les professionnels de l\u2019intelligence artificielle ou<\/p>\n\t\t<\/div>\n\t\t\t\t<\/div>\n\t\t\t\t<div class=\"elementor-post__meta-data\">\n\t\t\t\t\t<span class=\"elementor-post-date\">\n\t\t\t19 octobre 2022\t\t<\/span>\n\t\t\t\t<\/div>\n\t\t\t\t\t<\/div>\n\t\t<\/article>\n\t\t\t\t<article class=\"elementor-post elementor-grid-item post-5378 post type-post status-publish format-standard has-post-thumbnail hentry category-formation\">\n\t\t\t<div class=\"elementor-post__card\">\n\t\t\t\t<a class=\"elementor-post__thumbnail__link\" href=\"https:\/\/cftc-sicsti.fr\/sgs\/cep-cest-bien\/\" tabindex=\"-1\" ><div class=\"elementor-post__thumbnail\"><img loading=\"lazy\" decoding=\"async\" width=\"892\" height=\"488\" src=\"https:\/\/cftc-sicsti.fr\/sgs\/wp-content\/uploads\/sites\/140\/2022\/10\/cep.jpg\" class=\"attachment-full size-full wp-image-5379\" alt=\"\" srcset=\"https:\/\/cftc-sicsti.fr\/sgs\/wp-content\/uploads\/sites\/140\/2022\/10\/cep.jpg 892w, https:\/\/cftc-sicsti.fr\/sgs\/wp-content\/uploads\/sites\/140\/2022\/10\/cep-300x164.jpg 300w, https:\/\/cftc-sicsti.fr\/sgs\/wp-content\/uploads\/sites\/140\/2022\/10\/cep-768x420.jpg 768w, https:\/\/cftc-sicsti.fr\/sgs\/wp-content\/uploads\/sites\/140\/2022\/10\/cep-600x328.jpg 600w\" sizes=\"(max-width: 892px) 100vw, 892px\" \/><\/div><\/a>\n\t\t\t\t<div class=\"elementor-post__text\">\n\t\t\t\t<h3 class=\"elementor-post__title\">\n\t\t\t<a href=\"https:\/\/cftc-sicsti.fr\/sgs\/cep-cest-bien\/\" >\n\t\t\t\tCEP c&rsquo;est bien !\t\t\t<\/a>\n\t\t<\/h3>\n\t\t\t\t<div class=\"elementor-post__excerpt\">\n\t\t\t<p>C&rsquo;est quoi le CEP ou \u00ab\u00a0Conseil en Evolution Professionnelle\u00a0\u00bb ? Le conseil en \u00e9volution professionnelle (CEP) est un dispositif d&rsquo;accompagnement gratuit et personnalis\u00e9\u00a0propos\u00e9 \u00e0 toute personne souhaitant faire le point sur sa situation professionnelle. Il permet, s&rsquo;il y a lieu, d&rsquo;\u00e9tablir un projet d&rsquo;\u00e9volution professionnelle (reconversion, reprise ou cr\u00e9ation d&rsquo;activit\u00e9&#8230;). Il peut \u00eatre effectu\u00e9 par des<\/p>\n\t\t<\/div>\n\t\t\t\t<\/div>\n\t\t\t\t<div class=\"elementor-post__meta-data\">\n\t\t\t\t\t<span class=\"elementor-post-date\">\n\t\t\t18 octobre 2022\t\t<\/span>\n\t\t\t\t<\/div>\n\t\t\t\t\t<\/div>\n\t\t<\/article>\n\t\t\t\t<article class=\"elementor-post elementor-grid-item post-5380 post type-post status-publish format-standard has-post-thumbnail hentry category-droit-du-travail\">\n\t\t\t<div class=\"elementor-post__card\">\n\t\t\t\t<a class=\"elementor-post__thumbnail__link\" href=\"https:\/\/cftc-sicsti.fr\/sgs\/demander-aux-employes-dallumer-leurs-cameras-est-une-violation-des-droits-de-lhomme-selon-un-tribunal-neerlandais\/\" tabindex=\"-1\" ><div class=\"elementor-post__thumbnail\"><img loading=\"lazy\" decoding=\"async\" width=\"2634\" height=\"2173\" src=\"https:\/\/cftc-sicsti.fr\/sgs\/wp-content\/uploads\/sites\/140\/2022\/01\/CFTC-Logo.png\" class=\"attachment-full size-full wp-image-4857\" alt=\"\" srcset=\"https:\/\/cftc-sicsti.fr\/sgs\/wp-content\/uploads\/sites\/140\/2022\/01\/CFTC-Logo.png 2634w, https:\/\/cftc-sicsti.fr\/sgs\/wp-content\/uploads\/sites\/140\/2022\/01\/CFTC-Logo-300x247.png 300w, https:\/\/cftc-sicsti.fr\/sgs\/wp-content\/uploads\/sites\/140\/2022\/01\/CFTC-Logo-1024x845.png 1024w, https:\/\/cftc-sicsti.fr\/sgs\/wp-content\/uploads\/sites\/140\/2022\/01\/CFTC-Logo-768x634.png 768w, https:\/\/cftc-sicsti.fr\/sgs\/wp-content\/uploads\/sites\/140\/2022\/01\/CFTC-Logo-1536x1267.png 1536w, https:\/\/cftc-sicsti.fr\/sgs\/wp-content\/uploads\/sites\/140\/2022\/01\/CFTC-Logo-2048x1690.png 2048w\" sizes=\"(max-width: 2634px) 100vw, 2634px\" \/><\/div><\/a>\n\t\t\t\t<div class=\"elementor-post__text\">\n\t\t\t\t<h3 class=\"elementor-post__title\">\n\t\t\t<a href=\"https:\/\/cftc-sicsti.fr\/sgs\/demander-aux-employes-dallumer-leurs-cameras-est-une-violation-des-droits-de-lhomme-selon-un-tribunal-neerlandais\/\" >\n\t\t\t\tDemander aux employ\u00e9s d&rsquo;allumer leurs cam\u00e9ras est une violation des droits de l&rsquo;Homme, selon un tribunal n\u00e9erlandais\t\t\t<\/a>\n\t\t<\/h3>\n\t\t\t\t<div class=\"elementor-post__excerpt\">\n\t\t\t<p>Demander aux employ\u00e9s d&rsquo;allumer leurs cam\u00e9ras est une violation des droits de l&rsquo;Homme, selon un tribunal n\u00e9erlandais C&rsquo;est ce qu&rsquo;indique cet article : un employ\u00e9 n\u00e9erlandais a port\u00e9 plainte contre sa soci\u00e9t\u00e9 en raison d&rsquo;une surveillance permanente de sa soci\u00e9t\u00e9 par la webcam la soci\u00e9t\u00e9 a estim\u00e9 que la surveillance via la webcam ne diff\u00e8re pas<\/p>\n\t\t<\/div>\n\t\t\t\t<\/div>\n\t\t\t\t<div class=\"elementor-post__meta-data\">\n\t\t\t\t\t<span class=\"elementor-post-date\">\n\t\t\t18 octobre 2022\t\t<\/span>\n\t\t\t\t<\/div>\n\t\t\t\t\t<\/div>\n\t\t<\/article>\n\t\t\t\t<article class=\"elementor-post elementor-grid-item post-5362 post type-post status-publish format-standard has-post-thumbnail hentry category-rh\">\n\t\t\t<div class=\"elementor-post__card\">\n\t\t\t\t<a class=\"elementor-post__thumbnail__link\" href=\"https:\/\/cftc-sicsti.fr\/sgs\/lettre-ouverte-de-la-cftc-a-m-le-president-de-sgs-france\/\" tabindex=\"-1\" ><div class=\"elementor-post__thumbnail\"><img loading=\"lazy\" decoding=\"async\" width=\"1280\" height=\"1140\" src=\"https:\/\/cftc-sicsti.fr\/sgs\/wp-content\/uploads\/sites\/140\/2022\/10\/megaphone-g310aa5d8b_1280-1.png\" class=\"attachment-full size-full wp-image-5370\" alt=\"\" srcset=\"https:\/\/cftc-sicsti.fr\/sgs\/wp-content\/uploads\/sites\/140\/2022\/10\/megaphone-g310aa5d8b_1280-1.png 1280w, https:\/\/cftc-sicsti.fr\/sgs\/wp-content\/uploads\/sites\/140\/2022\/10\/megaphone-g310aa5d8b_1280-1-300x267.png 300w, https:\/\/cftc-sicsti.fr\/sgs\/wp-content\/uploads\/sites\/140\/2022\/10\/megaphone-g310aa5d8b_1280-1-1024x912.png 1024w, https:\/\/cftc-sicsti.fr\/sgs\/wp-content\/uploads\/sites\/140\/2022\/10\/megaphone-g310aa5d8b_1280-1-768x684.png 768w, https:\/\/cftc-sicsti.fr\/sgs\/wp-content\/uploads\/sites\/140\/2022\/10\/megaphone-g310aa5d8b_1280-1-600x534.png 600w\" sizes=\"(max-width: 1280px) 100vw, 1280px\" \/><\/div><\/a>\n\t\t\t\t<div class=\"elementor-post__text\">\n\t\t\t\t<h3 class=\"elementor-post__title\">\n\t\t\t<a href=\"https:\/\/cftc-sicsti.fr\/sgs\/lettre-ouverte-de-la-cftc-a-m-le-president-de-sgs-france\/\" >\n\t\t\t\tLettre ouverte de la CFTC \u00e0 M. le Pr\u00e9sident de SGS FRANCE\t\t\t<\/a>\n\t\t<\/h3>\n\t\t\t\t<div class=\"elementor-post__excerpt\">\n\t\t\t<p>Monsieur le Pr\u00e9sident, cela fait maintenant un an que vous \u00eates arriv\u00e9 \u00e0 la t\u00eate de SGS France. J\u2019aurais pu dire \u00ab nous venons de\u00a0f\u00eater vos un an chez SGS\u00a0\u00bb mais ces termes auraient \u00e9t\u00e9 particuli\u00e8rement mal adapt\u00e9s. Une ann\u00e9e \u00e9coul\u00e9e est l\u2019occasion de faire des constats. Je ne m\u2019attarderai pas sur tous \u00e9videmment, pour \u00e7a<\/p>\n\t\t<\/div>\n\t\t\t\t<\/div>\n\t\t\t\t<div class=\"elementor-post__meta-data\">\n\t\t\t\t\t<span class=\"elementor-post-date\">\n\t\t\t16 octobre 2022\t\t<\/span>\n\t\t\t\t<\/div>\n\t\t\t\t\t<\/div>\n\t\t<\/article>\n\t\t\t\t<article class=\"elementor-post elementor-grid-item post-5358 post type-post status-publish format-standard has-post-thumbnail hentry category-rh\">\n\t\t\t<div class=\"elementor-post__card\">\n\t\t\t\t<a class=\"elementor-post__thumbnail__link\" href=\"https:\/\/cftc-sicsti.fr\/sgs\/nous-sgs-et-le-refus-de-la-direction-de-laisser-les-os-communiquer-facilement-avec-les-salaries\/\" tabindex=\"-1\" ><div class=\"elementor-post__thumbnail\"><img loading=\"lazy\" decoding=\"async\" width=\"1280\" height=\"716\" src=\"https:\/\/cftc-sicsti.fr\/sgs\/wp-content\/uploads\/sites\/140\/2022\/10\/email-g356a53499_1280.png\" class=\"attachment-full size-full wp-image-5361\" alt=\"\" srcset=\"https:\/\/cftc-sicsti.fr\/sgs\/wp-content\/uploads\/sites\/140\/2022\/10\/email-g356a53499_1280.png 1280w, https:\/\/cftc-sicsti.fr\/sgs\/wp-content\/uploads\/sites\/140\/2022\/10\/email-g356a53499_1280-300x168.png 300w, https:\/\/cftc-sicsti.fr\/sgs\/wp-content\/uploads\/sites\/140\/2022\/10\/email-g356a53499_1280-1024x573.png 1024w, https:\/\/cftc-sicsti.fr\/sgs\/wp-content\/uploads\/sites\/140\/2022\/10\/email-g356a53499_1280-768x430.png 768w, https:\/\/cftc-sicsti.fr\/sgs\/wp-content\/uploads\/sites\/140\/2022\/10\/email-g356a53499_1280-600x336.png 600w\" sizes=\"(max-width: 1280px) 100vw, 1280px\" \/><\/div><\/a>\n\t\t\t\t<div class=\"elementor-post__text\">\n\t\t\t\t<h3 class=\"elementor-post__title\">\n\t\t\t<a href=\"https:\/\/cftc-sicsti.fr\/sgs\/nous-sgs-et-le-refus-de-la-direction-de-laisser-les-os-communiquer-facilement-avec-les-salaries\/\" >\n\t\t\t\t\u00ab\u00a0NOUS SGS\u00a0\u00bb et le refus de la direction de laisser les OS communiquer facilement avec les salari\u00e9s\t\t\t<\/a>\n\t\t<\/h3>\n\t\t\t\t<div class=\"elementor-post__excerpt\">\n\t\t\t<p>Nouveau plan pour rendre SGS plus attractive aupr\u00e8s de ses salari\u00e9s\u00a0: \u00ab\u00a0NOUS SGS\u00a0\u00bb \u00a0 La direction vient \u00e0 votre rencontre\u00a0? Posez-lui les bonnes questions\u00a0: &nbsp; Une augmentation g\u00e9n\u00e9rale des salaires: L\u2019inflation des produits alimentaires est estim\u00e9e \u00e0 12% pour l\u2019ann\u00e9e 2022 selon l\u2019Insee. Des journ\u00e9es enti\u00e8res de cong\u00e9s pour enfant malade: La moyenne sur notre secteur<\/p>\n\t\t<\/div>\n\t\t\t\t<\/div>\n\t\t\t\t<div class=\"elementor-post__meta-data\">\n\t\t\t\t\t<span class=\"elementor-post-date\">\n\t\t\t16 octobre 2022\t\t<\/span>\n\t\t\t\t<\/div>\n\t\t\t\t\t<\/div>\n\t\t<\/article>\n\t\t\t\t<article class=\"elementor-post elementor-grid-item post-5386 post type-post status-publish format-standard has-post-thumbnail hentry category-non-classe\">\n\t\t\t<div class=\"elementor-post__card\">\n\t\t\t\t<a class=\"elementor-post__thumbnail__link\" href=\"https:\/\/cftc-sicsti.fr\/sgs\/la-formation-a-la-cftc-pour-tous-quel-que-soit-votre-mandat\/\" tabindex=\"-1\" ><div class=\"elementor-post__thumbnail\"><img loading=\"lazy\" decoding=\"async\" width=\"1920\" height=\"1790\" src=\"https:\/\/cftc-sicsti.fr\/sgs\/wp-content\/uploads\/sites\/140\/2022\/10\/formation_cftc.png\" class=\"attachment-full size-full wp-image-5387\" alt=\"\" srcset=\"https:\/\/cftc-sicsti.fr\/sgs\/wp-content\/uploads\/sites\/140\/2022\/10\/formation_cftc.png 1920w, https:\/\/cftc-sicsti.fr\/sgs\/wp-content\/uploads\/sites\/140\/2022\/10\/formation_cftc-300x280.png 300w, https:\/\/cftc-sicsti.fr\/sgs\/wp-content\/uploads\/sites\/140\/2022\/10\/formation_cftc-1024x955.png 1024w, https:\/\/cftc-sicsti.fr\/sgs\/wp-content\/uploads\/sites\/140\/2022\/10\/formation_cftc-768x716.png 768w\" sizes=\"(max-width: 1920px) 100vw, 1920px\" \/><\/div><\/a>\n\t\t\t\t<div class=\"elementor-post__text\">\n\t\t\t\t<h3 class=\"elementor-post__title\">\n\t\t\t<a href=\"https:\/\/cftc-sicsti.fr\/sgs\/la-formation-a-la-cftc-pour-tous-quel-que-soit-votre-mandat\/\" >\n\t\t\t\tLa formation \u00e0 la CFTC : pour tous, quel que soit votre mandat !\t\t\t<\/a>\n\t\t<\/h3>\n\t\t\t\t<div class=\"elementor-post__excerpt\">\n\t\t\t<p>La CFTC s&rsquo;est engag\u00e9e depuis de nombreuses ann\u00e9es dans la formation pour tous par l&rsquo;interm\u00e9diaire de multiples formations syndicales dans le but de sensibiliser les adh\u00e9rents et les titulaires de mandats sur de nombreuses th\u00e9matiques sociales et syndicales. 4 types de cong\u00e9s de formation pour tous les adh\u00e9rents Depuis peu, les informations ont \u00e9t\u00e9 d\u00e9cloisonn\u00e9es et<\/p>\n\t\t<\/div>\n\t\t\t\t<\/div>\n\t\t\t\t<div class=\"elementor-post__meta-data\">\n\t\t\t\t\t<span class=\"elementor-post-date\">\n\t\t\t15 octobre 2022\t\t<\/span>\n\t\t\t\t<\/div>\n\t\t\t\t\t<\/div>\n\t\t<\/article>\n\t\t\t\t<article class=\"elementor-post elementor-grid-item post-5336 post type-post status-publish format-standard has-post-thumbnail hentry category-harcelement\">\n\t\t\t<div class=\"elementor-post__card\">\n\t\t\t\t<a class=\"elementor-post__thumbnail__link\" href=\"https:\/\/cftc-sicsti.fr\/sgs\/webinaire-harcelement-moral-de-la-cftc-cadres\/\" tabindex=\"-1\" ><div class=\"elementor-post__thumbnail\"><img loading=\"lazy\" decoding=\"async\" width=\"400\" height=\"400\" src=\"https:\/\/cftc-sicsti.fr\/sgs\/wp-content\/uploads\/sites\/140\/2023\/07\/Logo-RS.jpg\" class=\"attachment-full size-full wp-image-5433\" alt=\"\" srcset=\"https:\/\/cftc-sicsti.fr\/sgs\/wp-content\/uploads\/sites\/140\/2023\/07\/Logo-RS.jpg 400w, https:\/\/cftc-sicsti.fr\/sgs\/wp-content\/uploads\/sites\/140\/2023\/07\/Logo-RS-300x300.jpg 300w, https:\/\/cftc-sicsti.fr\/sgs\/wp-content\/uploads\/sites\/140\/2023\/07\/Logo-RS-150x150.jpg 150w\" sizes=\"(max-width: 400px) 100vw, 400px\" \/><\/div><\/a>\n\t\t\t\t<div class=\"elementor-post__text\">\n\t\t\t\t<h3 class=\"elementor-post__title\">\n\t\t\t<a href=\"https:\/\/cftc-sicsti.fr\/sgs\/webinaire-harcelement-moral-de-la-cftc-cadres\/\" >\n\t\t\t\tWebinaire \u00ab\u00a0Harc\u00e8lement moral\u00a0\u00bb de la CFTC Cadres\t\t\t<\/a>\n\t\t<\/h3>\n\t\t\t\t<div class=\"elementor-post__excerpt\">\n\t\t\t<p>La CFTC Cadres a r\u00e9alis\u00e9 un webinaire sur le sujet du harc\u00e8lement moral : \u00ab\u00a0Pr\u00e9venir et lutter contre le harc\u00e8lement moral\u00a0\u00bb.&nbsp; Cette vid\u00e9o tr\u00e8s int\u00e9ressante pr\u00e9sent\u00e9e dans ce document reste accessible sur youtube (voir ci-dessous). N\u2019h\u00e9sitez pas \u00e0 le consulter ! Le harc\u00e8lement : plusieurs acteurs responsables ! Pour lib\u00e9rer l\u2019entreprise des comportements toxiques, chaque acteur<\/p>\n\t\t<\/div>\n\t\t\t\t<\/div>\n\t\t\t\t<div class=\"elementor-post__meta-data\">\n\t\t\t\t\t<span class=\"elementor-post-date\">\n\t\t\t22 septembre 2022\t\t<\/span>\n\t\t\t\t<\/div>\n\t\t\t\t\t<\/div>\n\t\t<\/article>\n\t\t\t\t<article class=\"elementor-post elementor-grid-item post-5337 post type-post status-publish format-standard has-post-thumbnail hentry category-eco-citoyennete\">\n\t\t\t<div class=\"elementor-post__card\">\n\t\t\t\t<a class=\"elementor-post__thumbnail__link\" href=\"https:\/\/cftc-sicsti.fr\/sgs\/greenwashing-ecosocialisme-non\/\" tabindex=\"-1\" ><div class=\"elementor-post__thumbnail\"><img loading=\"lazy\" decoding=\"async\" width=\"556\" height=\"597\" src=\"https:\/\/cftc-sicsti.fr\/sgs\/wp-content\/uploads\/sites\/140\/2022\/09\/ecosocialisme1.jpg\" class=\"attachment-full size-full wp-image-5346\" alt=\"\" srcset=\"https:\/\/cftc-sicsti.fr\/sgs\/wp-content\/uploads\/sites\/140\/2022\/09\/ecosocialisme1.jpg 556w, https:\/\/cftc-sicsti.fr\/sgs\/wp-content\/uploads\/sites\/140\/2022\/09\/ecosocialisme1-279x300.jpg 279w\" sizes=\"(max-width: 556px) 100vw, 556px\" \/><\/div><\/a>\n\t\t\t\t<div class=\"elementor-post__text\">\n\t\t\t\t<h3 class=\"elementor-post__title\">\n\t\t\t<a href=\"https:\/\/cftc-sicsti.fr\/sgs\/greenwashing-ecosocialisme-non\/\" >\n\t\t\t\tGreenWashing ? Ecosocialisme ? Non !\t\t\t<\/a>\n\t\t<\/h3>\n\t\t\t\t<div class=\"elementor-post__excerpt\">\n\t\t\t<p>Je suis tomb\u00e9 r\u00e9cemment sur cet article de mediapart relatant les \u00ab\u00a0fausses pistes\u00a0\u00bb que l\u2019on met en avant en ce moment et qui s\u2019apparente pour ce chercheur du CNRS \u00e0 de la d\u00e9magogie \u00e9cologique\u2026 Nous rencontrons d&rsquo;ailleurs souvent dans nos diff\u00e9rents CSE des syndicalistes qui vilipendent syst\u00e9matiquement les voyages en avion et voudraient favoriser les parcours<\/p>\n\t\t<\/div>\n\t\t\t\t<\/div>\n\t\t\t\t<div class=\"elementor-post__meta-data\">\n\t\t\t\t\t<span class=\"elementor-post-date\">\n\t\t\t22 septembre 2022\t\t<\/span>\n\t\t\t\t<\/div>\n\t\t\t\t\t<\/div>\n\t\t<\/article>\n\t\t\t\t<article class=\"elementor-post elementor-grid-item post-5338 post type-post status-publish format-standard has-post-thumbnail hentry category-harcelement\">\n\t\t\t<div class=\"elementor-post__card\">\n\t\t\t\t<a class=\"elementor-post__thumbnail__link\" href=\"https:\/\/cftc-sicsti.fr\/sgs\/lutte-contre-le-harcelement-sexuel-les-grosses-entreprises-assurent\/\" tabindex=\"-1\" ><div class=\"elementor-post__thumbnail\"><img loading=\"lazy\" decoding=\"async\" width=\"858\" height=\"476\" src=\"https:\/\/cftc-sicsti.fr\/sgs\/wp-content\/uploads\/sites\/140\/2022\/09\/harassment.jpg\" class=\"attachment-full size-full wp-image-5348\" alt=\"\" srcset=\"https:\/\/cftc-sicsti.fr\/sgs\/wp-content\/uploads\/sites\/140\/2022\/09\/harassment.jpg 858w, https:\/\/cftc-sicsti.fr\/sgs\/wp-content\/uploads\/sites\/140\/2022\/09\/harassment-300x166.jpg 300w, https:\/\/cftc-sicsti.fr\/sgs\/wp-content\/uploads\/sites\/140\/2022\/09\/harassment-768x426.jpg 768w, https:\/\/cftc-sicsti.fr\/sgs\/wp-content\/uploads\/sites\/140\/2022\/09\/harassment-600x333.jpg 600w\" sizes=\"(max-width: 858px) 100vw, 858px\" \/><\/div><\/a>\n\t\t\t\t<div class=\"elementor-post__text\">\n\t\t\t\t<h3 class=\"elementor-post__title\">\n\t\t\t<a href=\"https:\/\/cftc-sicsti.fr\/sgs\/lutte-contre-le-harcelement-sexuel-les-grosses-entreprises-assurent\/\" >\n\t\t\t\tLutte contre le harc\u00e8lement sexuel : les grosses entreprises assurent &#8230;\t\t\t<\/a>\n\t\t<\/h3>\n\t\t\t\t<div class=\"elementor-post__excerpt\">\n\t\t\t<p>La lutte contre le harc\u00e8lement sexuel a \u00e9t\u00e9 int\u00e9gr\u00e9e dans des accords r\u00e9cents des ESN comme Capgemini ou Accenture. Capgemini en 2021 La n\u00e9gociation de l&rsquo;accord sur l&rsquo;\u00e9galit\u00e9 professionnelle a eu lieu a plusieurs reprises en 2011, 2015 et 2018. En 2021, la CFTC a sign\u00e9 l&rsquo;accord sur l&rsquo;\u00e9galit\u00e9 entre les femmes et les hommes, la<\/p>\n\t\t<\/div>\n\t\t\t\t<\/div>\n\t\t\t\t<div class=\"elementor-post__meta-data\">\n\t\t\t\t\t<span class=\"elementor-post-date\">\n\t\t\t22 septembre 2022\t\t<\/span>\n\t\t\t\t<\/div>\n\t\t\t\t\t<\/div>\n\t\t<\/article>\n\t\t\t\t<article class=\"elementor-post elementor-grid-item post-5339 post type-post status-publish format-standard has-post-thumbnail hentry category-demission\">\n\t\t\t<div class=\"elementor-post__card\">\n\t\t\t\t<a class=\"elementor-post__thumbnail__link\" href=\"https:\/\/cftc-sicsti.fr\/sgs\/demissionnaires-pourquoi-partent-ils\/\" tabindex=\"-1\" ><div class=\"elementor-post__thumbnail\"><img loading=\"lazy\" decoding=\"async\" width=\"400\" height=\"400\" src=\"https:\/\/cftc-sicsti.fr\/sgs\/wp-content\/uploads\/sites\/140\/2023\/07\/Logo-RS.jpg\" class=\"attachment-full size-full wp-image-5433\" alt=\"\" srcset=\"https:\/\/cftc-sicsti.fr\/sgs\/wp-content\/uploads\/sites\/140\/2023\/07\/Logo-RS.jpg 400w, https:\/\/cftc-sicsti.fr\/sgs\/wp-content\/uploads\/sites\/140\/2023\/07\/Logo-RS-300x300.jpg 300w, https:\/\/cftc-sicsti.fr\/sgs\/wp-content\/uploads\/sites\/140\/2023\/07\/Logo-RS-150x150.jpg 150w\" sizes=\"(max-width: 400px) 100vw, 400px\" \/><\/div><\/a>\n\t\t\t\t<div class=\"elementor-post__text\">\n\t\t\t\t<h3 class=\"elementor-post__title\">\n\t\t\t<a href=\"https:\/\/cftc-sicsti.fr\/sgs\/demissionnaires-pourquoi-partent-ils\/\" >\n\t\t\t\tD\u00e9missionnaires : pourquoi partent-ils ?\t\t\t<\/a>\n\t\t<\/h3>\n\t\t\t\t<div class=\"elementor-post__excerpt\">\n\t\t\t<p>Nos dirigeants et managers interviewent syst\u00e9matiquement les salari\u00e9s qui d\u00e9cident de quitter l&rsquo;entreprise. Ceux-ci ne sont pas toujours enclins \u00e0 indiquer la d\u00e9cision de leur d\u00e9part malgr\u00e9 les demandes de la direction. Etude de Cadremploi sur les d\u00e9missionnaires Le site Cadremploi a r\u00e9cemment publi\u00e9 une \u00e9tude extraite de retours d&rsquo;experts du march\u00e9 du travail qui ont<\/p>\n\t\t<\/div>\n\t\t\t\t<\/div>\n\t\t\t\t<div class=\"elementor-post__meta-data\">\n\t\t\t\t\t<span class=\"elementor-post-date\">\n\t\t\t21 septembre 2022\t\t<\/span>\n\t\t\t\t<\/div>\n\t\t\t\t\t<\/div>\n\t\t<\/article>\n\t\t\t\t<article class=\"elementor-post elementor-grid-item post-5340 post type-post status-publish format-standard has-post-thumbnail hentry category-salaires\">\n\t\t\t<div class=\"elementor-post__card\">\n\t\t\t\t<a class=\"elementor-post__thumbnail__link\" href=\"https:\/\/cftc-sicsti.fr\/sgs\/pour-obtenir-une-augmentation-faut-demander\/\" tabindex=\"-1\" ><div class=\"elementor-post__thumbnail\"><img loading=\"lazy\" decoding=\"async\" width=\"1200\" height=\"450\" src=\"https:\/\/cftc-sicsti.fr\/sgs\/wp-content\/uploads\/sites\/140\/2022\/09\/e4f6a605-3adb-4e8e-9a10-31922fc7ab8d_Augmentationdemandeeparlescadres1.jpg\" class=\"attachment-full size-full wp-image-5352\" alt=\"\" srcset=\"https:\/\/cftc-sicsti.fr\/sgs\/wp-content\/uploads\/sites\/140\/2022\/09\/e4f6a605-3adb-4e8e-9a10-31922fc7ab8d_Augmentationdemandeeparlescadres1.jpg 1200w, https:\/\/cftc-sicsti.fr\/sgs\/wp-content\/uploads\/sites\/140\/2022\/09\/e4f6a605-3adb-4e8e-9a10-31922fc7ab8d_Augmentationdemandeeparlescadres1-300x113.jpg 300w, https:\/\/cftc-sicsti.fr\/sgs\/wp-content\/uploads\/sites\/140\/2022\/09\/e4f6a605-3adb-4e8e-9a10-31922fc7ab8d_Augmentationdemandeeparlescadres1-1024x384.jpg 1024w, https:\/\/cftc-sicsti.fr\/sgs\/wp-content\/uploads\/sites\/140\/2022\/09\/e4f6a605-3adb-4e8e-9a10-31922fc7ab8d_Augmentationdemandeeparlescadres1-768x288.jpg 768w, https:\/\/cftc-sicsti.fr\/sgs\/wp-content\/uploads\/sites\/140\/2022\/09\/e4f6a605-3adb-4e8e-9a10-31922fc7ab8d_Augmentationdemandeeparlescadres1-600x225.jpg 600w\" sizes=\"(max-width: 1200px) 100vw, 1200px\" \/><\/div><\/a>\n\t\t\t\t<div class=\"elementor-post__text\">\n\t\t\t\t<h3 class=\"elementor-post__title\">\n\t\t\t<a href=\"https:\/\/cftc-sicsti.fr\/sgs\/pour-obtenir-une-augmentation-faut-demander\/\" >\n\t\t\t\tPour obtenir une augmentation, faut demander&#8230;\t\t\t<\/a>\n\t\t<\/h3>\n\t\t\t\t<div class=\"elementor-post__excerpt\">\n\t\t\t<p>Une \u00e9tude du cabinet Robert Walters r\u00e9v\u00e8le les in\u00e9galit\u00e9s entre les cadres qui ont demand\u00e9 une augmentation de salaire et les autres. En ce temps de barom\u00e8tres et de pr\u00e9paration \u00e0 nos entretiens individuels, vaut mieux \u00e9viter les plaintes ou les menaces de d\u00e9mission, vaut mieux pr\u00e9parer et demander ses demandes de n\u00e9gociation d&rsquo;augmentations ! Pour<\/p>\n\t\t<\/div>\n\t\t\t\t<\/div>\n\t\t\t\t<div class=\"elementor-post__meta-data\">\n\t\t\t\t\t<span class=\"elementor-post-date\">\n\t\t\t21 septembre 2022\t\t<\/span>\n\t\t\t\t<\/div>\n\t\t\t\t\t<\/div>\n\t\t<\/article>\n\t\t\t\t<article class=\"elementor-post elementor-grid-item post-5341 post type-post status-publish format-standard has-post-thumbnail hentry category-inflation\">\n\t\t\t<div class=\"elementor-post__card\">\n\t\t\t\t<a class=\"elementor-post__thumbnail__link\" href=\"https:\/\/cftc-sicsti.fr\/sgs\/inflation-une-preoccupation-evidente\/\" tabindex=\"-1\" ><div class=\"elementor-post__thumbnail\"><img loading=\"lazy\" decoding=\"async\" width=\"500\" height=\"300\" src=\"https:\/\/cftc-sicsti.fr\/sgs\/wp-content\/uploads\/sites\/140\/2022\/09\/file1.png\" class=\"attachment-full size-full wp-image-5354\" alt=\"\" srcset=\"https:\/\/cftc-sicsti.fr\/sgs\/wp-content\/uploads\/sites\/140\/2022\/09\/file1.png 500w, https:\/\/cftc-sicsti.fr\/sgs\/wp-content\/uploads\/sites\/140\/2022\/09\/file1-300x180.png 300w\" sizes=\"(max-width: 500px) 100vw, 500px\" \/><\/div><\/a>\n\t\t\t\t<div class=\"elementor-post__text\">\n\t\t\t\t<h3 class=\"elementor-post__title\">\n\t\t\t<a href=\"https:\/\/cftc-sicsti.fr\/sgs\/inflation-une-preoccupation-evidente\/\" >\n\t\t\t\tInflation : une pr\u00e9occupation \u00e9vidente !\t\t\t<\/a>\n\t\t<\/h3>\n\t\t\t\t<div class=\"elementor-post__excerpt\">\n\t\t\t<p>Il n&rsquo;y a pas un moment dans l&rsquo;actualit\u00e9 o\u00f9 nos d\u00e9put\u00e9s, partis politiques, syndicats ou gouvernement n&rsquo;abordent pas le sujet de l&rsquo;inflation, un sujet nouveau pour notre 21e si\u00e8cle depuis la mise en place de l&rsquo;Euro. Google confirme le stress de nos concitoyens Les recherches les plus fr\u00e9quentes de Google sur le pouvoir d&rsquo;achat se multiplie<\/p>\n\t\t<\/div>\n\t\t\t\t<\/div>\n\t\t\t\t<div class=\"elementor-post__meta-data\">\n\t\t\t\t\t<span class=\"elementor-post-date\">\n\t\t\t21 septembre 2022\t\t<\/span>\n\t\t\t\t<\/div>\n\t\t\t\t\t<\/div>\n\t\t<\/article>\n\t\t\t\t<article class=\"elementor-post elementor-grid-item post-5342 post type-post status-publish format-standard has-post-thumbnail hentry category-non-classe\">\n\t\t\t<div class=\"elementor-post__card\">\n\t\t\t\t<a class=\"elementor-post__thumbnail__link\" href=\"https:\/\/cftc-sicsti.fr\/sgs\/greve-chez-wordline-la-cftc-est-sur-le-terrain\/\" tabindex=\"-1\" ><div class=\"elementor-post__thumbnail\"><img loading=\"lazy\" decoding=\"async\" width=\"988\" height=\"540\" src=\"https:\/\/cftc-sicsti.fr\/sgs\/wp-content\/uploads\/sites\/140\/2022\/09\/wordline1.jpg\" class=\"attachment-full size-full wp-image-5356\" alt=\"\" srcset=\"https:\/\/cftc-sicsti.fr\/sgs\/wp-content\/uploads\/sites\/140\/2022\/09\/wordline1.jpg 988w, https:\/\/cftc-sicsti.fr\/sgs\/wp-content\/uploads\/sites\/140\/2022\/09\/wordline1-300x164.jpg 300w, https:\/\/cftc-sicsti.fr\/sgs\/wp-content\/uploads\/sites\/140\/2022\/09\/wordline1-768x420.jpg 768w, https:\/\/cftc-sicsti.fr\/sgs\/wp-content\/uploads\/sites\/140\/2022\/09\/wordline1-600x328.jpg 600w\" sizes=\"(max-width: 988px) 100vw, 988px\" \/><\/div><\/a>\n\t\t\t\t<div class=\"elementor-post__text\">\n\t\t\t\t<h3 class=\"elementor-post__title\">\n\t\t\t<a href=\"https:\/\/cftc-sicsti.fr\/sgs\/greve-chez-wordline-la-cftc-est-sur-le-terrain\/\" >\n\t\t\t\tGr\u00e8ve chez Wordline : la CFTC est sur le terrain\t\t\t<\/a>\n\t\t<\/h3>\n\t\t\t\t<div class=\"elementor-post__excerpt\">\n\t\t\t<p>Une premi\u00e8re journ\u00e9e d\u2019action s\u2019est d\u00e9roul\u00e9e mardi 6 septembre et a rassembl\u00e9 environ 1000 personnes ! Vous trouverez des infos sur des sites d\u2019informations r\u00e9gionales et nationales comme BFM , Zonebourse ou La Nouvelle R\u00e9publique Un autre mouvement est pr\u00e9vu mardi 13 Septembre. Un grand bravo \u00e0 nos \u00e9quipes \u00e0 Lyon et a Blois !<\/p>\n\t\t<\/div>\n\t\t\t\t<\/div>\n\t\t\t\t<div class=\"elementor-post__meta-data\">\n\t\t\t\t\t<span class=\"elementor-post-date\">\n\t\t\t10 septembre 2022\t\t<\/span>\n\t\t\t\t<\/div>\n\t\t\t\t\t<\/div>\n\t\t<\/article>\n\t\t\t\t<article class=\"elementor-post elementor-grid-item post-5293 post type-post status-publish format-standard has-post-thumbnail hentry category-non-classe\">\n\t\t\t<div class=\"elementor-post__card\">\n\t\t\t\t<a class=\"elementor-post__thumbnail__link\" href=\"https:\/\/cftc-sicsti.fr\/sgs\/faut-il-suivre-les-formations-obligatoires\/\" tabindex=\"-1\" ><div class=\"elementor-post__thumbnail\"><img loading=\"lazy\" decoding=\"async\" width=\"2088\" height=\"1044\" src=\"https:\/\/cftc-sicsti.fr\/sgs\/wp-content\/uploads\/sites\/140\/2021\/01\/nuage-de-mots.png\" class=\"attachment-full size-full wp-image-1711\" alt=\"\" \/><\/div><\/a>\n\t\t\t\t<div class=\"elementor-post__text\">\n\t\t\t\t<h3 class=\"elementor-post__title\">\n\t\t\t<a href=\"https:\/\/cftc-sicsti.fr\/sgs\/faut-il-suivre-les-formations-obligatoires\/\" >\n\t\t\t\tFaut-il suivre les formations obligatoires ?\t\t\t<\/a>\n\t\t<\/h3>\n\t\t\t\t<div class=\"elementor-post__excerpt\">\n\t\t\t<p>Les formations obligatoires sont &#8230; obligatoires &#8230; et, dit comme cela, elles n&rsquo;engagent pas vraiment \u00e0 \u00eatre regard\u00e9es et beaucoup sont r\u00e9ticents \u00e0 les suivre. Pourquoi ? De nombreuses raisons de ne pas les faire&#8230; \u00a0les salari\u00e9s consid\u00e8rent que ce n&rsquo;est pas une vraie formation qui leur peut leur servir dans leur progression de carri\u00e8re m\u00eame<\/p>\n\t\t<\/div>\n\t\t\t\t<\/div>\n\t\t\t\t<div class=\"elementor-post__meta-data\">\n\t\t\t\t\t<span class=\"elementor-post-date\">\n\t\t\t14 ao\u00fbt 2022\t\t<\/span>\n\t\t\t\t<\/div>\n\t\t\t\t\t<\/div>\n\t\t<\/article>\n\t\t\t\t<article class=\"elementor-post elementor-grid-item post-5304 post type-post status-publish format-standard has-post-thumbnail hentry category-non-classe\">\n\t\t\t<div class=\"elementor-post__card\">\n\t\t\t\t<a class=\"elementor-post__thumbnail__link\" href=\"https:\/\/cftc-sicsti.fr\/sgs\/bsinutile\/\" tabindex=\"-1\" ><div class=\"elementor-post__thumbnail\"><img loading=\"lazy\" decoding=\"async\" width=\"2560\" height=\"1810\" src=\"https:\/\/cftc-sicsti.fr\/sgs\/wp-content\/uploads\/sites\/140\/2022\/08\/BS9_202206_00161496_BSINDI20211-scaled-2.jpg\" class=\"attachment-full size-full wp-image-5327\" alt=\"\" srcset=\"https:\/\/cftc-sicsti.fr\/sgs\/wp-content\/uploads\/sites\/140\/2022\/08\/BS9_202206_00161496_BSINDI20211-scaled-2.jpg 2560w, https:\/\/cftc-sicsti.fr\/sgs\/wp-content\/uploads\/sites\/140\/2022\/08\/BS9_202206_00161496_BSINDI20211-scaled-2-300x212.jpg 300w, https:\/\/cftc-sicsti.fr\/sgs\/wp-content\/uploads\/sites\/140\/2022\/08\/BS9_202206_00161496_BSINDI20211-scaled-2-1024x724.jpg 1024w, https:\/\/cftc-sicsti.fr\/sgs\/wp-content\/uploads\/sites\/140\/2022\/08\/BS9_202206_00161496_BSINDI20211-scaled-2-768x543.jpg 768w, https:\/\/cftc-sicsti.fr\/sgs\/wp-content\/uploads\/sites\/140\/2022\/08\/BS9_202206_00161496_BSINDI20211-scaled-2-600x424.jpg 600w, https:\/\/cftc-sicsti.fr\/sgs\/wp-content\/uploads\/sites\/140\/2022\/08\/BS9_202206_00161496_BSINDI20211-scaled-2-1536x1086.jpg 1536w, https:\/\/cftc-sicsti.fr\/sgs\/wp-content\/uploads\/sites\/140\/2022\/08\/BS9_202206_00161496_BSINDI20211-scaled-2-2048x1448.jpg 2048w\" sizes=\"(max-width: 2560px) 100vw, 2560px\" \/><\/div><\/a>\n\t\t\t\t<div class=\"elementor-post__text\">\n\t\t\t\t<h3 class=\"elementor-post__title\">\n\t\t\t<a href=\"https:\/\/cftc-sicsti.fr\/sgs\/bsinutile\/\" >\n\t\t\t\tBSInutile ?\t\t\t<\/a>\n\t\t<\/h3>\n\t\t\t\t<div class=\"elementor-post__excerpt\">\n\t\t\t<p>Les entreprises fran\u00e7aises sont tenues de mettre en place un certain nombre de documents obligatoires mais certains restent facultatifs comme le BSI ou \u00ab\u00a0Bilan Social Individuel\u00a0\u00bb, document qui r\u00e9capitule l&rsquo;ensemble des salaires et avantages per\u00e7us par un salari\u00e9 au cours de l&rsquo;ann\u00e9e \u00e9coul\u00e9e. C\u00f4t\u00e9 entreprise : un outil de communication Ce document produit par Capgemini depuis<\/p>\n\t\t<\/div>\n\t\t\t\t<\/div>\n\t\t\t\t<div class=\"elementor-post__meta-data\">\n\t\t\t\t\t<span class=\"elementor-post-date\">\n\t\t\t14 ao\u00fbt 2022\t\t<\/span>\n\t\t\t\t<\/div>\n\t\t\t\t\t<\/div>\n\t\t<\/article>\n\t\t\t\t<article class=\"elementor-post elementor-grid-item post-5295 post type-post status-publish format-standard has-post-thumbnail hentry category-non-classe\">\n\t\t\t<div class=\"elementor-post__card\">\n\t\t\t\t<a class=\"elementor-post__thumbnail__link\" href=\"https:\/\/cftc-sicsti.fr\/sgs\/capgemini-dans-le-metavers\/\" tabindex=\"-1\" ><div class=\"elementor-post__thumbnail\"><img loading=\"lazy\" decoding=\"async\" width=\"600\" height=\"337\" src=\"https:\/\/cftc-sicsti.fr\/sgs\/wp-content\/uploads\/sites\/140\/2022\/08\/iStock-13721151871.jpg\" class=\"attachment-full size-full wp-image-5307\" alt=\"\" srcset=\"https:\/\/cftc-sicsti.fr\/sgs\/wp-content\/uploads\/sites\/140\/2022\/08\/iStock-13721151871.jpg 600w, https:\/\/cftc-sicsti.fr\/sgs\/wp-content\/uploads\/sites\/140\/2022\/08\/iStock-13721151871-300x169.jpg 300w\" sizes=\"(max-width: 600px) 100vw, 600px\" \/><\/div><\/a>\n\t\t\t\t<div class=\"elementor-post__text\">\n\t\t\t\t<h3 class=\"elementor-post__title\">\n\t\t\t<a href=\"https:\/\/cftc-sicsti.fr\/sgs\/capgemini-dans-le-metavers\/\" >\n\t\t\t\tCapgemini dans le Metavers\t\t\t<\/a>\n\t\t<\/h3>\n\t\t\t\t<div class=\"elementor-post__excerpt\">\n\t\t\t<p>Partenariat Capgemini et Unity dans le Metavers Capgemini a d\u00e9cid\u00e9 de collaborer avec la soci\u00e9t\u00e9 Unity, bien connue du monde des jeux vid\u00e9os, pour produire pour le M\u00e9tavers des boutiques log\u00e9es dans un monde virtuel, environnement de travail en 3D, formation, jumeau num\u00e9rique dans l&rsquo;industrie comme l&rsquo;a indiqu\u00e9 le directeur des technologies et de l&rsquo;innovation pour<\/p>\n\t\t<\/div>\n\t\t\t\t<\/div>\n\t\t\t\t<div class=\"elementor-post__meta-data\">\n\t\t\t\t\t<span class=\"elementor-post-date\">\n\t\t\t14 ao\u00fbt 2022\t\t<\/span>\n\t\t\t\t<\/div>\n\t\t\t\t\t<\/div>\n\t\t<\/article>\n\t\t\t\t<article class=\"elementor-post elementor-grid-item post-5296 post type-post status-publish format-standard has-post-thumbnail hentry category-non-classe\">\n\t\t\t<div class=\"elementor-post__card\">\n\t\t\t\t<a class=\"elementor-post__thumbnail__link\" href=\"https:\/\/cftc-sicsti.fr\/sgs\/olympiades-du-cse-reussies-depuis-2018\/\" tabindex=\"-1\" ><div class=\"elementor-post__thumbnail\"><img loading=\"lazy\" decoding=\"async\" width=\"466\" height=\"661\" src=\"https:\/\/cftc-sicsti.fr\/sgs\/wp-content\/uploads\/sites\/140\/2022\/08\/soustons.jpg\" class=\"attachment-full size-full wp-image-5309\" alt=\"\" srcset=\"https:\/\/cftc-sicsti.fr\/sgs\/wp-content\/uploads\/sites\/140\/2022\/08\/soustons.jpg 466w, https:\/\/cftc-sicsti.fr\/sgs\/wp-content\/uploads\/sites\/140\/2022\/08\/soustons-211x300.jpg 211w\" sizes=\"(max-width: 466px) 100vw, 466px\" \/><\/div><\/a>\n\t\t\t\t<div class=\"elementor-post__text\">\n\t\t\t\t<h3 class=\"elementor-post__title\">\n\t\t\t<a href=\"https:\/\/cftc-sicsti.fr\/sgs\/olympiades-du-cse-reussies-depuis-2018\/\" >\n\t\t\t\tOlympiades du CSE : r\u00e9ussies depuis 2018 !\t\t\t<\/a>\n\t\t<\/h3>\n\t\t\t\t<div class=\"elementor-post__excerpt\">\n\t\t\t<p>En 2016 dans nos propositions pour le CSE figuraient sur proposition de L.Schouler, la volont\u00e9 d&rsquo;organiser par le CSE une comp\u00e9tition interne \u00e0 Capgemini en lieu et place de celle des \u00ab\u00a0Corporate Games d&rsquo;Annecy\u00a0\u00bb orient\u00e9e multi-entreprises. Comp\u00e9tition inter-r\u00e9gions depuis 2018 pour le CSE APPLI Donc, en 2018, 2019 et 2021, les olympiades du CSE ont regroup\u00e9<\/p>\n\t\t<\/div>\n\t\t\t\t<\/div>\n\t\t\t\t<div class=\"elementor-post__meta-data\">\n\t\t\t\t\t<span class=\"elementor-post-date\">\n\t\t\t14 ao\u00fbt 2022\t\t<\/span>\n\t\t\t\t<\/div>\n\t\t\t\t\t<\/div>\n\t\t<\/article>\n\t\t\t\t<article class=\"elementor-post elementor-grid-item post-5297 post type-post status-publish format-standard has-post-thumbnail hentry category-non-classe\">\n\t\t\t<div class=\"elementor-post__card\">\n\t\t\t\t<a class=\"elementor-post__thumbnail__link\" href=\"https:\/\/cftc-sicsti.fr\/sgs\/capgemini-accord-sur-le-droit-a-la-deconnexion\/\" tabindex=\"-1\" ><div class=\"elementor-post__thumbnail\"><img loading=\"lazy\" decoding=\"async\" width=\"256\" height=\"256\" src=\"https:\/\/cftc-sicsti.fr\/sgs\/wp-content\/uploads\/sites\/140\/2022\/08\/Crystal_Project_Exit1.png\" class=\"attachment-full size-full wp-image-5311\" alt=\"\" srcset=\"https:\/\/cftc-sicsti.fr\/sgs\/wp-content\/uploads\/sites\/140\/2022\/08\/Crystal_Project_Exit1.png 256w, https:\/\/cftc-sicsti.fr\/sgs\/wp-content\/uploads\/sites\/140\/2022\/08\/Crystal_Project_Exit1-150x150.png 150w\" sizes=\"(max-width: 256px) 100vw, 256px\" \/><\/div><\/a>\n\t\t\t\t<div class=\"elementor-post__text\">\n\t\t\t\t<h3 class=\"elementor-post__title\">\n\t\t\t<a href=\"https:\/\/cftc-sicsti.fr\/sgs\/capgemini-accord-sur-le-droit-a-la-deconnexion\/\" >\n\t\t\t\tCapgemini : accord sur le droit \u00e0 la d\u00e9connexion\t\t\t<\/a>\n\t\t<\/h3>\n\t\t\t\t<div class=\"elementor-post__excerpt\">\n\t\t\t<p>Un nouvel accord sur le droit \u00e0 la d\u00e9connexion a \u00e9t\u00e9 sign\u00e9 au sein du groupe Capgemini, incluant donc Altran, par une majorit\u00e9 de syndicats repr\u00e9sentatifs. Cet accord sanctuarise un certain nombre de pratiques d\u00e9j\u00e0 formalis\u00e9es notamment des actions men\u00e9es en faveur de la qualit\u00e9 de vie au travail, de l&rsquo;ANI sur le t\u00e9l\u00e9travail de Novembre<\/p>\n\t\t<\/div>\n\t\t\t\t<\/div>\n\t\t\t\t<div class=\"elementor-post__meta-data\">\n\t\t\t\t\t<span class=\"elementor-post-date\">\n\t\t\t12 ao\u00fbt 2022\t\t<\/span>\n\t\t\t\t<\/div>\n\t\t\t\t\t<\/div>\n\t\t<\/article>\n\t\t\t\t<article class=\"elementor-post elementor-grid-item post-5298 post type-post status-publish format-standard has-post-thumbnail hentry category-non-classe\">\n\t\t\t<div class=\"elementor-post__card\">\n\t\t\t\t<a class=\"elementor-post__thumbnail__link\" href=\"https:\/\/cftc-sicsti.fr\/sgs\/pologne-1980-et-ukraine-2022-cftc-toujours-solidaire\/\" tabindex=\"-1\" ><div class=\"elementor-post__thumbnail\"><img loading=\"lazy\" decoding=\"async\" width=\"1318\" height=\"916\" src=\"https:\/\/cftc-sicsti.fr\/sgs\/wp-content\/uploads\/sites\/140\/2022\/08\/lech.jpg\" class=\"attachment-full size-full wp-image-5313\" alt=\"\" srcset=\"https:\/\/cftc-sicsti.fr\/sgs\/wp-content\/uploads\/sites\/140\/2022\/08\/lech.jpg 1318w, https:\/\/cftc-sicsti.fr\/sgs\/wp-content\/uploads\/sites\/140\/2022\/08\/lech-300x208.jpg 300w, https:\/\/cftc-sicsti.fr\/sgs\/wp-content\/uploads\/sites\/140\/2022\/08\/lech-1024x712.jpg 1024w, https:\/\/cftc-sicsti.fr\/sgs\/wp-content\/uploads\/sites\/140\/2022\/08\/lech-768x534.jpg 768w, https:\/\/cftc-sicsti.fr\/sgs\/wp-content\/uploads\/sites\/140\/2022\/08\/lech-600x417.jpg 600w\" sizes=\"(max-width: 1318px) 100vw, 1318px\" \/><\/div><\/a>\n\t\t\t\t<div class=\"elementor-post__text\">\n\t\t\t\t<h3 class=\"elementor-post__title\">\n\t\t\t<a href=\"https:\/\/cftc-sicsti.fr\/sgs\/pologne-1980-et-ukraine-2022-cftc-toujours-solidaire\/\" >\n\t\t\t\tPologne 1980 et Ukraine 2022 : CFTC toujours solidaire\t\t\t<\/a>\n\t\t<\/h3>\n\t\t\t\t<div class=\"elementor-post__excerpt\">\n\t\t\t<p>Depuis ses d\u00e9buts, la CFTC s&rsquo;est toujours inscrit dans un combat pour le respect de l&rsquo;\u00eatre humain et l&rsquo;am\u00e9lioration de sa condition. L&rsquo;apparition en 1980 en Pologne d&rsquo;un syndicat presque libre, exceptionnel \u00e0 l&rsquo;\u00e9poque dans les d\u00e9mocraties dites populaires de l&rsquo;est europ\u00e9en, a produit un \u00e9lan de solidarit\u00e9 vers ce syndicat et les polonais entre autres<\/p>\n\t\t<\/div>\n\t\t\t\t<\/div>\n\t\t\t\t<div class=\"elementor-post__meta-data\">\n\t\t\t\t\t<span class=\"elementor-post-date\">\n\t\t\t12 ao\u00fbt 2022\t\t<\/span>\n\t\t\t\t<\/div>\n\t\t\t\t\t<\/div>\n\t\t<\/article>\n\t\t\t\t<article class=\"elementor-post elementor-grid-item post-5299 post type-post status-publish format-standard has-post-thumbnail hentry category-non-classe\">\n\t\t\t<div class=\"elementor-post__card\">\n\t\t\t\t<a class=\"elementor-post__thumbnail__link\" href=\"https:\/\/cftc-sicsti.fr\/sgs\/canicules-des-recommandations-claires\/\" tabindex=\"-1\" ><div class=\"elementor-post__thumbnail\"><img loading=\"lazy\" decoding=\"async\" width=\"2634\" height=\"2173\" src=\"https:\/\/cftc-sicsti.fr\/sgs\/wp-content\/uploads\/sites\/140\/2022\/01\/CFTC-Logo.png\" class=\"attachment-full size-full wp-image-4857\" alt=\"\" srcset=\"https:\/\/cftc-sicsti.fr\/sgs\/wp-content\/uploads\/sites\/140\/2022\/01\/CFTC-Logo.png 2634w, https:\/\/cftc-sicsti.fr\/sgs\/wp-content\/uploads\/sites\/140\/2022\/01\/CFTC-Logo-300x247.png 300w, https:\/\/cftc-sicsti.fr\/sgs\/wp-content\/uploads\/sites\/140\/2022\/01\/CFTC-Logo-1024x845.png 1024w, https:\/\/cftc-sicsti.fr\/sgs\/wp-content\/uploads\/sites\/140\/2022\/01\/CFTC-Logo-768x634.png 768w, https:\/\/cftc-sicsti.fr\/sgs\/wp-content\/uploads\/sites\/140\/2022\/01\/CFTC-Logo-1536x1267.png 1536w, https:\/\/cftc-sicsti.fr\/sgs\/wp-content\/uploads\/sites\/140\/2022\/01\/CFTC-Logo-2048x1690.png 2048w\" sizes=\"(max-width: 2634px) 100vw, 2634px\" \/><\/div><\/a>\n\t\t\t\t<div class=\"elementor-post__text\">\n\t\t\t\t<h3 class=\"elementor-post__title\">\n\t\t\t<a href=\"https:\/\/cftc-sicsti.fr\/sgs\/canicules-des-recommandations-claires\/\" >\n\t\t\t\tCanicules : des recommandations claires !\t\t\t<\/a>\n\t\t<\/h3>\n\t\t\t\t<div class=\"elementor-post__excerpt\">\n\t\t\t<p>Nous le savons tous, les canicules vont se r\u00e9p\u00e9ter de plus en plus \u00e0 l&rsquo;avenir et vont changer radicalement notre environnement comme le souligne la photo de cet article et celles ci-dessous qui ne sont pour l&rsquo;instant que des estimations&#8230; Notre employeur, comme beaucoup d&rsquo;autres, a mis en place des mesures aptes notamment \u00e0 assurer la<\/p>\n\t\t<\/div>\n\t\t\t\t<\/div>\n\t\t\t\t<div class=\"elementor-post__meta-data\">\n\t\t\t\t\t<span class=\"elementor-post-date\">\n\t\t\t12 ao\u00fbt 2022\t\t<\/span>\n\t\t\t\t<\/div>\n\t\t\t\t\t<\/div>\n\t\t<\/article>\n\t\t\t\t<article class=\"elementor-post elementor-grid-item post-5300 post type-post status-publish format-standard has-post-thumbnail hentry category-non-classe\">\n\t\t\t<div class=\"elementor-post__card\">\n\t\t\t\t<a class=\"elementor-post__thumbnail__link\" href=\"https:\/\/cftc-sicsti.fr\/sgs\/cfp-ne-pas-oublier\/\" tabindex=\"-1\" ><div class=\"elementor-post__thumbnail\"><img loading=\"lazy\" decoding=\"async\" width=\"882\" height=\"623\" src=\"https:\/\/cftc-sicsti.fr\/sgs\/wp-content\/uploads\/sites\/140\/2022\/08\/cfpnepas.jpg\" class=\"attachment-full size-full wp-image-5317\" alt=\"\" srcset=\"https:\/\/cftc-sicsti.fr\/sgs\/wp-content\/uploads\/sites\/140\/2022\/08\/cfpnepas.jpg 882w, https:\/\/cftc-sicsti.fr\/sgs\/wp-content\/uploads\/sites\/140\/2022\/08\/cfpnepas-300x212.jpg 300w, https:\/\/cftc-sicsti.fr\/sgs\/wp-content\/uploads\/sites\/140\/2022\/08\/cfpnepas-768x542.jpg 768w, https:\/\/cftc-sicsti.fr\/sgs\/wp-content\/uploads\/sites\/140\/2022\/08\/cfpnepas-600x424.jpg 600w\" sizes=\"(max-width: 882px) 100vw, 882px\" \/><\/div><\/a>\n\t\t\t\t<div class=\"elementor-post__text\">\n\t\t\t\t<h3 class=\"elementor-post__title\">\n\t\t\t<a href=\"https:\/\/cftc-sicsti.fr\/sgs\/cfp-ne-pas-oublier\/\" >\n\t\t\t\tCFP : ne pas oublier &#8230;\t\t\t<\/a>\n\t\t<\/h3>\n\t\t\t\t<div class=\"elementor-post__excerpt\">\n\t\t\t<p>La CFP est une institution chez Capgemini depuis des dizaines d&rsquo;ann\u00e9es mais de nombreux coll\u00e8gues ne l&rsquo;utilisent pas ou ne la connaissent m\u00eame pas&#8230; Et quand ils l&rsquo;utilisent, ils ont tendance \u00e0 ne pas tenir compte des nombreux conseils donn\u00e9es par cette instance paritaire qui se r\u00e9unit syst\u00e9matiquement tous les mois pour d\u00e9terminer une r\u00e9ponse claire<\/p>\n\t\t<\/div>\n\t\t\t\t<\/div>\n\t\t\t\t<div class=\"elementor-post__meta-data\">\n\t\t\t\t\t<span class=\"elementor-post-date\">\n\t\t\t12 ao\u00fbt 2022\t\t<\/span>\n\t\t\t\t<\/div>\n\t\t\t\t\t<\/div>\n\t\t<\/article>\n\t\t\t\t<article class=\"elementor-post elementor-grid-item post-5301 post type-post status-publish format-standard has-post-thumbnail hentry category-non-classe\">\n\t\t\t<div class=\"elementor-post__card\">\n\t\t\t\t<a class=\"elementor-post__thumbnail__link\" href=\"https:\/\/cftc-sicsti.fr\/sgs\/quelques-nouvelles-du-front-technologique\/\" tabindex=\"-1\" ><div class=\"elementor-post__thumbnail\"><img loading=\"lazy\" decoding=\"async\" width=\"400\" height=\"400\" src=\"https:\/\/cftc-sicsti.fr\/sgs\/wp-content\/uploads\/sites\/140\/2022\/08\/av4cIucb_400x4001-1-1.jpeg\" class=\"attachment-full size-full wp-image-5329\" alt=\"\" srcset=\"https:\/\/cftc-sicsti.fr\/sgs\/wp-content\/uploads\/sites\/140\/2022\/08\/av4cIucb_400x4001-1-1.jpeg 400w, https:\/\/cftc-sicsti.fr\/sgs\/wp-content\/uploads\/sites\/140\/2022\/08\/av4cIucb_400x4001-1-1-300x300.jpeg 300w, https:\/\/cftc-sicsti.fr\/sgs\/wp-content\/uploads\/sites\/140\/2022\/08\/av4cIucb_400x4001-1-1-150x150.jpeg 150w\" sizes=\"(max-width: 400px) 100vw, 400px\" \/><\/div><\/a>\n\t\t\t\t<div class=\"elementor-post__text\">\n\t\t\t\t<h3 class=\"elementor-post__title\">\n\t\t\t<a href=\"https:\/\/cftc-sicsti.fr\/sgs\/quelques-nouvelles-du-front-technologique\/\" >\n\t\t\t\tQuelques nouvelles du front technologique\t\t\t<\/a>\n\t\t<\/h3>\n\t\t\t\t<div class=\"elementor-post__excerpt\">\n\t\t\t<p>Quelques informations plut\u00f4t techniques mais aussi soci\u00e9tales sur notre environnement professionnel : \u00e7a peut servir ! 1,5 million de personnes ont r\u00e9cup\u00e9r\u00e9 leurs fichiers sans payer les cybercriminels : le projet europ\u00e9en \u00ab\u00a0No More Ransom\u00a0\u00bb propose des outils DevOps : un \u00e9chec ? Nos enfants peuvent continuer \u00e0 jouer ! Lire plus rapidement : pas si<\/p>\n\t\t<\/div>\n\t\t\t\t<\/div>\n\t\t\t\t<div class=\"elementor-post__meta-data\">\n\t\t\t\t\t<span class=\"elementor-post-date\">\n\t\t\t12 ao\u00fbt 2022\t\t<\/span>\n\t\t\t\t<\/div>\n\t\t\t\t\t<\/div>\n\t\t<\/article>\n\t\t\t\t<article class=\"elementor-post elementor-grid-item post-5302 post type-post status-publish format-standard has-post-thumbnail hentry category-non-classe\">\n\t\t\t<div class=\"elementor-post__card\">\n\t\t\t\t<a class=\"elementor-post__thumbnail__link\" href=\"https:\/\/cftc-sicsti.fr\/sgs\/sondage-formation\/\" tabindex=\"-1\" ><div class=\"elementor-post__thumbnail\"><img loading=\"lazy\" decoding=\"async\" width=\"400\" height=\"400\" src=\"https:\/\/cftc-sicsti.fr\/sgs\/wp-content\/uploads\/sites\/140\/2023\/07\/Logo-RS.jpg\" class=\"attachment-full size-full wp-image-5433\" alt=\"\" srcset=\"https:\/\/cftc-sicsti.fr\/sgs\/wp-content\/uploads\/sites\/140\/2023\/07\/Logo-RS.jpg 400w, https:\/\/cftc-sicsti.fr\/sgs\/wp-content\/uploads\/sites\/140\/2023\/07\/Logo-RS-300x300.jpg 300w, https:\/\/cftc-sicsti.fr\/sgs\/wp-content\/uploads\/sites\/140\/2023\/07\/Logo-RS-150x150.jpg 150w\" sizes=\"(max-width: 400px) 100vw, 400px\" \/><\/div><\/a>\n\t\t\t\t<div class=\"elementor-post__text\">\n\t\t\t\t<h3 class=\"elementor-post__title\">\n\t\t\t<a href=\"https:\/\/cftc-sicsti.fr\/sgs\/sondage-formation\/\" >\n\t\t\t\tSondage Formation\t\t\t<\/a>\n\t\t<\/h3>\n\t\t\t\t<div class=\"elementor-post__excerpt\">\n\t\t\t<p>La commission formation du CSE APPLI de Capgemini rend chaque ann\u00e9e un avis sur la politique de la formation (bilans et plan) dans notre entit\u00e9. M\u00eame si la commission formation ne remet pas en cause le travail important de l\u2019\u00e9quipe L&amp;D pour la mise \u00e0 disposition de ces statistiques, celle-ci a \u00e9mis \u00e0 cette occasion un<\/p>\n\t\t<\/div>\n\t\t\t\t<\/div>\n\t\t\t\t<div class=\"elementor-post__meta-data\">\n\t\t\t\t\t<span class=\"elementor-post-date\">\n\t\t\t11 ao\u00fbt 2022\t\t<\/span>\n\t\t\t\t<\/div>\n\t\t\t\t\t<\/div>\n\t\t<\/article>\n\t\t\t\t<article class=\"elementor-post elementor-grid-item post-5253 post type-post status-publish format-standard has-post-thumbnail hentry category-non-classe\">\n\t\t\t<div class=\"elementor-post__card\">\n\t\t\t\t<a class=\"elementor-post__thumbnail__link\" href=\"https:\/\/cftc-sicsti.fr\/sgs\/de-moins-en-moins-de-personnes-veulent-devenir-manager-dixit-philonomist\/\" tabindex=\"-1\" ><div class=\"elementor-post__thumbnail\"><img loading=\"lazy\" decoding=\"async\" width=\"1422\" height=\"738\" src=\"https:\/\/cftc-sicsti.fr\/sgs\/wp-content\/uploads\/sites\/140\/2022\/08\/phil.jpg\" class=\"attachment-full size-full wp-image-5271\" alt=\"\" srcset=\"https:\/\/cftc-sicsti.fr\/sgs\/wp-content\/uploads\/sites\/140\/2022\/08\/phil.jpg 1422w, https:\/\/cftc-sicsti.fr\/sgs\/wp-content\/uploads\/sites\/140\/2022\/08\/phil-300x156.jpg 300w, https:\/\/cftc-sicsti.fr\/sgs\/wp-content\/uploads\/sites\/140\/2022\/08\/phil-1024x531.jpg 1024w, https:\/\/cftc-sicsti.fr\/sgs\/wp-content\/uploads\/sites\/140\/2022\/08\/phil-768x399.jpg 768w, https:\/\/cftc-sicsti.fr\/sgs\/wp-content\/uploads\/sites\/140\/2022\/08\/phil-600x311.jpg 600w\" sizes=\"(max-width: 1422px) 100vw, 1422px\" \/><\/div><\/a>\n\t\t\t\t<div class=\"elementor-post__text\">\n\t\t\t\t<h3 class=\"elementor-post__title\">\n\t\t\t<a href=\"https:\/\/cftc-sicsti.fr\/sgs\/de-moins-en-moins-de-personnes-veulent-devenir-manager-dixit-philonomist\/\" >\n\t\t\t\tDe moins en moins de personnes veulent devenir manager (dixit philonomist)\t\t\t<\/a>\n\t\t<\/h3>\n\t\t\t\t<div class=\"elementor-post__excerpt\">\n\t\t\t<p>Cette affirmation du Philonomist n&rsquo;est pas obligatoirement en phase avec l&rsquo;ADN de Capgemini d dont l&rsquo;objectif est d&rsquo;assurer un management de qualit\u00e9 en s&rsquo;en donnant les moyens. Apr\u00e8s, \u00eatre manager ne s&rsquo;invente pas et reste loin d&rsquo;\u00eatre simple comme l&rsquo;indique le titre de cet article, rejoignant l&rsquo;analyse tr\u00e8s fine de la r\u00e9dactrice en chef du site<\/p>\n\t\t<\/div>\n\t\t\t\t<\/div>\n\t\t\t\t<div class=\"elementor-post__meta-data\">\n\t\t\t\t\t<span class=\"elementor-post-date\">\n\t\t\t12 mai 2022\t\t<\/span>\n\t\t\t\t<\/div>\n\t\t\t\t\t<\/div>\n\t\t<\/article>\n\t\t\t\t<article class=\"elementor-post elementor-grid-item post-5252 post type-post status-publish format-standard has-post-thumbnail hentry category-non-classe\">\n\t\t\t<div class=\"elementor-post__card\">\n\t\t\t\t<a class=\"elementor-post__thumbnail__link\" href=\"https:\/\/cftc-sicsti.fr\/sgs\/percol-a-mai-don-de-jours-en-ligne\/\" tabindex=\"-1\" ><div class=\"elementor-post__thumbnail\"><img loading=\"lazy\" decoding=\"async\" width=\"2634\" height=\"2173\" src=\"https:\/\/cftc-sicsti.fr\/sgs\/wp-content\/uploads\/sites\/140\/2022\/01\/CFTC-Logo.png\" class=\"attachment-full size-full wp-image-4857\" alt=\"\" srcset=\"https:\/\/cftc-sicsti.fr\/sgs\/wp-content\/uploads\/sites\/140\/2022\/01\/CFTC-Logo.png 2634w, https:\/\/cftc-sicsti.fr\/sgs\/wp-content\/uploads\/sites\/140\/2022\/01\/CFTC-Logo-300x247.png 300w, https:\/\/cftc-sicsti.fr\/sgs\/wp-content\/uploads\/sites\/140\/2022\/01\/CFTC-Logo-1024x845.png 1024w, https:\/\/cftc-sicsti.fr\/sgs\/wp-content\/uploads\/sites\/140\/2022\/01\/CFTC-Logo-768x634.png 768w, https:\/\/cftc-sicsti.fr\/sgs\/wp-content\/uploads\/sites\/140\/2022\/01\/CFTC-Logo-1536x1267.png 1536w, https:\/\/cftc-sicsti.fr\/sgs\/wp-content\/uploads\/sites\/140\/2022\/01\/CFTC-Logo-2048x1690.png 2048w\" sizes=\"(max-width: 2634px) 100vw, 2634px\" \/><\/div><\/a>\n\t\t\t\t<div class=\"elementor-post__text\">\n\t\t\t\t<h3 class=\"elementor-post__title\">\n\t\t\t<a href=\"https:\/\/cftc-sicsti.fr\/sgs\/percol-a-mai-don-de-jours-en-ligne\/\" >\n\t\t\t\tPercol &#8230; \u00e0 mai (+don de jours en ligne !)\t\t\t<\/a>\n\t\t<\/h3>\n\t\t\t\t<div class=\"elementor-post__excerpt\">\n\t\t\t<p>D\u00e9p\u00f4t de jours de cong\u00e9s pay\u00e9s et d\u2019anciennet\u00e9 dans le PER COL Comme chaque ann\u00e9e encore, vous pouvez d\u00e9poser dans le PERCOL\u00a0 au mois de mai uniquement\u00a0les jours de la 5e semaine de cong\u00e9s pay\u00e9s et les jours d\u2019anciennet\u00e9 dans la limite de 10. Un formulaire est \u00e0 votre disposition aupr\u00e8s de votre RRH ou directement<\/p>\n\t\t<\/div>\n\t\t\t\t<\/div>\n\t\t\t\t<div class=\"elementor-post__meta-data\">\n\t\t\t\t\t<span class=\"elementor-post-date\">\n\t\t\t12 mai 2022\t\t<\/span>\n\t\t\t\t<\/div>\n\t\t\t\t\t<\/div>\n\t\t<\/article>\n\t\t\t\t<article class=\"elementor-post elementor-grid-item post-5254 post type-post status-publish format-standard has-post-thumbnail hentry category-non-classe\">\n\t\t\t<div class=\"elementor-post__card\">\n\t\t\t\t<a class=\"elementor-post__thumbnail__link\" href=\"https:\/\/cftc-sicsti.fr\/sgs\/retours-ced-cest-dur-de-vieillir\/\" tabindex=\"-1\" ><div class=\"elementor-post__thumbnail\"><img loading=\"lazy\" decoding=\"async\" width=\"898\" height=\"316\" src=\"https:\/\/cftc-sicsti.fr\/sgs\/wp-content\/uploads\/sites\/140\/2022\/08\/vieillir.png\" class=\"attachment-full size-full wp-image-5273\" alt=\"\" srcset=\"https:\/\/cftc-sicsti.fr\/sgs\/wp-content\/uploads\/sites\/140\/2022\/08\/vieillir.png 898w, https:\/\/cftc-sicsti.fr\/sgs\/wp-content\/uploads\/sites\/140\/2022\/08\/vieillir-300x106.png 300w, https:\/\/cftc-sicsti.fr\/sgs\/wp-content\/uploads\/sites\/140\/2022\/08\/vieillir-768x270.png 768w, https:\/\/cftc-sicsti.fr\/sgs\/wp-content\/uploads\/sites\/140\/2022\/08\/vieillir-600x211.png 600w\" sizes=\"(max-width: 898px) 100vw, 898px\" \/><\/div><\/a>\n\t\t\t\t<div class=\"elementor-post__text\">\n\t\t\t\t<h3 class=\"elementor-post__title\">\n\t\t\t<a href=\"https:\/\/cftc-sicsti.fr\/sgs\/retours-ced-cest-dur-de-vieillir\/\" >\n\t\t\t\tRetours CED : c&rsquo;est dur de vieillir !\t\t\t<\/a>\n\t\t<\/h3>\n\t\t\t\t<div class=\"elementor-post__excerpt\">\n\t\t\t<p>La commission ECR (Emplois-Comp\u00e9tences-R\u00e9mun\u00e9rations) du CSEE APPLI men\u00e9e par notre coll\u00e8gue CFTC V\u00e9ronique Mehl met en \u00e9vidence notamment les \u00e9volutions de salaires dans notre soci\u00e9t\u00e9. L&rsquo;image jointe rappelle le commentaire que j&rsquo;ai indiqu\u00e9 r\u00e9cemment en r\u00e9union : \u00ab\u00a0c&rsquo;est dur de vieillir\u00a0\u00bb. Cette commission a pu commenter en r\u00e9union avec la direction les documents sur ces points<\/p>\n\t\t<\/div>\n\t\t\t\t<\/div>\n\t\t\t\t<div class=\"elementor-post__meta-data\">\n\t\t\t\t\t<span class=\"elementor-post-date\">\n\t\t\t12 mai 2022\t\t<\/span>\n\t\t\t\t<\/div>\n\t\t\t\t\t<\/div>\n\t\t<\/article>\n\t\t\t\t<article class=\"elementor-post elementor-grid-item post-5255 post type-post status-publish format-standard has-post-thumbnail hentry category-non-classe\">\n\t\t\t<div class=\"elementor-post__card\">\n\t\t\t\t<a class=\"elementor-post__thumbnail__link\" href=\"https:\/\/cftc-sicsti.fr\/sgs\/geekeries-developpez\/\" tabindex=\"-1\" ><div class=\"elementor-post__thumbnail\"><img loading=\"lazy\" decoding=\"async\" width=\"400\" height=\"400\" src=\"https:\/\/cftc-sicsti.fr\/sgs\/wp-content\/uploads\/sites\/140\/2022\/08\/av4cIucb_400x4001.jpeg\" class=\"attachment-full size-full wp-image-5275\" alt=\"\" srcset=\"https:\/\/cftc-sicsti.fr\/sgs\/wp-content\/uploads\/sites\/140\/2022\/08\/av4cIucb_400x4001.jpeg 400w, https:\/\/cftc-sicsti.fr\/sgs\/wp-content\/uploads\/sites\/140\/2022\/08\/av4cIucb_400x4001-300x300.jpeg 300w, https:\/\/cftc-sicsti.fr\/sgs\/wp-content\/uploads\/sites\/140\/2022\/08\/av4cIucb_400x4001-150x150.jpeg 150w\" sizes=\"(max-width: 400px) 100vw, 400px\" \/><\/div><\/a>\n\t\t\t\t<div class=\"elementor-post__text\">\n\t\t\t\t<h3 class=\"elementor-post__title\">\n\t\t\t<a href=\"https:\/\/cftc-sicsti.fr\/sgs\/geekeries-developpez\/\" >\n\t\t\t\tGeekeries [Developpez]\t\t\t<\/a>\n\t\t<\/h3>\n\t\t\t\t<div class=\"elementor-post__excerpt\">\n\t\t\t<p>De nombreux articles int\u00e9ressants sur l&rsquo;\u00e9volution des technologies informatiques dans notre soci\u00e9t\u00e9 paraissent sur le site developpez.com. Quelques morceaux choisis : Une IA d\u00e9veloppeuse : \u00e7a existe ?\u00a0 Autre source\u00a0ici\u00a0 parlant entre autres de Visual Studio et Github Les langages de programmation les plus demand\u00e9s et les mieux pay\u00e9s\u00a0: avec l\u2019ascension de Rust Google licencie un<\/p>\n\t\t<\/div>\n\t\t\t\t<\/div>\n\t\t\t\t<div class=\"elementor-post__meta-data\">\n\t\t\t\t\t<span class=\"elementor-post-date\">\n\t\t\t12 mai 2022\t\t<\/span>\n\t\t\t\t<\/div>\n\t\t\t\t\t<\/div>\n\t\t<\/article>\n\t\t\t\t<article class=\"elementor-post elementor-grid-item post-5256 post type-post status-publish format-standard has-post-thumbnail hentry category-non-classe\">\n\t\t\t<div class=\"elementor-post__card\">\n\t\t\t\t<a class=\"elementor-post__thumbnail__link\" href=\"https:\/\/cftc-sicsti.fr\/sgs\/synthese-economique-appli-didier-moreau\/\" tabindex=\"-1\" ><div class=\"elementor-post__thumbnail\"><img loading=\"lazy\" decoding=\"async\" width=\"574\" height=\"432\" src=\"https:\/\/cftc-sicsti.fr\/sgs\/wp-content\/uploads\/sites\/140\/2022\/08\/form.png\" class=\"attachment-full size-full wp-image-5277\" alt=\"\" srcset=\"https:\/\/cftc-sicsti.fr\/sgs\/wp-content\/uploads\/sites\/140\/2022\/08\/form.png 574w, https:\/\/cftc-sicsti.fr\/sgs\/wp-content\/uploads\/sites\/140\/2022\/08\/form-300x226.png 300w\" sizes=\"(max-width: 574px) 100vw, 574px\" \/><\/div><\/a>\n\t\t\t\t<div class=\"elementor-post__text\">\n\t\t\t\t<h3 class=\"elementor-post__title\">\n\t\t\t<a href=\"https:\/\/cftc-sicsti.fr\/sgs\/synthese-economique-appli-didier-moreau\/\" >\n\t\t\t\tSynth\u00e8se Economique APPLI : Didier Moreau\t\t\t<\/a>\n\t\t<\/h3>\n\t\t\t\t<div class=\"elementor-post__excerpt\">\n\t\t\t<p>Comme chaque mois depuis 2 mandatures (au moins) de CSE, Didier Moreau, notre coll\u00e8gue CFTC de Nantes, nous livre sa synth\u00e8se des r\u00e9sultats \u00e9conomiques de notre entit\u00e9 APPLI, reproduit presque in-extenso ci-dessous. Je rappelle que Didier est par ailleurs tr\u00e8s actif au sein des commissions Eco-Citoyennet\u00e9 et CFP. Effectifs\u00a0: Joli mois avec un effectif en hausse<\/p>\n\t\t<\/div>\n\t\t\t\t<\/div>\n\t\t\t\t<div class=\"elementor-post__meta-data\">\n\t\t\t\t\t<span class=\"elementor-post-date\">\n\t\t\t12 mai 2022\t\t<\/span>\n\t\t\t\t<\/div>\n\t\t\t\t\t<\/div>\n\t\t<\/article>\n\t\t\t\t<article class=\"elementor-post elementor-grid-item post-5257 post type-post status-publish format-standard has-post-thumbnail hentry category-non-classe\">\n\t\t\t<div class=\"elementor-post__card\">\n\t\t\t\t<a class=\"elementor-post__thumbnail__link\" href=\"https:\/\/cftc-sicsti.fr\/sgs\/cftc-naoui\/\" tabindex=\"-1\" ><div class=\"elementor-post__thumbnail\"><img loading=\"lazy\" decoding=\"async\" width=\"928\" height=\"1394\" src=\"https:\/\/cftc-sicsti.fr\/sgs\/wp-content\/uploads\/sites\/140\/2022\/08\/nao.png\" class=\"attachment-full size-full wp-image-5279\" alt=\"\" srcset=\"https:\/\/cftc-sicsti.fr\/sgs\/wp-content\/uploads\/sites\/140\/2022\/08\/nao.png 928w, https:\/\/cftc-sicsti.fr\/sgs\/wp-content\/uploads\/sites\/140\/2022\/08\/nao-200x300.png 200w, https:\/\/cftc-sicsti.fr\/sgs\/wp-content\/uploads\/sites\/140\/2022\/08\/nao-682x1024.png 682w, https:\/\/cftc-sicsti.fr\/sgs\/wp-content\/uploads\/sites\/140\/2022\/08\/nao-768x1154.png 768w, https:\/\/cftc-sicsti.fr\/sgs\/wp-content\/uploads\/sites\/140\/2022\/08\/nao-600x901.png 600w\" sizes=\"(max-width: 928px) 100vw, 928px\" \/><\/div><\/a>\n\t\t\t\t<div class=\"elementor-post__text\">\n\t\t\t\t<h3 class=\"elementor-post__title\">\n\t\t\t<a href=\"https:\/\/cftc-sicsti.fr\/sgs\/cftc-naoui\/\" >\n\t\t\t\tCFTC : NAOUI\t\t\t<\/a>\n\t\t<\/h3>\n\t\t\t\t<div class=\"elementor-post__excerpt\">\n\t\t\t<p>Ci-dessous les commentaires de notre DSC (D\u00e9l\u00e9gu\u00e9 Syndical Central) Louis Duvaux sur les NAO (N\u00e9gociations Annuelles Obligatoires) issus du site cftc-capgemini.fr Contexte voir le communiqu\u00e9 de presse du groupe Capgemini sur les r\u00e9sultats 2021 Le groupe compte\u00a0324.700 salari\u00e9s\u00a0dans le monde au 31\/12\/2021. Le Chiffre d&rsquo;affaire mondial augmente de 14% (10,3% pour la France), la marge \u00e0<\/p>\n\t\t<\/div>\n\t\t\t\t<\/div>\n\t\t\t\t<div class=\"elementor-post__meta-data\">\n\t\t\t\t\t<span class=\"elementor-post-date\">\n\t\t\t12 mai 2022\t\t<\/span>\n\t\t\t\t<\/div>\n\t\t\t\t\t<\/div>\n\t\t<\/article>\n\t\t\t\t<article class=\"elementor-post elementor-grid-item post-5258 post type-post status-publish format-standard has-post-thumbnail hentry category-non-classe\">\n\t\t\t<div class=\"elementor-post__card\">\n\t\t\t\t<a class=\"elementor-post__thumbnail__link\" href=\"https:\/\/cftc-sicsti.fr\/sgs\/conseiller-prudhommes-une-aventure-humaine\/\" tabindex=\"-1\" ><div class=\"elementor-post__thumbnail\"><img loading=\"lazy\" decoding=\"async\" width=\"1928\" height=\"2560\" src=\"https:\/\/cftc-sicsti.fr\/sgs\/wp-content\/uploads\/sites\/140\/2022\/08\/PXL_20220506_070858568-scaled-1.jpg\" class=\"attachment-full size-full wp-image-5281\" alt=\"\" srcset=\"https:\/\/cftc-sicsti.fr\/sgs\/wp-content\/uploads\/sites\/140\/2022\/08\/PXL_20220506_070858568-scaled-1.jpg 1928w, https:\/\/cftc-sicsti.fr\/sgs\/wp-content\/uploads\/sites\/140\/2022\/08\/PXL_20220506_070858568-scaled-1-226x300.jpg 226w, https:\/\/cftc-sicsti.fr\/sgs\/wp-content\/uploads\/sites\/140\/2022\/08\/PXL_20220506_070858568-scaled-1-771x1024.jpg 771w, https:\/\/cftc-sicsti.fr\/sgs\/wp-content\/uploads\/sites\/140\/2022\/08\/PXL_20220506_070858568-scaled-1-768x1020.jpg 768w, https:\/\/cftc-sicsti.fr\/sgs\/wp-content\/uploads\/sites\/140\/2022\/08\/PXL_20220506_070858568-scaled-1-600x797.jpg 600w, https:\/\/cftc-sicsti.fr\/sgs\/wp-content\/uploads\/sites\/140\/2022\/08\/PXL_20220506_070858568-scaled-1-1157x1536.jpg 1157w, https:\/\/cftc-sicsti.fr\/sgs\/wp-content\/uploads\/sites\/140\/2022\/08\/PXL_20220506_070858568-scaled-1-1542x2048.jpg 1542w\" sizes=\"(max-width: 1928px) 100vw, 1928px\" \/><\/div><\/a>\n\t\t\t\t<div class=\"elementor-post__text\">\n\t\t\t\t<h3 class=\"elementor-post__title\">\n\t\t\t<a href=\"https:\/\/cftc-sicsti.fr\/sgs\/conseiller-prudhommes-une-aventure-humaine\/\" >\n\t\t\t\tCONSEILLER PRUD\u2019HOMMES, UNE AVENTURE HUMAINE\t\t\t<\/a>\n\t\t<\/h3>\n\t\t\t\t<div class=\"elementor-post__excerpt\">\n\t\t\t<p>C&rsquo;est quoi les Prud&rsquo;hommes ? Vous avez certainement d\u00e9j\u00e0 entendu des prud&rsquo;hommes, cette instance vers laquelle on se retourne quand les conflits avec notre employeur s&rsquo;envenime, g\u00e9n\u00e9ralement avant ou apr\u00e8s un licenciement. Le conseil de prud&rsquo;hommes est une institution originale, une juridiction d&rsquo;exception, paritaire et \u00e9lective, c&rsquo;est une formation paritaire \u00e9lue en 2 coll\u00e8ges : par<\/p>\n\t\t<\/div>\n\t\t\t\t<\/div>\n\t\t\t\t<div class=\"elementor-post__meta-data\">\n\t\t\t\t\t<span class=\"elementor-post-date\">\n\t\t\t12 mai 2022\t\t<\/span>\n\t\t\t\t<\/div>\n\t\t\t\t\t<\/div>\n\t\t<\/article>\n\t\t\t\t<article class=\"elementor-post elementor-grid-item post-5259 post type-post status-publish format-standard has-post-thumbnail hentry category-non-classe\">\n\t\t\t<div class=\"elementor-post__card\">\n\t\t\t\t<a class=\"elementor-post__thumbnail__link\" href=\"https:\/\/cftc-sicsti.fr\/sgs\/lia-nexiste-pas\/\" tabindex=\"-1\" ><div class=\"elementor-post__thumbnail\"><img loading=\"lazy\" decoding=\"async\" width=\"944\" height=\"531\" src=\"https:\/\/cftc-sicsti.fr\/sgs\/wp-content\/uploads\/sites\/140\/2022\/08\/phpcYZhMf1.webp\" class=\"attachment-full size-full wp-image-5283\" alt=\"\" srcset=\"https:\/\/cftc-sicsti.fr\/sgs\/wp-content\/uploads\/sites\/140\/2022\/08\/phpcYZhMf1.webp 944w, https:\/\/cftc-sicsti.fr\/sgs\/wp-content\/uploads\/sites\/140\/2022\/08\/phpcYZhMf1-300x169.webp 300w, https:\/\/cftc-sicsti.fr\/sgs\/wp-content\/uploads\/sites\/140\/2022\/08\/phpcYZhMf1-768x432.webp 768w, https:\/\/cftc-sicsti.fr\/sgs\/wp-content\/uploads\/sites\/140\/2022\/08\/phpcYZhMf1-600x338.webp 600w\" sizes=\"(max-width: 944px) 100vw, 944px\" \/><\/div><\/a>\n\t\t\t\t<div class=\"elementor-post__text\">\n\t\t\t\t<h3 class=\"elementor-post__title\">\n\t\t\t<a href=\"https:\/\/cftc-sicsti.fr\/sgs\/lia-nexiste-pas\/\" >\n\t\t\t\tL&rsquo;IA n&rsquo;existe pas !\t\t\t<\/a>\n\t\t<\/h3>\n\t\t\t\t<div class=\"elementor-post__excerpt\">\n\t\t\t<p>Cet article sur le\u00a0Miroir Social\u00a0post\u00e9 aussi sur notre\u00a0site f\u00e9d\u00e9ral\u00a0r\u00e9p\u00e8te \u00e0 de nombreuses reprises que \u00ab\u00a0l&rsquo;Intelligence Artificielle\u00a0\u00bb n&rsquo;existe pas, affirmation confirm\u00e9e de belle fa\u00e7on dans cette\u00a0vid\u00e9o\u00a0de Luc Julia. LUC JULIA, VICE-PR\u00c9SIDENT DE L\u2019INNOVATION DE SAMSUNG Luc Julia est un chercheur auteur du livre \u00ab l\u2019intelligence artificielle n\u2019existe pas \u00bb, il est aussi vice pr\u00e9sident de l\u2019innovation monde<\/p>\n\t\t<\/div>\n\t\t\t\t<\/div>\n\t\t\t\t<div class=\"elementor-post__meta-data\">\n\t\t\t\t\t<span class=\"elementor-post-date\">\n\t\t\t12 avril 2022\t\t<\/span>\n\t\t\t\t<\/div>\n\t\t\t\t\t<\/div>\n\t\t<\/article>\n\t\t\t\t<article class=\"elementor-post elementor-grid-item post-4981 post type-post status-publish format-standard has-post-thumbnail hentry category-non-classe\">\n\t\t\t<div class=\"elementor-post__card\">\n\t\t\t\t<a class=\"elementor-post__thumbnail__link\" href=\"https:\/\/cftc-sicsti.fr\/sgs\/negociations-annuelles-obligatoires-nao-ou-interessement-et-participation\/\" tabindex=\"-1\" ><div class=\"elementor-post__thumbnail\"><img loading=\"lazy\" decoding=\"async\" width=\"1126\" height=\"727\" src=\"https:\/\/cftc-sicsti.fr\/sgs\/wp-content\/uploads\/sites\/140\/2022\/08\/part.jpg\" class=\"attachment-full size-full wp-image-5284\" alt=\"\" srcset=\"https:\/\/cftc-sicsti.fr\/sgs\/wp-content\/uploads\/sites\/140\/2022\/08\/part.jpg 1126w, https:\/\/cftc-sicsti.fr\/sgs\/wp-content\/uploads\/sites\/140\/2022\/08\/part-300x194.jpg 300w, https:\/\/cftc-sicsti.fr\/sgs\/wp-content\/uploads\/sites\/140\/2022\/08\/part-1024x661.jpg 1024w, https:\/\/cftc-sicsti.fr\/sgs\/wp-content\/uploads\/sites\/140\/2022\/08\/part-768x496.jpg 768w, https:\/\/cftc-sicsti.fr\/sgs\/wp-content\/uploads\/sites\/140\/2022\/08\/part-600x387.jpg 600w\" sizes=\"(max-width: 1126px) 100vw, 1126px\" \/><\/div><\/a>\n\t\t\t\t<div class=\"elementor-post__text\">\n\t\t\t\t<h3 class=\"elementor-post__title\">\n\t\t\t<a href=\"https:\/\/cftc-sicsti.fr\/sgs\/negociations-annuelles-obligatoires-nao-ou-interessement-et-participation\/\" >\n\t\t\t\tN\u00e9gociations Annuelles Obligatoires (NAO) ou Int\u00e9ressement et Participation ?\t\t\t<\/a>\n\t\t<\/h3>\n\t\t\t\t<div class=\"elementor-post__excerpt\">\n\t\t\t<p>Int\u00e9ressement, Participation.. et NAO Pour ne plus \u00e9voquer seulement les salaires de base discut\u00e9s en NAO, Capgemini comme d&rsquo;autres entreprises met en avant les \u00e9l\u00e9ments annexes \u00e0 la r\u00e9mun\u00e9ration comme la mise en place d\u2019un accord d\u2019int\u00e9ressement ou d&rsquo;une \u00e9pargne salariale sous forme plan d&rsquo;actionnariat ESOP souscrit par 51% de nos coll\u00e8gues&#8230;. d&rsquo;autres entreprises choisissent plus<\/p>\n\t\t<\/div>\n\t\t\t\t<\/div>\n\t\t\t\t<div class=\"elementor-post__meta-data\">\n\t\t\t\t\t<span class=\"elementor-post-date\">\n\t\t\t5 avril 2022\t\t<\/span>\n\t\t\t\t<\/div>\n\t\t\t\t\t<\/div>\n\t\t<\/article>\n\t\t\t\t<article class=\"elementor-post elementor-grid-item post-4988 post type-post status-publish format-standard has-post-thumbnail hentry category-non-classe\">\n\t\t\t<div class=\"elementor-post__card\">\n\t\t\t\t<a class=\"elementor-post__thumbnail__link\" href=\"https:\/\/cftc-sicsti.fr\/sgs\/low-code-no-code-plus-besoin-de-developpeurs\/\" tabindex=\"-1\" ><div class=\"elementor-post__thumbnail\"><img loading=\"lazy\" decoding=\"async\" width=\"1658\" height=\"934\" src=\"https:\/\/cftc-sicsti.fr\/sgs\/wp-content\/uploads\/sites\/140\/2022\/08\/gartner.jpg\" class=\"attachment-full size-full wp-image-5285\" alt=\"\" srcset=\"https:\/\/cftc-sicsti.fr\/sgs\/wp-content\/uploads\/sites\/140\/2022\/08\/gartner.jpg 1658w, https:\/\/cftc-sicsti.fr\/sgs\/wp-content\/uploads\/sites\/140\/2022\/08\/gartner-300x169.jpg 300w, https:\/\/cftc-sicsti.fr\/sgs\/wp-content\/uploads\/sites\/140\/2022\/08\/gartner-1024x577.jpg 1024w, https:\/\/cftc-sicsti.fr\/sgs\/wp-content\/uploads\/sites\/140\/2022\/08\/gartner-768x433.jpg 768w, https:\/\/cftc-sicsti.fr\/sgs\/wp-content\/uploads\/sites\/140\/2022\/08\/gartner-600x338.jpg 600w, https:\/\/cftc-sicsti.fr\/sgs\/wp-content\/uploads\/sites\/140\/2022\/08\/gartner-1536x865.jpg 1536w\" sizes=\"(max-width: 1658px) 100vw, 1658px\" \/><\/div><\/a>\n\t\t\t\t<div class=\"elementor-post__text\">\n\t\t\t\t<h3 class=\"elementor-post__title\">\n\t\t\t<a href=\"https:\/\/cftc-sicsti.fr\/sgs\/low-code-no-code-plus-besoin-de-developpeurs\/\" >\n\t\t\t\tLow-code, No-code : plus besoin de d\u00e9veloppeurs ?\t\t\t<\/a>\n\t\t<\/h3>\n\t\t\t\t<div class=\"elementor-post__excerpt\">\n\t\t\t<p>Dans la pr\u00e9sentation des orientations strat\u00e9giques de nos diff\u00e9rentes entit\u00e9s, la page suivante a \u00e9t\u00e9 pr\u00e9sent\u00e9e en indiquant la pr\u00e9vision du Gartner qui estime depuis longtemps que le \u00ab\u00a0Low-Code\u00a0\u00bb repr\u00e9senterait 65% des d\u00e9veloppements informatiques en 2024. Dans cet article, selon les nouvelles pr\u00e9dictions publi\u00e9es lundi par Gartner, il semble que les outils no-code et low-code soient<\/p>\n\t\t<\/div>\n\t\t\t\t<\/div>\n\t\t\t\t<div class=\"elementor-post__meta-data\">\n\t\t\t\t\t<span class=\"elementor-post-date\">\n\t\t\t5 avril 2022\t\t<\/span>\n\t\t\t\t<\/div>\n\t\t\t\t\t<\/div>\n\t\t<\/article>\n\t\t\t\t<article class=\"elementor-post elementor-grid-item post-4966 post type-post status-publish format-standard has-post-thumbnail hentry category-non-classe\">\n\t\t\t<div class=\"elementor-post__card\">\n\t\t\t\t<a class=\"elementor-post__thumbnail__link\" href=\"https:\/\/cftc-sicsti.fr\/sgs\/ukraine-on-en-parle-beaucoup-evidemment\/\" tabindex=\"-1\" ><div class=\"elementor-post__thumbnail\"><img loading=\"lazy\" decoding=\"async\" width=\"448\" height=\"357\" src=\"https:\/\/cftc-sicsti.fr\/sgs\/wp-content\/uploads\/sites\/140\/2022\/03\/greg_apec.png\" class=\"attachment-full size-full wp-image-4967\" alt=\"\" srcset=\"https:\/\/cftc-sicsti.fr\/sgs\/wp-content\/uploads\/sites\/140\/2022\/03\/greg_apec.png 448w, https:\/\/cftc-sicsti.fr\/sgs\/wp-content\/uploads\/sites\/140\/2022\/03\/greg_apec-300x239.png 300w\" sizes=\"(max-width: 448px) 100vw, 448px\" \/><\/div><\/a>\n\t\t\t\t<div class=\"elementor-post__text\">\n\t\t\t\t<h3 class=\"elementor-post__title\">\n\t\t\t<a href=\"https:\/\/cftc-sicsti.fr\/sgs\/ukraine-on-en-parle-beaucoup-evidemment\/\" >\n\t\t\t\tUkraine : on en parle beaucoup &#8230; \u00e9videmment &#8230;\t\t\t<\/a>\n\t\t<\/h3>\n\t\t\t\t<div class=\"elementor-post__excerpt\">\n\t\t\t<p>Les opportunit\u00e9s d&rsquo;aborder, m\u00eame l\u00e9g\u00e8rement, les questions li\u00e9es \u00e0 l&rsquo;Ukraine sont nombreuses m\u00eame si cet \u00e9v\u00e9nement historique n&rsquo;a pour l&rsquo;instant qu&rsquo;un impact mesur\u00e9 sur notre activit\u00e9. 1- R\u00e9union Apec Cette photo o\u00f9 je me positionne devant les 3 drapeaux de la France, de l&rsquo;Europe et de l&rsquo;Ukraine a \u00e9t\u00e9 prise par un de mes coll\u00e8gues nordistes<\/p>\n\t\t<\/div>\n\t\t\t\t<\/div>\n\t\t\t\t<div class=\"elementor-post__meta-data\">\n\t\t\t\t\t<span class=\"elementor-post-date\">\n\t\t\t4 avril 2022\t\t<\/span>\n\t\t\t\t<\/div>\n\t\t\t\t\t<\/div>\n\t\t<\/article>\n\t\t\t\t<article class=\"elementor-post elementor-grid-item post-4985 post type-post status-publish format-standard has-post-thumbnail hentry category-non-classe\">\n\t\t\t<div class=\"elementor-post__card\">\n\t\t\t\t<a class=\"elementor-post__thumbnail__link\" href=\"https:\/\/cftc-sicsti.fr\/sgs\/profitez-des-nouvelles-possibilites-de-la-formation-chez-capgemini\/\" tabindex=\"-1\" ><div class=\"elementor-post__thumbnail\"><img loading=\"lazy\" decoding=\"async\" width=\"241\" height=\"131\" src=\"https:\/\/cftc-sicsti.fr\/sgs\/wp-content\/uploads\/sites\/140\/2022\/08\/cfp.jpg\" class=\"attachment-full size-full wp-image-5286\" alt=\"\" \/><\/div><\/a>\n\t\t\t\t<div class=\"elementor-post__text\">\n\t\t\t\t<h3 class=\"elementor-post__title\">\n\t\t\t<a href=\"https:\/\/cftc-sicsti.fr\/sgs\/profitez-des-nouvelles-possibilites-de-la-formation-chez-capgemini\/\" >\n\t\t\t\tProfitez des nouvelles possibilit\u00e9s de la formation chez Capgemini\t\t\t<\/a>\n\t\t<\/h3>\n\t\t\t\t<div class=\"elementor-post__excerpt\">\n\t\t\t<p>Profitez de la CFP ! La CFP a \u00e9t\u00e9 relanc\u00e9e en f\u00e9vrier comme tous les ans et malgr\u00e9 le non retour du pr\u00e9sentiel, de nombreuses formations sont assur\u00e9es m\u00eame si budget de la CFP ne sera pas consomm\u00e9 encore une fois cette ann\u00e9e en raison du COVID. Budget de la CFP Pour m\u00e9moire de la CFP<\/p>\n\t\t<\/div>\n\t\t\t\t<\/div>\n\t\t\t\t<div class=\"elementor-post__meta-data\">\n\t\t\t\t\t<span class=\"elementor-post-date\">\n\t\t\t4 avril 2022\t\t<\/span>\n\t\t\t\t<\/div>\n\t\t\t\t\t<\/div>\n\t\t<\/article>\n\t\t\t\t<article class=\"elementor-post elementor-grid-item post-5264 post type-post status-publish format-standard has-post-thumbnail hentry category-non-classe\">\n\t\t\t<div class=\"elementor-post__card\">\n\t\t\t\t<a class=\"elementor-post__thumbnail__link\" href=\"https:\/\/cftc-sicsti.fr\/sgs\/demander-une-augmentation-tout-un-art\/\" tabindex=\"-1\" ><div class=\"elementor-post__thumbnail\"><img loading=\"lazy\" decoding=\"async\" width=\"620\" height=\"351\" src=\"https:\/\/cftc-sicsti.fr\/sgs\/wp-content\/uploads\/sites\/140\/2022\/08\/duvaux-620x3511-1.jpg\" class=\"attachment-full size-full wp-image-5288\" alt=\"\" srcset=\"https:\/\/cftc-sicsti.fr\/sgs\/wp-content\/uploads\/sites\/140\/2022\/08\/duvaux-620x3511-1.jpg 620w, https:\/\/cftc-sicsti.fr\/sgs\/wp-content\/uploads\/sites\/140\/2022\/08\/duvaux-620x3511-1-300x170.jpg 300w, https:\/\/cftc-sicsti.fr\/sgs\/wp-content\/uploads\/sites\/140\/2022\/08\/duvaux-620x3511-1-600x340.jpg 600w\" sizes=\"(max-width: 620px) 100vw, 620px\" \/><\/div><\/a>\n\t\t\t\t<div class=\"elementor-post__text\">\n\t\t\t\t<h3 class=\"elementor-post__title\">\n\t\t\t<a href=\"https:\/\/cftc-sicsti.fr\/sgs\/demander-une-augmentation-tout-un-art\/\" >\n\t\t\t\tDemander une augmentation, tout un art ?\t\t\t<\/a>\n\t\t<\/h3>\n\t\t\t\t<div class=\"elementor-post__excerpt\">\n\t\t\t<p>AUGMENTATION Je sais bien, les retours CED sont d\u00e9j\u00e0 pass\u00e9s et que la plupart des d\u00e9cisions sont prises pour les augmentations de salaire et de grade mais ce n&rsquo;est pas une raison pour ne pas appr\u00e9cier une certaine d\u00e9rision de ces situations o\u00f9 nous devons d\u00e9fendre nos v\u00e9ll\u00e9it\u00e9s potentielles d&rsquo;\u00eatre mieux r\u00e9mun\u00e9r\u00e9s &#8230; Voici ci-dessous le<\/p>\n\t\t<\/div>\n\t\t\t\t<\/div>\n\t\t\t\t<div class=\"elementor-post__meta-data\">\n\t\t\t\t\t<span class=\"elementor-post-date\">\n\t\t\t4 avril 2022\t\t<\/span>\n\t\t\t\t<\/div>\n\t\t\t\t\t<\/div>\n\t\t<\/article>\n\t\t\t\t<article class=\"elementor-post elementor-grid-item post-4990 post type-post status-publish format-standard has-post-thumbnail hentry category-non-classe\">\n\t\t\t<div class=\"elementor-post__card\">\n\t\t\t\t<a class=\"elementor-post__thumbnail__link\" href=\"https:\/\/cftc-sicsti.fr\/sgs\/turn-over-a-30-salaire-de-demarrage-a-50ke-est-ce-vraiment-serieux\/\" tabindex=\"-1\" ><div class=\"elementor-post__thumbnail\"><img loading=\"lazy\" decoding=\"async\" width=\"1136\" height=\"752\" src=\"https:\/\/cftc-sicsti.fr\/sgs\/wp-content\/uploads\/sites\/140\/2022\/08\/1136_gettyimages-9684926001.webp\" class=\"attachment-full size-full wp-image-5289\" alt=\"\" srcset=\"https:\/\/cftc-sicsti.fr\/sgs\/wp-content\/uploads\/sites\/140\/2022\/08\/1136_gettyimages-9684926001.webp 1136w, https:\/\/cftc-sicsti.fr\/sgs\/wp-content\/uploads\/sites\/140\/2022\/08\/1136_gettyimages-9684926001-300x199.webp 300w, https:\/\/cftc-sicsti.fr\/sgs\/wp-content\/uploads\/sites\/140\/2022\/08\/1136_gettyimages-9684926001-1024x678.webp 1024w, https:\/\/cftc-sicsti.fr\/sgs\/wp-content\/uploads\/sites\/140\/2022\/08\/1136_gettyimages-9684926001-768x508.webp 768w, https:\/\/cftc-sicsti.fr\/sgs\/wp-content\/uploads\/sites\/140\/2022\/08\/1136_gettyimages-9684926001-600x397.webp 600w\" sizes=\"(max-width: 1136px) 100vw, 1136px\" \/><\/div><\/a>\n\t\t\t\t<div class=\"elementor-post__text\">\n\t\t\t\t<h3 class=\"elementor-post__title\">\n\t\t\t<a href=\"https:\/\/cftc-sicsti.fr\/sgs\/turn-over-a-30-salaire-de-demarrage-a-50ke-est-ce-vraiment-serieux\/\" >\n\t\t\t\tTurn-over \u00e0 30%, salaire de d\u00e9marrage \u00e0 50K\u20ac : est-ce vraiment s\u00e9rieux ?\t\t\t<\/a>\n\t\t<\/h3>\n\t\t\t\t<div class=\"elementor-post__excerpt\">\n\t\t\t<p>De nouveaux minima de branche ont sign\u00e9s en novembre 2019 par la CFTC et la CFDT. Il am\u00e9liore ceux d\u00e9finis le 30 mars 2017 : Capgemini et la presse : \u00ab\u00a0La Grande D\u00e9mission touche les ESN fran\u00e7aises\u00a0\u00bb Ce titre apparu en mars a mis, pas vraiment \u00e0 son avantage, notre soci\u00e9t\u00e9 en indiquant en vrac avec<\/p>\n\t\t<\/div>\n\t\t\t\t<\/div>\n\t\t\t\t<div class=\"elementor-post__meta-data\">\n\t\t\t\t\t<span class=\"elementor-post-date\">\n\t\t\t4 avril 2022\t\t<\/span>\n\t\t\t\t<\/div>\n\t\t\t\t\t<\/div>\n\t\t<\/article>\n\t\t\t\t<article class=\"elementor-post elementor-grid-item post-4969 post type-post status-publish format-standard has-post-thumbnail hentry category-non-classe\">\n\t\t\t<div class=\"elementor-post__card\">\n\t\t\t\t<a class=\"elementor-post__thumbnail__link\" href=\"https:\/\/cftc-sicsti.fr\/sgs\/orientations-strategiques\/\" tabindex=\"-1\" ><div class=\"elementor-post__thumbnail\"><img loading=\"lazy\" decoding=\"async\" width=\"592\" height=\"395\" src=\"https:\/\/cftc-sicsti.fr\/sgs\/wp-content\/uploads\/sites\/140\/2022\/03\/positionnement_cap.jpg\" class=\"attachment-full size-full wp-image-4980\" alt=\"\" srcset=\"https:\/\/cftc-sicsti.fr\/sgs\/wp-content\/uploads\/sites\/140\/2022\/03\/positionnement_cap.jpg 592w, https:\/\/cftc-sicsti.fr\/sgs\/wp-content\/uploads\/sites\/140\/2022\/03\/positionnement_cap-300x200.jpg 300w\" sizes=\"(max-width: 592px) 100vw, 592px\" \/><\/div><\/a>\n\t\t\t\t<div class=\"elementor-post__text\">\n\t\t\t\t<h3 class=\"elementor-post__title\">\n\t\t\t<a href=\"https:\/\/cftc-sicsti.fr\/sgs\/orientations-strategiques\/\" >\n\t\t\t\tOrientations strat\u00e9giques\t\t\t<\/a>\n\t\t<\/h3>\n\t\t\t\t<div class=\"elementor-post__excerpt\">\n\t\t\t<p>Orientations strate\u0301giques Notre CSE a vu r\u00e9cemment la pr\u00e9sentation des orientations strat\u00e9giques pour les entit\u00e9s : Apps, Sogeti, FS, RH et Shared services. La pr\u00e9sentation au CSE de ces orientations est r\u00e8glementaire depuis plusieurs ann\u00e9es et concerne\u00a0les perspectives d\u2019\u00e9volution et de croissance interne et externe de l\u2019entreprise. L\u2019objectif est d\u2019\u00e9valuer l\u2019impact de ces changements et restructurations<\/p>\n\t\t<\/div>\n\t\t\t\t<\/div>\n\t\t\t\t<div class=\"elementor-post__meta-data\">\n\t\t\t\t\t<span class=\"elementor-post-date\">\n\t\t\t4 avril 2022\t\t<\/span>\n\t\t\t\t<\/div>\n\t\t\t\t\t<\/div>\n\t\t<\/article>\n\t\t\t\t<article class=\"elementor-post elementor-grid-item post-5267 post type-post status-publish format-standard has-post-thumbnail hentry category-non-classe\">\n\t\t\t<div class=\"elementor-post__card\">\n\t\t\t\t<a class=\"elementor-post__thumbnail__link\" href=\"https:\/\/cftc-sicsti.fr\/sgs\/nouveau-logo-nouvelle-appli-magazine-federal-et-rgpd\/\" tabindex=\"-1\" ><div class=\"elementor-post__thumbnail\"><img loading=\"lazy\" decoding=\"async\" width=\"400\" height=\"400\" src=\"https:\/\/cftc-sicsti.fr\/sgs\/wp-content\/uploads\/sites\/140\/2023\/07\/Logo-RS.jpg\" class=\"attachment-full size-full wp-image-5433\" alt=\"\" srcset=\"https:\/\/cftc-sicsti.fr\/sgs\/wp-content\/uploads\/sites\/140\/2023\/07\/Logo-RS.jpg 400w, https:\/\/cftc-sicsti.fr\/sgs\/wp-content\/uploads\/sites\/140\/2023\/07\/Logo-RS-300x300.jpg 300w, https:\/\/cftc-sicsti.fr\/sgs\/wp-content\/uploads\/sites\/140\/2023\/07\/Logo-RS-150x150.jpg 150w\" sizes=\"(max-width: 400px) 100vw, 400px\" \/><\/div><\/a>\n\t\t\t\t<div class=\"elementor-post__text\">\n\t\t\t\t<h3 class=\"elementor-post__title\">\n\t\t\t<a href=\"https:\/\/cftc-sicsti.fr\/sgs\/nouveau-logo-nouvelle-appli-magazine-federal-et-rgpd\/\" >\n\t\t\t\tNouveau logo, nouvelle appli, magazine f\u00e9d\u00e9ral et RGPD\t\t\t<\/a>\n\t\t<\/h3>\n\t\t\t\t<div class=\"elementor-post__excerpt\">\n\t\t\t<p>Nouveau LOGO CFTC La CFTC vient de changer de logo et d&rsquo;identit\u00e9 visuelle et a mis en place une nouvelle application, un outil indispensable visant \u00e0 cr\u00e9er et renforcer les liens entre les adh\u00e9rents, les militants et nos diff\u00e9rentes structures, F\u00e9d\u00e9ration, Union, Syndicat et Section. CE nouveau logo\u00a0plus dynamique est\u00a0compos\u00e9 d\u2019un bloc de 3 \u00e9l\u00e9ments, indivisibles<\/p>\n\t\t<\/div>\n\t\t\t\t<\/div>\n\t\t\t\t<div class=\"elementor-post__meta-data\">\n\t\t\t\t\t<span class=\"elementor-post-date\">\n\t\t\t31 mars 2022\t\t<\/span>\n\t\t\t\t<\/div>\n\t\t\t\t\t<\/div>\n\t\t<\/article>\n\t\t\t\t<article class=\"elementor-post elementor-grid-item post-4502 post type-post status-publish format-standard has-post-thumbnail hentry category-non-classe\">\n\t\t\t<div class=\"elementor-post__card\">\n\t\t\t\t<a class=\"elementor-post__thumbnail__link\" href=\"https:\/\/cftc-sicsti.fr\/sgs\/le-droit-du-travail-en-230-chrono-avec-cate\/\" tabindex=\"-1\" ><div class=\"elementor-post__thumbnail\"><img loading=\"lazy\" decoding=\"async\" width=\"611\" height=\"345\" src=\"https:\/\/cftc-sicsti.fr\/sgs\/wp-content\/uploads\/sites\/140\/2022\/03\/image009-21.jpg\" class=\"attachment-full size-full wp-image-4840\" alt=\"\" srcset=\"https:\/\/cftc-sicsti.fr\/sgs\/wp-content\/uploads\/sites\/140\/2022\/03\/image009-21.jpg 611w, https:\/\/cftc-sicsti.fr\/sgs\/wp-content\/uploads\/sites\/140\/2022\/03\/image009-21-300x169.jpg 300w\" sizes=\"(max-width: 611px) 100vw, 611px\" \/><\/div><\/a>\n\t\t\t\t<div class=\"elementor-post__text\">\n\t\t\t\t<h3 class=\"elementor-post__title\">\n\t\t\t<a href=\"https:\/\/cftc-sicsti.fr\/sgs\/le-droit-du-travail-en-230-chrono-avec-cate\/\" >\n\t\t\t\tLe droit du travail en 2\u201930 chrono avec Cate\t\t\t<\/a>\n\t\t<\/h3>\n\t\t\t\t<div class=\"elementor-post__excerpt\">\n\t\t\t<p>Le droit du travail en 2&rsquo;30 chrono avec Cate Cate est une jeune femme engag\u00e9e qui prend la parole sur YouTube chaque semaine. En 2\u201930 chrono, elle rend accessible, et amusant, les questions les plus ardues en mati\u00e8re de droit du travail et de syndicalisme. Cate vous informe sur \u00ab\u00a0comment b\u00e9n\u00e9ficier de l\u2019action logement\u00a0\u00bb, \u00ab\u00a0comment faire<\/p>\n\t\t<\/div>\n\t\t\t\t<\/div>\n\t\t\t\t<div class=\"elementor-post__meta-data\">\n\t\t\t\t\t<span class=\"elementor-post-date\">\n\t\t\t24 mars 2022\t\t<\/span>\n\t\t\t\t<\/div>\n\t\t\t\t\t<\/div>\n\t\t<\/article>\n\t\t\t\t<\/div>\n\t\t\n\t\t\t\t<div class=\"e-load-more-anchor\" data-page=\"1\" data-max-page=\"2\" data-next-page=\"https:\/\/cftc-sicsti.fr\/sgs\/wp-json\/wp\/v2\/pages\/1123\/page\/2\/\"><\/div>\n\t\t\t\t<nav class=\"elementor-pagination\" aria-label=\"Pagination\">\n\t\t\t<span class=\"page-numbers prev\">&laquo; Pr\u00e9c\u00e9dent<\/span>\n<span aria-current=\"page\" class=\"page-numbers current\"><span class=\"elementor-screen-only\">Page<\/span>1<\/span>\n<a class=\"page-numbers\" href=\"https:\/\/cftc-sicsti.fr\/sgs\/wp-json\/wp\/v2\/pages\/1123\/page\/2\/\"><span class=\"elementor-screen-only\">Page<\/span>2<\/a>\n<a class=\"page-numbers next\" href=\"https:\/\/cftc-sicsti.fr\/sgs\/wp-json\/wp\/v2\/pages\/1123\/page\/2\/\">Suivant&raquo;<\/a>\t\t<\/nav>\n\t\t\t\t\t\t<\/div>\n\t\t\t\t<\/div>\n\t\t\t\t\t<\/div>\n\t\t<\/div>\n\t\t\t\t\t<\/div>\n\t\t<\/section>\n\t\t\t\t<section class=\"elementor-section elementor-top-section elementor-element elementor-element-155a19b8 elementor-section-boxed elementor-section-height-default elementor-section-height-default\" data-id=\"155a19b8\" data-element_type=\"section\" data-e-type=\"section\" data-settings=\"{&quot;background_background&quot;:&quot;gradient&quot;,&quot;shape_divider_top&quot;:&quot;waves&quot;}\">\n\t\t\t\t\t\t\t<div class=\"elementor-background-overlay\"><\/div>\n\t\t\t\t\t\t<div class=\"elementor-shape elementor-shape-top\" aria-hidden=\"true\" data-negative=\"false\">\n\t\t\t<svg xmlns=\"http:\/\/www.w3.org\/2000\/svg\" viewBox=\"0 0 1000 100\" preserveAspectRatio=\"none\">\n\t<path class=\"elementor-shape-fill\" d=\"M421.9,6.5c22.6-2.5,51.5,0.4,75.5,5.3c23.6,4.9,70.9,23.5,100.5,35.7c75.8,32.2,133.7,44.5,192.6,49.7\n\tc23.6,2.1,48.7,3.5,103.4-2.5c54.7-6,106.2-25.6,106.2-25.6V0H0v30.3c0,0,72,32.6,158.4,30.5c39.2-0.7,92.8-6.7,134-22.4\n\tc21.2-8.1,52.2-18.2,79.7-24.2C399.3,7.9,411.6,7.5,421.9,6.5z\"\/>\n<\/svg>\t\t<\/div>\n\t\t\t\t\t<div class=\"elementor-container elementor-column-gap-default\">\n\t\t\t\t\t<div class=\"elementor-column elementor-col-50 elementor-top-column elementor-element elementor-element-7d7b87b7\" data-id=\"7d7b87b7\" data-element_type=\"column\" data-e-type=\"column\">\n\t\t\t<div class=\"elementor-widget-wrap elementor-element-populated\">\n\t\t\t\t\t\t<div class=\"elementor-element elementor-element-403aad18 elementor-widget elementor-widget-heading\" data-id=\"403aad18\" data-element_type=\"widget\" data-e-type=\"widget\" data-widget_type=\"heading.default\">\n\t\t\t\t<div class=\"elementor-widget-container\">\n\t\t\t\t\t<h4 class=\"elementor-heading-title elementor-size-default\">Envie de progresser avec nous en apportant ta propre exp\u00e9rience ?<\/h4>\t\t\t\t<\/div>\n\t\t\t\t<\/div>\n\t\t\t\t<div class=\"elementor-element elementor-element-45eebb3e elementor-widget elementor-widget-heading\" data-id=\"45eebb3e\" data-element_type=\"widget\" data-e-type=\"widget\" data-widget_type=\"heading.default\">\n\t\t\t\t<div class=\"elementor-widget-container\">\n\t\t\t\t\t<h2 class=\"elementor-heading-title elementor-size-default\">Nous pensons que oui ... car tu devrais \u00eatre syndicaliste !<\/h2>\t\t\t\t<\/div>\n\t\t\t\t<\/div>\n\t\t\t\t<div class=\"elementor-element elementor-element-7c10e58 elementor-mobile-align-center elementor-widget elementor-widget-button\" data-id=\"7c10e58\" data-element_type=\"widget\" data-e-type=\"widget\" data-widget_type=\"button.default\">\n\t\t\t\t<div class=\"elementor-widget-container\">\n\t\t\t\t\t\t\t\t\t<div class=\"elementor-button-wrapper\">\n\t\t\t\t\t<a class=\"elementor-button elementor-button-link elementor-size-md\" href=\"http:\/\/cftc-sicsti.fr\/sgs\/?page_id=59\">\n\t\t\t\t\t\t<span class=\"elementor-button-content-wrapper\">\n\t\t\t\t\t\t<span class=\"elementor-button-icon\">\n\t\t\t\t<i aria-hidden=\"true\" class=\"fas fa-arrow-right\"><\/i>\t\t\t<\/span>\n\t\t\t\t\t\t\t\t\t<span class=\"elementor-button-text\">Nous contacter<\/span>\n\t\t\t\t\t<\/span>\n\t\t\t\t\t<\/a>\n\t\t\t\t<\/div>\n\t\t\t\t\t\t\t\t<\/div>\n\t\t\t\t<\/div>\n\t\t\t\t\t<\/div>\n\t\t<\/div>\n\t\t\t\t<div class=\"elementor-column elementor-col-50 elementor-top-column elementor-element elementor-element-52e127f3\" data-id=\"52e127f3\" data-element_type=\"column\" data-e-type=\"column\">\n\t\t\t<div class=\"elementor-widget-wrap elementor-element-populated\">\n\t\t\t\t\t\t<div class=\"elementor-element elementor-element-208c57b3 elementor-widget elementor-widget-image\" data-id=\"208c57b3\" data-element_type=\"widget\" data-e-type=\"widget\" data-settings=\"{&quot;motion_fx_motion_fx_scrolling&quot;:&quot;yes&quot;,&quot;motion_fx_translateY_effect&quot;:&quot;yes&quot;,&quot;motion_fx_translateY_direction&quot;:&quot;negative&quot;,&quot;motion_fx_translateY_speed&quot;:{&quot;unit&quot;:&quot;px&quot;,&quot;size&quot;:&quot;1&quot;,&quot;sizes&quot;:[]},&quot;motion_fx_devices&quot;:[&quot;desktop&quot;,&quot;tablet&quot;],&quot;motion_fx_translateY_affectedRange&quot;:{&quot;unit&quot;:&quot;%&quot;,&quot;size&quot;:&quot;&quot;,&quot;sizes&quot;:{&quot;start&quot;:&quot;0&quot;,&quot;end&quot;:&quot;50&quot;}}}\" data-widget_type=\"image.default\">\n\t\t\t\t<div class=\"elementor-widget-container\">\n\t\t\t\t\t\t\t\t\t\t\t\t\t\t\t<img loading=\"lazy\" decoding=\"async\" width=\"1200\" height=\"1600\" src=\"https:\/\/cftc-sicsti.fr\/sgs\/wp-content\/uploads\/sites\/140\/2021\/01\/img-20191106-wa00001.jpg\" class=\"attachment-full size-full wp-image-1269\" alt=\"\" \/>\t\t\t\t\t\t\t\t\t\t\t\t\t\t\t<\/div>\n\t\t\t\t<\/div>\n\t\t\t\t\t<\/div>\n\t\t<\/div>\n\t\t\t\t\t<\/div>\n\t\t<\/section>\n\t\t\t\t<\/div>\n\t\t","protected":false},"excerpt":{"rendered":"<p>Envie de progresser avec nous en apportant ta propre exp\u00e9rience ? Nous pensons que oui &#8230; car tu devrais \u00eatre syndicaliste ! Nous contacter<\/p>\n","protected":false},"author":1,"featured_media":0,"parent":0,"menu_order":0,"comment_status":"closed","ping_status":"closed","template":"","meta":{"footnotes":""},"class_list":["post-1123","page","type-page","status-publish","hentry"],"_links":{"self":[{"href":"https:\/\/cftc-sicsti.fr\/sgs\/wp-json\/wp\/v2\/pages\/1123","targetHints":{"allow":["GET"]}}],"collection":[{"href":"https:\/\/cftc-sicsti.fr\/sgs\/wp-json\/wp\/v2\/pages"}],"about":[{"href":"https:\/\/cftc-sicsti.fr\/sgs\/wp-json\/wp\/v2\/types\/page"}],"author":[{"embeddable":true,"href":"https:\/\/cftc-sicsti.fr\/sgs\/wp-json\/wp\/v2\/users\/1"}],"replies":[{"embeddable":true,"href":"https:\/\/cftc-sicsti.fr\/sgs\/wp-json\/wp\/v2\/comments?post=1123"}],"version-history":[{"count":0,"href":"https:\/\/cftc-sicsti.fr\/sgs\/wp-json\/wp\/v2\/pages\/1123\/revisions"}],"wp:attachment":[{"href":"https:\/\/cftc-sicsti.fr\/sgs\/wp-json\/wp\/v2\/media?parent=1123"}],"curies":[{"name":"wp","href":"https:\/\/api.w.org\/{rel}","templated":true}]}}