{"id":1123,"date":"2021-01-01T23:53:36","date_gmt":"2021-01-01T22:53:36","guid":{"rendered":"http:\/\/cftc-sicsti.fr\/capgemini\/?page_id=1123"},"modified":"2025-01-17T13:53:38","modified_gmt":"2025-01-17T12:53:38","slug":"_actualites","status":"publish","type":"page","link":"https:\/\/cftc-sicsti.fr\/capgemini\/","title":{"rendered":"_Actualit\u00e9s"},"content":{"rendered":"\t\t<div data-elementor-type=\"wp-page\" data-elementor-id=\"1123\" class=\"elementor elementor-1123\" data-elementor-post-type=\"page\">\n\t\t\t\t\t\t<section class=\"elementor-section elementor-top-section elementor-element elementor-element-6ba2a6d0 elementor-section-boxed elementor-section-height-default elementor-section-height-default\" data-id=\"6ba2a6d0\" data-element_type=\"section\" data-e-type=\"section\" data-settings=\"{&quot;background_background&quot;:&quot;classic&quot;}\">\n\t\t\t\t\t\t\t<div class=\"elementor-background-overlay\"><\/div>\n\t\t\t\t\t\t\t<div class=\"elementor-container elementor-column-gap-default\">\n\t\t\t\t\t<div class=\"elementor-column elementor-col-100 elementor-top-column elementor-element elementor-element-70bebc1e\" data-id=\"70bebc1e\" data-element_type=\"column\" data-e-type=\"column\">\n\t\t\t<div class=\"elementor-widget-wrap elementor-element-populated\">\n\t\t\t\t\t\t<div class=\"elementor-element elementor-element-3f5a1e9a elementor-grid-3 elementor-grid-tablet-2 elementor-grid-mobile-1 elementor-posts--thumbnail-top elementor-widget elementor-widget-posts\" data-id=\"3f5a1e9a\" data-element_type=\"widget\" data-e-type=\"widget\" data-settings=\"{&quot;classic_masonry&quot;:&quot;yes&quot;,&quot;pagination_type&quot;:&quot;numbers_and_prev_next&quot;,&quot;classic_columns&quot;:&quot;3&quot;,&quot;classic_columns_tablet&quot;:&quot;2&quot;,&quot;classic_columns_mobile&quot;:&quot;1&quot;,&quot;classic_row_gap&quot;:{&quot;unit&quot;:&quot;px&quot;,&quot;size&quot;:35,&quot;sizes&quot;:[]},&quot;classic_row_gap_tablet&quot;:{&quot;unit&quot;:&quot;px&quot;,&quot;size&quot;:&quot;&quot;,&quot;sizes&quot;:[]},&quot;classic_row_gap_mobile&quot;:{&quot;unit&quot;:&quot;px&quot;,&quot;size&quot;:&quot;&quot;,&quot;sizes&quot;:[]}}\" data-widget_type=\"posts.classic\">\n\t\t\t\t<div class=\"elementor-widget-container\">\n\t\t\t\t\t\t\t<div class=\"elementor-posts-container elementor-posts elementor-posts--skin-classic elementor-grid\">\n\t\t\t\t<article class=\"elementor-post elementor-grid-item post-12715 post type-post status-publish format-standard has-post-thumbnail hentry category-accords\">\n\t\t\t\t<a class=\"elementor-post__thumbnail__link\" href=\"https:\/\/cftc-sicsti.fr\/capgemini\/transition-environnementale-la-cftc-signe-un-accord-de-branche-historique\/\" tabindex=\"-1\" >\n\t\t\t<div class=\"elementor-post__thumbnail\"><img fetchpriority=\"high\" decoding=\"async\" width=\"742\" height=\"539\" src=\"https:\/\/cftc-sicsti.fr\/capgemini\/wp-content\/uploads\/sites\/94\/2026\/09\/transition-eco-1.jpg\" class=\"attachment-full size-full wp-image-12723\" alt=\"\" srcset=\"https:\/\/cftc-sicsti.fr\/capgemini\/wp-content\/uploads\/sites\/94\/2026\/09\/transition-eco-1.jpg 742w, https:\/\/cftc-sicsti.fr\/capgemini\/wp-content\/uploads\/sites\/94\/2026\/09\/transition-eco-1-300x218.jpg 300w\" sizes=\"(max-width: 742px) 100vw, 742px\" \/><\/div>\n\t\t<\/a>\n\t\t\t\t<div class=\"elementor-post__text\">\n\t\t\t\t<h1 class=\"elementor-post__title\">\n\t\t\t<a href=\"https:\/\/cftc-sicsti.fr\/capgemini\/transition-environnementale-la-cftc-signe-un-accord-de-branche-historique\/\" >\n\t\t\t\tTransition environnementale : la CFTC signe un accord de Branche historique.\t\t\t<\/a>\n\t\t<\/h1>\n\t\t\t\t<div class=\"elementor-post__meta-data\">\n\t\t\t\t\t<span class=\"elementor-post-date\">\n\t\t\t2 septembre 2026\t\t<\/span>\n\t\t\t\t<\/div>\n\t\t\t\t<div class=\"elementor-post__excerpt\">\n\t\t\t<p>Le 9 juillet 2026, les partenaires sociaux de la Branche BETIC (IDCC 1486) ont sign\u00e9 un accord majeur sur la transition environnementale. Port\u00e9 par la CFTC, cet accord fixe un cadre concret pour permettre aux<\/p>\n\t\t<\/div>\n\t\t\t\t<\/div>\n\t\t\t\t<\/article>\n\t\t\t\t<article class=\"elementor-post elementor-grid-item post-12700 post type-post status-publish format-standard has-post-thumbnail hentry category-logement\">\n\t\t\t\t<a class=\"elementor-post__thumbnail__link\" href=\"https:\/\/cftc-sicsti.fr\/capgemini\/action-logement-les-prochains-webinaires-de-septembre\/\" tabindex=\"-1\" >\n\t\t\t<div class=\"elementor-post__thumbnail\"><img decoding=\"async\" width=\"543\" height=\"460\" src=\"https:\/\/cftc-sicsti.fr\/capgemini\/wp-content\/uploads\/sites\/94\/2025\/11\/action-logement-CFTC_V2-1.jpg\" class=\"attachment-full size-full wp-image-11328\" alt=\"\" srcset=\"https:\/\/cftc-sicsti.fr\/capgemini\/wp-content\/uploads\/sites\/94\/2025\/11\/action-logement-CFTC_V2-1.jpg 543w, https:\/\/cftc-sicsti.fr\/capgemini\/wp-content\/uploads\/sites\/94\/2025\/11\/action-logement-CFTC_V2-1-300x254.jpg 300w\" sizes=\"(max-width: 543px) 100vw, 543px\" \/><\/div>\n\t\t<\/a>\n\t\t\t\t<div class=\"elementor-post__text\">\n\t\t\t\t<h1 class=\"elementor-post__title\">\n\t\t\t<a href=\"https:\/\/cftc-sicsti.fr\/capgemini\/action-logement-les-prochains-webinaires-de-septembre\/\" >\n\t\t\t\tAction logement : les prochains webinaires de septembre\t\t\t<\/a>\n\t\t<\/h1>\n\t\t\t\t<div class=\"elementor-post__meta-data\">\n\t\t\t\t\t<span class=\"elementor-post-date\">\n\t\t\t1 septembre 2026\t\t<\/span>\n\t\t\t\t<\/div>\n\t\t\t\t<div class=\"elementor-post__excerpt\">\n\t\t\t<p>Tous les salari\u00e9s de Capgemini peuvent acc\u00e9der \u00e0 diff\u00e9rents webinaires du partenaire ACTION LOGEMENT. Les prochains webinaires : Pour les salari\u00e9s Appli et ER&amp;D : Jeudi 17 septembre \u00e0 17h00 \u00a0sur le th\u00e8me : Transmission<\/p>\n\t\t<\/div>\n\t\t\t\t<\/div>\n\t\t\t\t<\/article>\n\t\t\t\t<article class=\"elementor-post elementor-grid-item post-12705 post type-post status-publish format-standard has-post-thumbnail hentry category-information\">\n\t\t\t\t<a class=\"elementor-post__thumbnail__link\" href=\"https:\/\/cftc-sicsti.fr\/capgemini\/bonne-rentree-a-tous\/\" tabindex=\"-1\" >\n\t\t\t<div class=\"elementor-post__thumbnail\"><img decoding=\"async\" width=\"558\" height=\"558\" src=\"https:\/\/cftc-sicsti.fr\/capgemini\/wp-content\/uploads\/sites\/94\/2026\/09\/image-18-1.png\" class=\"attachment-full size-full wp-image-12711\" alt=\"\" srcset=\"https:\/\/cftc-sicsti.fr\/capgemini\/wp-content\/uploads\/sites\/94\/2026\/09\/image-18-1.png 558w, https:\/\/cftc-sicsti.fr\/capgemini\/wp-content\/uploads\/sites\/94\/2026\/09\/image-18-1-300x300.png 300w, https:\/\/cftc-sicsti.fr\/capgemini\/wp-content\/uploads\/sites\/94\/2026\/09\/image-18-1-150x150.png 150w\" sizes=\"(max-width: 558px) 100vw, 558px\" \/><\/div>\n\t\t<\/a>\n\t\t\t\t<div class=\"elementor-post__text\">\n\t\t\t\t<h1 class=\"elementor-post__title\">\n\t\t\t<a href=\"https:\/\/cftc-sicsti.fr\/capgemini\/bonne-rentree-a-tous\/\" >\n\t\t\t\tBONNE RENTREE A TOUS\t\t\t<\/a>\n\t\t<\/h1>\n\t\t\t\t<div class=\"elementor-post__meta-data\">\n\t\t\t\t\t<span class=\"elementor-post-date\">\n\t\t\t1 septembre 2026\t\t<\/span>\n\t\t\t\t<\/div>\n\t\t\t\t<div class=\"elementor-post__excerpt\">\n\t\t\t<p>Cette rentr\u00e9e, choisissez votre raison. Rejoignez-nous! Adh\u00e9rez \u00e0 la CFTC !<\/p>\n\t\t<\/div>\n\t\t\t\t<\/div>\n\t\t\t\t<\/article>\n\t\t\t\t<article class=\"elementor-post elementor-grid-item post-12663 post type-post status-publish format-standard has-post-thumbnail hentry category-cofop\">\n\t\t\t\t<a class=\"elementor-post__thumbnail__link\" href=\"https:\/\/cftc-sicsti.fr\/capgemini\/point-cofop-septembre-2026-places-disponibles-inscrivez-vous\/\" tabindex=\"-1\" >\n\t\t\t<div class=\"elementor-post__thumbnail\"><img loading=\"lazy\" decoding=\"async\" width=\"1306\" height=\"875\" src=\"https:\/\/cftc-sicsti.fr\/capgemini\/wp-content\/uploads\/sites\/94\/2025\/07\/COFOP.png\" class=\"attachment-full size-full wp-image-10730\" alt=\"\" srcset=\"https:\/\/cftc-sicsti.fr\/capgemini\/wp-content\/uploads\/sites\/94\/2025\/07\/COFOP.png 1306w, https:\/\/cftc-sicsti.fr\/capgemini\/wp-content\/uploads\/sites\/94\/2025\/07\/COFOP-300x201.png 300w, https:\/\/cftc-sicsti.fr\/capgemini\/wp-content\/uploads\/sites\/94\/2025\/07\/COFOP-1024x686.png 1024w, https:\/\/cftc-sicsti.fr\/capgemini\/wp-content\/uploads\/sites\/94\/2025\/07\/COFOP-768x515.png 768w\" sizes=\"(max-width: 1306px) 100vw, 1306px\" \/><\/div>\n\t\t<\/a>\n\t\t\t\t<div class=\"elementor-post__text\">\n\t\t\t\t<h1 class=\"elementor-post__title\">\n\t\t\t<a href=\"https:\/\/cftc-sicsti.fr\/capgemini\/point-cofop-septembre-2026-places-disponibles-inscrivez-vous\/\" >\n\t\t\t\tPoint CoFoP septembre 2026 &#8211; places disponibles &#8211; inscrivez vous !\t\t\t<\/a>\n\t\t<\/h1>\n\t\t\t\t<div class=\"elementor-post__meta-data\">\n\t\t\t\t\t<span class=\"elementor-post-date\">\n\t\t\t1 septembre 2026\t\t<\/span>\n\t\t\t\t<\/div>\n\t\t\t\t<div class=\"elementor-post__excerpt\">\n\t\t\t<p>La CoFoP est un dispositif de formations \u00e0 l&rsquo;initiative des salari\u00e9s dans le cadre de l&rsquo;entreprise et pour la plupart prises en charge par l&rsquo;entreprise. Si vous n\u2019avez pas encore fait de demande CoFoP (Commission<\/p>\n\t\t<\/div>\n\t\t\t\t<\/div>\n\t\t\t\t<\/article>\n\t\t\t\t<article class=\"elementor-post elementor-grid-item post-12617 post type-post status-publish format-standard has-post-thumbnail hentry category-business\">\n\t\t\t\t<a class=\"elementor-post__thumbnail__link\" href=\"https:\/\/cftc-sicsti.fr\/capgemini\/analyse-des-tendances-pour-le-mois-de-juin-2026\/\" tabindex=\"-1\" >\n\t\t\t<div class=\"elementor-post__thumbnail\"><img loading=\"lazy\" decoding=\"async\" width=\"2560\" height=\"1170\" src=\"https:\/\/cftc-sicsti.fr\/capgemini\/wp-content\/uploads\/sites\/94\/2025\/07\/Donnees-eco-scaled.png\" class=\"attachment-full size-full wp-image-10714\" alt=\"\" srcset=\"https:\/\/cftc-sicsti.fr\/capgemini\/wp-content\/uploads\/sites\/94\/2025\/07\/Donnees-eco-scaled.png 2560w, https:\/\/cftc-sicsti.fr\/capgemini\/wp-content\/uploads\/sites\/94\/2025\/07\/Donnees-eco-300x137.png 300w, https:\/\/cftc-sicsti.fr\/capgemini\/wp-content\/uploads\/sites\/94\/2025\/07\/Donnees-eco-1024x468.png 1024w, https:\/\/cftc-sicsti.fr\/capgemini\/wp-content\/uploads\/sites\/94\/2025\/07\/Donnees-eco-768x351.png 768w, https:\/\/cftc-sicsti.fr\/capgemini\/wp-content\/uploads\/sites\/94\/2025\/07\/Donnees-eco-1536x702.png 1536w, https:\/\/cftc-sicsti.fr\/capgemini\/wp-content\/uploads\/sites\/94\/2025\/07\/Donnees-eco-2048x936.png 2048w, https:\/\/cftc-sicsti.fr\/capgemini\/wp-content\/uploads\/sites\/94\/2025\/07\/Donnees-eco-1320x603.png 1320w\" sizes=\"(max-width: 2560px) 100vw, 2560px\" \/><\/div>\n\t\t<\/a>\n\t\t\t\t<div class=\"elementor-post__text\">\n\t\t\t\t<h1 class=\"elementor-post__title\">\n\t\t\t<a href=\"https:\/\/cftc-sicsti.fr\/capgemini\/analyse-des-tendances-pour-le-mois-de-juin-2026\/\" >\n\t\t\t\tAnalyse des tendances pour le mois de juin 2026\t\t\t<\/a>\n\t\t<\/h1>\n\t\t\t\t<div class=\"elementor-post__meta-data\">\n\t\t\t\t\t<span class=\"elementor-post-date\">\n\t\t\t24 ao\u00fbt 2026\t\t<\/span>\n\t\t\t\t<\/div>\n\t\t\t\t<div class=\"elementor-post__excerpt\">\n\t\t\t<p>Juin apporte quelques nouvelles rassurantes, peut-\u00eatre enfin le signe d&rsquo;une l\u00e9g\u00e8re am\u00e9lioration de l&rsquo;activit\u00e9 qui sera \u00e0 confirmer \u00e0 la rentr\u00e9e. Encore faut-il que cette am\u00e9lioration ne se fasse pas au d\u00e9triment de la rentabilit\u00e9,<\/p>\n\t\t<\/div>\n\t\t\t\t<\/div>\n\t\t\t\t<\/article>\n\t\t\t\t<article class=\"elementor-post elementor-grid-item post-12624 post type-post status-publish format-standard has-post-thumbnail hentry category-avantages\">\n\t\t\t\t<a class=\"elementor-post__thumbnail__link\" href=\"https:\/\/cftc-sicsti.fr\/capgemini\/cse-appli-cheques-vacances-une-declaration-cftc-entendue-mais-un-projet-adopte\/\" tabindex=\"-1\" >\n\t\t\t<div class=\"elementor-post__thumbnail\"><img loading=\"lazy\" decoding=\"async\" width=\"2560\" height=\"1694\" src=\"https:\/\/cftc-sicsti.fr\/capgemini\/wp-content\/uploads\/sites\/94\/2026\/08\/ANCV-scaled.jpeg\" class=\"attachment-full size-full wp-image-12669\" alt=\"\" srcset=\"https:\/\/cftc-sicsti.fr\/capgemini\/wp-content\/uploads\/sites\/94\/2026\/08\/ANCV-scaled.jpeg 2560w, https:\/\/cftc-sicsti.fr\/capgemini\/wp-content\/uploads\/sites\/94\/2026\/08\/ANCV-300x199.jpeg 300w, https:\/\/cftc-sicsti.fr\/capgemini\/wp-content\/uploads\/sites\/94\/2026\/08\/ANCV-1024x678.jpeg 1024w, https:\/\/cftc-sicsti.fr\/capgemini\/wp-content\/uploads\/sites\/94\/2026\/08\/ANCV-768x508.jpeg 768w, https:\/\/cftc-sicsti.fr\/capgemini\/wp-content\/uploads\/sites\/94\/2026\/08\/ANCV-1536x1016.jpeg 1536w, https:\/\/cftc-sicsti.fr\/capgemini\/wp-content\/uploads\/sites\/94\/2026\/08\/ANCV-2048x1355.jpeg 2048w, https:\/\/cftc-sicsti.fr\/capgemini\/wp-content\/uploads\/sites\/94\/2026\/08\/ANCV-1320x873.jpeg 1320w\" sizes=\"(max-width: 2560px) 100vw, 2560px\" \/><\/div>\n\t\t<\/a>\n\t\t\t\t<div class=\"elementor-post__text\">\n\t\t\t\t<h1 class=\"elementor-post__title\">\n\t\t\t<a href=\"https:\/\/cftc-sicsti.fr\/capgemini\/cse-appli-cheques-vacances-une-declaration-cftc-entendue-mais-un-projet-adopte\/\" >\n\t\t\t\tCSE Appli &#8211; Ch\u00e8ques-Vacances : une d\u00e9claration CFTC entendue, mais un projet adopt\u00e9\t\t\t<\/a>\n\t\t<\/h1>\n\t\t\t\t<div class=\"elementor-post__meta-data\">\n\t\t\t\t\t<span class=\"elementor-post-date\">\n\t\t\t21 ao\u00fbt 2026\t\t<\/span>\n\t\t\t\t<\/div>\n\t\t\t\t<div class=\"elementor-post__excerpt\">\n\t\t\t<p>Lors d&rsquo;une r\u00e9union du CSE Appli, la CFTC n&rsquo;\u00e9tait pas oppos\u00e9e au principe des ch\u00e8ques-vacances, mais a exprim\u00e9 plusieurs r\u00e9serves sur la proposition d&rsquo;ouvrir une seconde campagne en septembre 2026. [Pour lire la d\u00e9claration CFTC,<\/p>\n\t\t<\/div>\n\t\t\t\t<\/div>\n\t\t\t\t<\/article>\n\t\t\t\t<article class=\"elementor-post elementor-grid-item post-12634 post type-post status-publish format-standard has-post-thumbnail hentry category-cse\">\n\t\t\t\t<a class=\"elementor-post__thumbnail__link\" href=\"https:\/\/cftc-sicsti.fr\/capgemini\/cse-appli-voyages-et-escapades-la-cftc-defend-lequite-avant-tout\/\" tabindex=\"-1\" >\n\t\t\t<div class=\"elementor-post__thumbnail\"><img loading=\"lazy\" decoding=\"async\" width=\"1536\" height=\"1024\" src=\"https:\/\/cftc-sicsti.fr\/capgemini\/wp-content\/uploads\/sites\/94\/2026\/08\/IMG_5225.jpg\" class=\"attachment-full size-full wp-image-12675\" alt=\"\" srcset=\"https:\/\/cftc-sicsti.fr\/capgemini\/wp-content\/uploads\/sites\/94\/2026\/08\/IMG_5225.jpg 1536w, https:\/\/cftc-sicsti.fr\/capgemini\/wp-content\/uploads\/sites\/94\/2026\/08\/IMG_5225-300x200.jpg 300w, https:\/\/cftc-sicsti.fr\/capgemini\/wp-content\/uploads\/sites\/94\/2026\/08\/IMG_5225-1024x683.jpg 1024w, https:\/\/cftc-sicsti.fr\/capgemini\/wp-content\/uploads\/sites\/94\/2026\/08\/IMG_5225-768x512.jpg 768w, https:\/\/cftc-sicsti.fr\/capgemini\/wp-content\/uploads\/sites\/94\/2026\/08\/IMG_5225-1320x880.jpg 1320w\" sizes=\"(max-width: 1536px) 100vw, 1536px\" \/><\/div>\n\t\t<\/a>\n\t\t\t\t<div class=\"elementor-post__text\">\n\t\t\t\t<h1 class=\"elementor-post__title\">\n\t\t\t<a href=\"https:\/\/cftc-sicsti.fr\/capgemini\/cse-appli-voyages-et-escapades-la-cftc-defend-lequite-avant-tout\/\" >\n\t\t\t\tCSE Appli &#8211; Voyages et Escapades : la CFTC d\u00e9fend l&rsquo;\u00e9quit\u00e9 avant tout\t\t\t<\/a>\n\t\t<\/h1>\n\t\t\t\t<div class=\"elementor-post__meta-data\">\n\t\t\t\t\t<span class=\"elementor-post-date\">\n\t\t\t21 ao\u00fbt 2026\t\t<\/span>\n\t\t\t\t<\/div>\n\t\t\t\t<div class=\"elementor-post__excerpt\">\n\t\t\t<p>Lors du dernier CSE Appli de juillet, les \u00e9lus \u00e9taient consult\u00e9s sur une \u00e9volution des r\u00e8gles de subventionnement des offres Voyages et Escapades. Fid\u00e8le \u00e0 ses valeurs et aux positions qu&rsquo;elle d\u00e9fend depuis plusieurs ann\u00e9es,<\/p>\n\t\t<\/div>\n\t\t\t\t<\/div>\n\t\t\t\t<\/article>\n\t\t\t\t<article class=\"elementor-post elementor-grid-item post-12601 post type-post status-publish format-standard has-post-thumbnail hentry category-paec\">\n\t\t\t\t<a class=\"elementor-post__thumbnail__link\" href=\"https:\/\/cftc-sicsti.fr\/capgemini\/paec-commission-de-validation-et-dates-a-connaitre\/\" tabindex=\"-1\" >\n\t\t\t<div class=\"elementor-post__thumbnail\"><img loading=\"lazy\" decoding=\"async\" width=\"731\" height=\"321\" src=\"https:\/\/cftc-sicsti.fr\/capgemini\/wp-content\/uploads\/sites\/94\/2026\/07\/images-1.jpg\" class=\"attachment-full size-full wp-image-12608\" alt=\"\" srcset=\"https:\/\/cftc-sicsti.fr\/capgemini\/wp-content\/uploads\/sites\/94\/2026\/07\/images-1.jpg 731w, https:\/\/cftc-sicsti.fr\/capgemini\/wp-content\/uploads\/sites\/94\/2026\/07\/images-1-300x132.jpg 300w\" sizes=\"(max-width: 731px) 100vw, 731px\" \/><\/div>\n\t\t<\/a>\n\t\t\t\t<div class=\"elementor-post__text\">\n\t\t\t\t<h1 class=\"elementor-post__title\">\n\t\t\t<a href=\"https:\/\/cftc-sicsti.fr\/capgemini\/paec-commission-de-validation-et-dates-a-connaitre\/\" >\n\t\t\t\tPAEC &#8211; Commission de validation et dates \u00e0 conna\u00eetre\t\t\t<\/a>\n\t\t<\/h1>\n\t\t\t\t<div class=\"elementor-post__meta-data\">\n\t\t\t\t\t<span class=\"elementor-post-date\">\n\t\t\t15 juillet 2026\t\t<\/span>\n\t\t\t\t<\/div>\n\t\t\t\t<div class=\"elementor-post__excerpt\">\n\t\t\t<p>Quelques informations pratiques plut\u00f4t que du blabla et des images g\u00e9n\u00e9r\u00e9es par IA ! Les dossiers d\u00e9pos\u00e9s par les salari\u00e9s sur la plateforme Alixio avant le 15 juillet (18H) seront bien examin\u00e9s en commission paritaire<\/p>\n\t\t<\/div>\n\t\t\t\t<\/div>\n\t\t\t\t<\/article>\n\t\t\t\t<article class=\"elementor-post elementor-grid-item post-12567 post type-post status-publish format-standard has-post-thumbnail hentry category-conges\">\n\t\t\t\t<a class=\"elementor-post__thumbnail__link\" href=\"https:\/\/cftc-sicsti.fr\/capgemini\/profitez-de-lete-nous-restons-sur-le-terrain\/\" tabindex=\"-1\" >\n\t\t\t<div class=\"elementor-post__thumbnail\"><img loading=\"lazy\" decoding=\"async\" width=\"1536\" height=\"1024\" src=\"https:\/\/cftc-sicsti.fr\/capgemini\/wp-content\/uploads\/sites\/94\/2026\/07\/Designer-21.png\" class=\"attachment-full size-full wp-image-12612\" alt=\"\" srcset=\"https:\/\/cftc-sicsti.fr\/capgemini\/wp-content\/uploads\/sites\/94\/2026\/07\/Designer-21.png 1536w, https:\/\/cftc-sicsti.fr\/capgemini\/wp-content\/uploads\/sites\/94\/2026\/07\/Designer-21-300x200.png 300w, https:\/\/cftc-sicsti.fr\/capgemini\/wp-content\/uploads\/sites\/94\/2026\/07\/Designer-21-1024x683.png 1024w, https:\/\/cftc-sicsti.fr\/capgemini\/wp-content\/uploads\/sites\/94\/2026\/07\/Designer-21-768x512.png 768w, https:\/\/cftc-sicsti.fr\/capgemini\/wp-content\/uploads\/sites\/94\/2026\/07\/Designer-21-1320x880.png 1320w\" sizes=\"(max-width: 1536px) 100vw, 1536px\" \/><\/div>\n\t\t<\/a>\n\t\t\t\t<div class=\"elementor-post__text\">\n\t\t\t\t<h1 class=\"elementor-post__title\">\n\t\t\t<a href=\"https:\/\/cftc-sicsti.fr\/capgemini\/profitez-de-lete-nous-restons-sur-le-terrain\/\" >\n\t\t\t\tProfitez de l&rsquo;\u00e9t\u00e9, nous restons sur le terrain !\t\t\t<\/a>\n\t\t<\/h1>\n\t\t\t\t<div class=\"elementor-post__meta-data\">\n\t\t\t\t\t<span class=\"elementor-post-date\">\n\t\t\t6 juillet 2026\t\t<\/span>\n\t\t\t\t<\/div>\n\t\t\t\t<div class=\"elementor-post__excerpt\">\n\t\t\t<p>&nbsp; \ud83c\udf1e Bel \u00e9t\u00e9 \u00e0 toutes et \u00e0 tous ! L&rsquo;heure est venue de d\u00e9connecter, de profiter de vos proches, du soleil et de recharger les batteries. \ud83c\udfd6\ufe0f\ud83c\udf79\ud83c\udf34 Que vous soyez en stage, en alternance<\/p>\n\t\t<\/div>\n\t\t\t\t<\/div>\n\t\t\t\t<\/article>\n\t\t\t\t<article class=\"elementor-post elementor-grid-item post-12560 post type-post status-publish format-standard has-post-thumbnail hentry category-business\">\n\t\t\t\t<a class=\"elementor-post__thumbnail__link\" href=\"https:\/\/cftc-sicsti.fr\/capgemini\/analyse-des-tendances-pour-le-mois-de-mai-2026\/\" tabindex=\"-1\" >\n\t\t\t<div class=\"elementor-post__thumbnail\"><img loading=\"lazy\" decoding=\"async\" width=\"2560\" height=\"1170\" src=\"https:\/\/cftc-sicsti.fr\/capgemini\/wp-content\/uploads\/sites\/94\/2025\/07\/Donnees-eco-scaled.png\" class=\"attachment-full size-full wp-image-10714\" alt=\"\" srcset=\"https:\/\/cftc-sicsti.fr\/capgemini\/wp-content\/uploads\/sites\/94\/2025\/07\/Donnees-eco-scaled.png 2560w, https:\/\/cftc-sicsti.fr\/capgemini\/wp-content\/uploads\/sites\/94\/2025\/07\/Donnees-eco-300x137.png 300w, https:\/\/cftc-sicsti.fr\/capgemini\/wp-content\/uploads\/sites\/94\/2025\/07\/Donnees-eco-1024x468.png 1024w, https:\/\/cftc-sicsti.fr\/capgemini\/wp-content\/uploads\/sites\/94\/2025\/07\/Donnees-eco-768x351.png 768w, https:\/\/cftc-sicsti.fr\/capgemini\/wp-content\/uploads\/sites\/94\/2025\/07\/Donnees-eco-1536x702.png 1536w, https:\/\/cftc-sicsti.fr\/capgemini\/wp-content\/uploads\/sites\/94\/2025\/07\/Donnees-eco-2048x936.png 2048w, https:\/\/cftc-sicsti.fr\/capgemini\/wp-content\/uploads\/sites\/94\/2025\/07\/Donnees-eco-1320x603.png 1320w\" sizes=\"(max-width: 2560px) 100vw, 2560px\" \/><\/div>\n\t\t<\/a>\n\t\t\t\t<div class=\"elementor-post__text\">\n\t\t\t\t<h1 class=\"elementor-post__title\">\n\t\t\t<a href=\"https:\/\/cftc-sicsti.fr\/capgemini\/analyse-des-tendances-pour-le-mois-de-mai-2026\/\" >\n\t\t\t\tAnalyse des tendances pour le mois de mai 2026\t\t\t<\/a>\n\t\t<\/h1>\n\t\t\t\t<div class=\"elementor-post__meta-data\">\n\t\t\t\t\t<span class=\"elementor-post-date\">\n\t\t\t5 juillet 2026\t\t<\/span>\n\t\t\t\t<\/div>\n\t\t\t\t<div class=\"elementor-post__excerpt\">\n\t\t\t<p>Aucune \u00e9volution majeure en mai 2026, une activit\u00e9 sans brio et des marges sous pression. Le rebond joue l&rsquo;Arl\u00e9sienne, les cigales continuent \u00e0 chanter mais les fourmis ont de plus de plus de mal pour<\/p>\n\t\t<\/div>\n\t\t\t\t<\/div>\n\t\t\t\t<\/article>\n\t\t\t\t<article class=\"elementor-post elementor-grid-item post-12564 post type-post status-publish format-standard has-post-thumbnail hentry category-interessement\">\n\t\t\t\t<a class=\"elementor-post__thumbnail__link\" href=\"https:\/\/cftc-sicsti.fr\/capgemini\/la-cftc-signe-lavenant-accord-interessement-2026\/\" tabindex=\"-1\" >\n\t\t\t<div class=\"elementor-post__thumbnail\"><img loading=\"lazy\" decoding=\"async\" width=\"1017\" height=\"943\" src=\"https:\/\/cftc-sicsti.fr\/capgemini\/wp-content\/uploads\/sites\/94\/2026\/07\/scratgemini.jpg\" class=\"attachment-full size-full wp-image-12590\" alt=\"\" srcset=\"https:\/\/cftc-sicsti.fr\/capgemini\/wp-content\/uploads\/sites\/94\/2026\/07\/scratgemini.jpg 1017w, https:\/\/cftc-sicsti.fr\/capgemini\/wp-content\/uploads\/sites\/94\/2026\/07\/scratgemini-300x278.jpg 300w, https:\/\/cftc-sicsti.fr\/capgemini\/wp-content\/uploads\/sites\/94\/2026\/07\/scratgemini-768x712.jpg 768w\" sizes=\"(max-width: 1017px) 100vw, 1017px\" \/><\/div>\n\t\t<\/a>\n\t\t\t\t<div class=\"elementor-post__text\">\n\t\t\t\t<h1 class=\"elementor-post__title\">\n\t\t\t<a href=\"https:\/\/cftc-sicsti.fr\/capgemini\/la-cftc-signe-lavenant-accord-interessement-2026\/\" >\n\t\t\t\tLa CFTC signe l&rsquo;avenant accord Int\u00e9ressement 2026\t\t\t<\/a>\n\t\t<\/h1>\n\t\t\t\t<div class=\"elementor-post__meta-data\">\n\t\t\t\t\t<span class=\"elementor-post-date\">\n\t\t\t5 juillet 2026\t\t<\/span>\n\t\t\t\t<\/div>\n\t\t\t\t<div class=\"elementor-post__excerpt\">\n\t\t\t<p>La CFTC (ainsi que la CFDT, FO et Lien-UNSA) a sign\u00e9 l&rsquo;avenant \u00e0 l&rsquo;accord d&rsquo;int\u00e9ressement 2026, afin de maximiser la probabilit\u00e9 de d\u00e9clencher une enveloppe pour 2026. Sans cet avenant, on vous assurait d&rsquo;obtenir 0,<\/p>\n\t\t<\/div>\n\t\t\t\t<\/div>\n\t\t\t\t<\/article>\n\t\t\t\t<article class=\"elementor-post elementor-grid-item post-12550 post type-post status-publish format-standard has-post-thumbnail hentry category-cofop\">\n\t\t\t\t<a class=\"elementor-post__thumbnail__link\" href=\"https:\/\/cftc-sicsti.fr\/capgemini\/point-cofop-juin-2026-places-disponibles-inscrivez-vous-2-2\/\" tabindex=\"-1\" >\n\t\t\t<div class=\"elementor-post__thumbnail\"><img loading=\"lazy\" decoding=\"async\" width=\"1306\" height=\"875\" src=\"https:\/\/cftc-sicsti.fr\/capgemini\/wp-content\/uploads\/sites\/94\/2025\/07\/COFOP.png\" class=\"attachment-full size-full wp-image-10730\" alt=\"\" srcset=\"https:\/\/cftc-sicsti.fr\/capgemini\/wp-content\/uploads\/sites\/94\/2025\/07\/COFOP.png 1306w, https:\/\/cftc-sicsti.fr\/capgemini\/wp-content\/uploads\/sites\/94\/2025\/07\/COFOP-300x201.png 300w, https:\/\/cftc-sicsti.fr\/capgemini\/wp-content\/uploads\/sites\/94\/2025\/07\/COFOP-1024x686.png 1024w, https:\/\/cftc-sicsti.fr\/capgemini\/wp-content\/uploads\/sites\/94\/2025\/07\/COFOP-768x515.png 768w\" sizes=\"(max-width: 1306px) 100vw, 1306px\" \/><\/div>\n\t\t<\/a>\n\t\t\t\t<div class=\"elementor-post__text\">\n\t\t\t\t<h1 class=\"elementor-post__title\">\n\t\t\t<a href=\"https:\/\/cftc-sicsti.fr\/capgemini\/point-cofop-juin-2026-places-disponibles-inscrivez-vous-2-2\/\" >\n\t\t\t\tPoint CoFoP Juin 2026 &#8211; places disponibles &#8211; inscrivez vous !\t\t\t<\/a>\n\t\t<\/h1>\n\t\t\t\t<div class=\"elementor-post__meta-data\">\n\t\t\t\t\t<span class=\"elementor-post-date\">\n\t\t\t4 juillet 2026\t\t<\/span>\n\t\t\t\t<\/div>\n\t\t\t\t<div class=\"elementor-post__excerpt\">\n\t\t\t<p>La CoFoP est un dispositif de formations \u00e0 l&rsquo;initiative des salari\u00e9s dans le cadre de l&rsquo;entreprise et pour la plupart prises en charge par l&rsquo;entreprise. Si vous n\u2019avez pas encore fait de demande CoFoP (Commission<\/p>\n\t\t<\/div>\n\t\t\t\t<\/div>\n\t\t\t\t<\/article>\n\t\t\t\t<\/div>\n\t\t\n\t\t\t\t<div class=\"e-load-more-anchor\" data-page=\"1\" data-max-page=\"35\" data-next-page=\"https:\/\/cftc-sicsti.fr\/capgemini\/wp-json\/wp\/v2\/pages\/1123\/page\/2\/\"><\/div>\n\t\t\t\t<nav class=\"elementor-pagination\" aria-label=\"Pagination\">\n\t\t\t<span class=\"page-numbers prev\">&laquo; Pr\u00e9c\u00e9dent<\/span>\n<span aria-current=\"page\" class=\"page-numbers current\"><span class=\"elementor-screen-only\">Page<\/span>1<\/span>\n<a class=\"page-numbers\" href=\"https:\/\/cftc-sicsti.fr\/capgemini\/wp-json\/wp\/v2\/pages\/1123\/page\/2\/\"><span class=\"elementor-screen-only\">Page<\/span>2<\/a>\n<a class=\"page-numbers\" href=\"https:\/\/cftc-sicsti.fr\/capgemini\/wp-json\/wp\/v2\/pages\/1123\/page\/3\/\"><span class=\"elementor-screen-only\">Page<\/span>3<\/a>\n<span class=\"page-numbers dots\">\u2026<\/span>\n<a class=\"page-numbers\" href=\"https:\/\/cftc-sicsti.fr\/capgemini\/wp-json\/wp\/v2\/pages\/1123\/page\/35\/\"><span class=\"elementor-screen-only\">Page<\/span>35<\/a>\n<a class=\"page-numbers next\" href=\"https:\/\/cftc-sicsti.fr\/capgemini\/wp-json\/wp\/v2\/pages\/1123\/page\/2\/\">Suivant&raquo;<\/a>\t\t<\/nav>\n\t\t\t\t\t\t<\/div>\n\t\t\t\t<\/div>\n\t\t\t\t\t<\/div>\n\t\t<\/div>\n\t\t\t\t\t<\/div>\n\t\t<\/section>\n\t\t\t\t<section class=\"elementor-section elementor-top-section elementor-element elementor-element-155a19b8 elementor-section-boxed elementor-section-height-default elementor-section-height-default\" data-id=\"155a19b8\" data-element_type=\"section\" data-e-type=\"section\" data-settings=\"{&quot;background_background&quot;:&quot;gradient&quot;,&quot;shape_divider_top&quot;:&quot;waves&quot;}\">\n\t\t\t\t\t\t\t<div class=\"elementor-background-overlay\"><\/div>\n\t\t\t\t\t\t<div class=\"elementor-shape elementor-shape-top\" aria-hidden=\"true\" data-negative=\"false\">\n\t\t\t<svg xmlns=\"http:\/\/www.w3.org\/2000\/svg\" viewBox=\"0 0 1000 100\" preserveAspectRatio=\"none\">\n\t<path class=\"elementor-shape-fill\" d=\"M421.9,6.5c22.6-2.5,51.5,0.4,75.5,5.3c23.6,4.9,70.9,23.5,100.5,35.7c75.8,32.2,133.7,44.5,192.6,49.7\n\tc23.6,2.1,48.7,3.5,103.4-2.5c54.7-6,106.2-25.6,106.2-25.6V0H0v30.3c0,0,72,32.6,158.4,30.5c39.2-0.7,92.8-6.7,134-22.4\n\tc21.2-8.1,52.2-18.2,79.7-24.2C399.3,7.9,411.6,7.5,421.9,6.5z\"\/>\n<\/svg>\t\t<\/div>\n\t\t\t\t\t<div class=\"elementor-container elementor-column-gap-default\">\n\t\t\t\t\t<div class=\"elementor-column elementor-col-50 elementor-top-column elementor-element elementor-element-7d7b87b7\" data-id=\"7d7b87b7\" data-element_type=\"column\" data-e-type=\"column\">\n\t\t\t<div class=\"elementor-widget-wrap elementor-element-populated\">\n\t\t\t\t\t\t<div class=\"elementor-element elementor-element-403aad18 elementor-widget elementor-widget-heading\" data-id=\"403aad18\" data-element_type=\"widget\" data-e-type=\"widget\" data-widget_type=\"heading.default\">\n\t\t\t\t<div class=\"elementor-widget-container\">\n\t\t\t\t\t<h4 class=\"elementor-heading-title elementor-size-default\">Envie de progresser avec nous en apportant ta propre exp\u00e9rience ?<\/h4>\t\t\t\t<\/div>\n\t\t\t\t<\/div>\n\t\t\t\t<div class=\"elementor-element elementor-element-45eebb3e elementor-widget elementor-widget-heading\" data-id=\"45eebb3e\" data-element_type=\"widget\" data-e-type=\"widget\" data-widget_type=\"heading.default\">\n\t\t\t\t<div class=\"elementor-widget-container\">\n\t\t\t\t\t<h1 class=\"elementor-heading-title elementor-size-default\">Nous pensons que oui, car tu peux devenir syndicaliste ! <\/h1>\t\t\t\t<\/div>\n\t\t\t\t<\/div>\n\t\t\t\t<div class=\"elementor-element elementor-element-7c10e58 elementor-mobile-align-center elementor-widget elementor-widget-button\" data-id=\"7c10e58\" data-element_type=\"widget\" data-e-type=\"widget\" data-widget_type=\"button.default\">\n\t\t\t\t<div class=\"elementor-widget-container\">\n\t\t\t\t\t\t\t\t\t<div class=\"elementor-button-wrapper\">\n\t\t\t\t\t<a class=\"elementor-button elementor-button-link elementor-size-md\" href=\"\/capgemini\/_contacts\">\n\t\t\t\t\t\t<span class=\"elementor-button-content-wrapper\">\n\t\t\t\t\t\t<span class=\"elementor-button-icon\">\n\t\t\t\t<i aria-hidden=\"true\" class=\"fas fa-arrow-right\"><\/i>\t\t\t<\/span>\n\t\t\t\t\t\t\t\t\t<span class=\"elementor-button-text\">Nous contacter<\/span>\n\t\t\t\t\t<\/span>\n\t\t\t\t\t<\/a>\n\t\t\t\t<\/div>\n\t\t\t\t\t\t\t\t<\/div>\n\t\t\t\t<\/div>\n\t\t\t\t\t<\/div>\n\t\t<\/div>\n\t\t\t\t<div class=\"elementor-column elementor-col-50 elementor-top-column elementor-element elementor-element-52e127f3\" data-id=\"52e127f3\" data-element_type=\"column\" data-e-type=\"column\">\n\t\t\t<div class=\"elementor-widget-wrap elementor-element-populated\">\n\t\t\t\t\t\t<div class=\"elementor-element elementor-element-208c57b3 elementor-invisible elementor-widget elementor-widget-image\" data-id=\"208c57b3\" data-element_type=\"widget\" data-e-type=\"widget\" data-settings=\"{&quot;motion_fx_motion_fx_scrolling&quot;:&quot;yes&quot;,&quot;motion_fx_translateY_effect&quot;:&quot;yes&quot;,&quot;motion_fx_translateY_speed&quot;:{&quot;unit&quot;:&quot;px&quot;,&quot;size&quot;:&quot;0&quot;,&quot;sizes&quot;:[]},&quot;motion_fx_devices&quot;:[&quot;desktop&quot;,&quot;tablet&quot;],&quot;motion_fx_translateY_affectedRange&quot;:{&quot;unit&quot;:&quot;%&quot;,&quot;size&quot;:&quot;&quot;,&quot;sizes&quot;:{&quot;start&quot;:&quot;0&quot;,&quot;end&quot;:&quot;50&quot;}},&quot;_animation&quot;:&quot;fadeInLeft&quot;}\" data-widget_type=\"image.default\">\n\t\t\t\t<div class=\"elementor-widget-container\">\n\t\t\t\t\t\t\t\t\t\t\t\t\t\t\t<img loading=\"lazy\" decoding=\"async\" width=\"800\" height=\"566\" src=\"https:\/\/cftc-sicsti.fr\/capgemini\/wp-content\/uploads\/sites\/94\/2024\/01\/Ajouter-des-lignes-dans-le-corps-du-texte1-1024x724.png\" class=\"attachment-large size-large wp-image-7722\" alt=\"\" srcset=\"https:\/\/cftc-sicsti.fr\/capgemini\/wp-content\/uploads\/sites\/94\/2024\/01\/Ajouter-des-lignes-dans-le-corps-du-texte1-1024x724.png 1024w, https:\/\/cftc-sicsti.fr\/capgemini\/wp-content\/uploads\/sites\/94\/2024\/01\/Ajouter-des-lignes-dans-le-corps-du-texte1-300x212.png 300w, https:\/\/cftc-sicsti.fr\/capgemini\/wp-content\/uploads\/sites\/94\/2024\/01\/Ajouter-des-lignes-dans-le-corps-du-texte1-768x543.png 768w, https:\/\/cftc-sicsti.fr\/capgemini\/wp-content\/uploads\/sites\/94\/2024\/01\/Ajouter-des-lignes-dans-le-corps-du-texte1-600x424.png 600w, https:\/\/cftc-sicsti.fr\/capgemini\/wp-content\/uploads\/sites\/94\/2024\/01\/Ajouter-des-lignes-dans-le-corps-du-texte1-1536x1086.png 1536w, https:\/\/cftc-sicsti.fr\/capgemini\/wp-content\/uploads\/sites\/94\/2024\/01\/Ajouter-des-lignes-dans-le-corps-du-texte1.png 2048w\" sizes=\"(max-width: 800px) 100vw, 800px\" \/>\t\t\t\t\t\t\t\t\t\t\t\t\t\t\t<\/div>\n\t\t\t\t<\/div>\n\t\t\t\t\t<\/div>\n\t\t<\/div>\n\t\t\t\t\t<\/div>\n\t\t<\/section>\n\t\t\t\t<\/div>\n\t\t","protected":false},"excerpt":{"rendered":"<p>Envie de progresser avec nous en apportant ta propre exp\u00e9rience ? Nous pensons que oui, car tu peux devenir syndicaliste ! Nous contacter<\/p>\n","protected":false},"author":1,"featured_media":0,"parent":0,"menu_order":0,"comment_status":"closed","ping_status":"closed","template":"","meta":{"footnotes":""},"class_list":["post-1123","page","type-page","status-publish","hentry"],"_links":{"self":[{"href":"https:\/\/cftc-sicsti.fr\/capgemini\/wp-json\/wp\/v2\/pages\/1123","targetHints":{"allow":["GET"]}}],"collection":[{"href":"https:\/\/cftc-sicsti.fr\/capgemini\/wp-json\/wp\/v2\/pages"}],"about":[{"href":"https:\/\/cftc-sicsti.fr\/capgemini\/wp-json\/wp\/v2\/types\/page"}],"author":[{"embeddable":true,"href":"https:\/\/cftc-sicsti.fr\/capgemini\/wp-json\/wp\/v2\/users\/1"}],"replies":[{"embeddable":true,"href":"https:\/\/cftc-sicsti.fr\/capgemini\/wp-json\/wp\/v2\/comments?post=1123"}],"version-history":[{"count":3,"href":"https:\/\/cftc-sicsti.fr\/capgemini\/wp-json\/wp\/v2\/pages\/1123\/revisions"}],"predecessor-version":[{"id":9263,"href":"https:\/\/cftc-sicsti.fr\/capgemini\/wp-json\/wp\/v2\/pages\/1123\/revisions\/9263"}],"wp:attachment":[{"href":"https:\/\/cftc-sicsti.fr\/capgemini\/wp-json\/wp\/v2\/media?parent=1123"}],"curies":[{"name":"wp","href":"https:\/\/api.w.org\/{rel}","templated":true}]}}